{"id":775,"date":"2018-08-10T06:50:38","date_gmt":"2018-08-10T06:50:38","guid":{"rendered":"https:\/\/rubisocial.bcnapps.es\/?page_id=775"},"modified":"2020-02-21T08:47:14","modified_gmt":"2020-02-21T08:47:14","slug":"condiciones-legales","status":"publish","type":"page","link":"https:\/\/rubisocial.bcnapps.es\/es\/condiciones-legales\/","title":{"rendered":"Pol\u00edtica de privacidad"},"content":{"rendered":"<p>EL CEL DE RUBI S.L. y ASSISTENCIAL RUBI S.L. est\u00e1n especialmente sensibilizadas en la protecci\u00f3n de datos de car\u00e1cter personal de los Usuarios de los servicios del sitio Web. Mediante la\u00a0 presente Pol\u00edtica de Privacidad (en adelante, la Pol\u00edtica) tanto EL CEL DE RUBI S.L. como ASSISTENCIAL RUBI S.L. , informan a los USUARIOS de este sitio web, de los usos a los que se someten los datos de car\u00e1cter personal que se recaban en sitio Web, con el fin de que decidan, libre y voluntariamente, si desean facilitar la informaci\u00f3n solicitada.<\/p>\n<p>EL CEL DE RUBI S.L. y ASSISTENCIAL RUBI S.L. se reservan la facultad de modificar esta Pol\u00edtica con el objeto de adaptarla a novedades legislativas, criterios jurisprudenciales, pr\u00e1cticas del\u00a0 lector, o intereses de la entidad. Cualquier modificaci\u00f3n en la misma ser\u00e1 anunciada con la debida antelaci\u00f3n, a fin de que tenga perfecto conocimiento de su contenido.<\/p>\n<p><strong>RESPONSABLE<\/strong><\/p>\n<p>Los Responsables del Tratamiento de los datos de car\u00e1cter personal son:<\/p>\n<p>Identidad: EL CEL DE RUBI S.L. con NIF: B61597514, en adelante ENTIDAD<br \/>\nDirecci\u00f3n: AVDA DE L\u00b4ESTATUT 119 BAJOS, 08191 &#8211; RUBI<br \/>\nE-mail: claudia.maria.garcia@rubisocial.bcnapps.es<\/p>\n<p>Identidad: ASSISTENCIAL RUBI S.L. con NIF: B61609152, en adelante ENTIDAD<br \/>\nDirecci\u00f3n: CTRA. DE RUBI A ULLASTRELL,94-98, 08191 &#8211; RUBI<br \/>\nE-mail: claudia.maria.garcia@rubisocial.bcnapps.es<\/p>\n<p><strong>DELEGADO DE PROTECCION DE DATOS<\/strong><\/p>\n<p>Contacto por email: info@aemol.com<\/p>\n<p><strong>FINALIDAD DEL TRATAMIENTO<\/strong><\/p>\n<p>La recogida y tratamiento de los datos personales recogidos a trav\u00e9s del formulario de contacto, tiene como finalidad la gesti\u00f3n, administraci\u00f3n, prestaci\u00f3n, ampliaci\u00f3n y mejora de los servicios\u00a0 prestados por las entidades EL CEL DE RUBI S.L. y ASSISTENCIAL RUBI S.L., atendiendo a las solicitudes de informaci\u00f3n y\/o consultas planteadas.<\/p>\n<p><strong>PLAZO DE CONSERVACI\u00d3N<\/strong><\/p>\n<p>Los datos personales proporcionados se conservar\u00e1n durante el plazo correspondiente para cumplir con las obligaciones legales, o hasta que se solicite su supresi\u00f3n por el interesado y este est\u00e9\u00a0 legitimado para ello.<\/p>\n<p><strong>LEGITIMACI\u00d3N<\/strong><\/p>\n<p>EL CEL DE RUBI S.L. y ASSISTENCIAL RUBI S.L. est\u00e1n legitimados al tratamiento de datos personales, en base al consentimiento otorgado por el interesado para uno o varios fines espec\u00edficos, tal y como recoge el art\u00edculo 6.1.a) y 6.1.b) del Reglamento General de Protecci\u00f3n de datos personales.<\/p>\n<p><strong>DESTINATARIOS<\/strong><\/p>\n<p>Los datos personales recabados no ser\u00e1n cedidos o comunicados a otros terceros, salvo en los supuestos necesarios para el desarrollo, control y cumplimiento de la\/s finalidad\/es expresada\/s, en\u00a0 los supuestos previstos seg\u00fan Ley, as\u00ed como en los casos espec\u00edficos, de los que se informe expresamente al Usuario.<\/p>\n<p><strong>DERECHOS DE LOS USUARIOS:<\/strong> \u00bfCu\u00e1les son sus derechos cuando nos facilita sus datos?<\/p>\n<ul>\n<li>Acceso: El interesado tiene derecho a saber qu\u00e9 datos est\u00e1 tratando la ENTIDAD sobre \u00e9l.<\/li>\n<li>Rectificaci\u00f3n: El interesado tiene derecho a solicitar la rectificaci\u00f3n de los datos inexactos.<\/li>\n<li>Supresi\u00f3n: El interesado tiene derecho a solicitar la supresi\u00f3n de sus datos cuando, entro otros motivos, los datos no sean necesarios para los fines que fueron recogidos.<\/li>\n<li>Limitaci\u00f3n del tratamiento: En determinadas circunstancias el interesado podr\u00e1 solicitar la limitaci\u00f3n del tratamiento de sus datos, en cuyo caso \u00fanicamente los conservaremos para el\u00a0 ejercicio o la defensa de reclamaciones.<\/li>\n<li>Oposici\u00f3n: En determinadas circunstancias el interesado podr\u00e1 oponerse al tratamiento de sus datos. En ese caso la ENTIDAD dejar\u00e1 de tratar sus datos, salvo por motivos leg\u00edtimos imperiosos o el ejercicio o la defensa de posibles reclamaciones.<\/li>\n<li>Portabilidad de los datos: S\u00f3lo aplicable a datos automatizados y consiste en pasar los datos desde la ENTIDAD a otro nuevo RESPONSABLE DEL TRATAMIENTO (no al interesado y por\u00a0 solicitud del mismo).<\/li>\n<\/ul>\n<p>Puede usted ejercer sus derechos incluido el derecho a retirar su consentimiento (si este fue otorgado) enviando un escrito acompa\u00f1ado de su DNI a EL CEL DE RUBI S.L. en AVDA DE L&#8217; ESTATUT 119 BAJOS, 08191 &#8211; RUBI, o a ASSISTENCIAL RUBI S.L. en CTRA. DE RUBI A ULLASTRELL,94-98, 08191 &#8211; RUBI; o enviando un e-mail a claudia.maria.garcia@rubisocial.bcnapps.es<\/p>\n<p>Adem\u00e1s tiene usted derecho a presentar una reclamaci\u00f3n ante la Autoridad de Control en materia de Protecci\u00f3n de Datos, actualmente la Agencia Espa\u00f1ola de Protecci\u00f3n de Datos.<\/p>\n<p><strong>MEDIDAS DE SEGURIDAD<\/strong><\/p>\n<p>Los Responsables del tratamiento EL CEL DE RUBI S.L. y ASSISTENCIAL RUBI S.L. aplicar\u00e1n medidas t\u00e9cnicas y organizativas apropiadas para garantizar un nivel de seguridad adecuado al riesgo del mismo.<\/p>\n<p><strong>TRANSFERENCIAS INTERNACIONALES<\/strong><\/p>\n<p>No se realizan transferencias internacionales.<\/p>\n<p><strong>PERFILES Y TOMAS DE DECISIONES AUTOMATIZADAS<\/strong><\/p>\n<p>No se elaboran perfiles,\u00a0ni se toman decisiones automatizadas con los datos facilitados por el usuario.<\/p>\n","protected":false},"excerpt":{"rendered":"<p>EL CEL DE RUBI S.L. y ASSISTENCIAL RUBI S.L. est\u00e1n especialmente sensibilizadas en la protecci\u00f3n de datos de car\u00e1cter personal [&hellip;]<\/p>\n","protected":false},"author":1,"featured_media":0,"parent":0,"menu_order":0,"comment_status":"closed","ping_status":"closed","template":"","meta":{"_exactmetrics_skip_tracking":false,"_exactmetrics_sitenote_active":false,"_exactmetrics_sitenote_note":"","_exactmetrics_sitenote_category":0,"footnotes":""},"class_list":["post-775","page","type-page","status-publish","hentry"],"_links":{"self":[{"href":"https:\/\/rubisocial.bcnapps.es\/es\/wp-json\/wp\/v2\/pages\/775","targetHints":{"allow":["GET"]}}],"collection":[{"href":"https:\/\/rubisocial.bcnapps.es\/es\/wp-json\/wp\/v2\/pages"}],"about":[{"href":"https:\/\/rubisocial.bcnapps.es\/es\/wp-json\/wp\/v2\/types\/page"}],"author":[{"embeddable":true,"href":"https:\/\/rubisocial.bcnapps.es\/es\/wp-json\/wp\/v2\/users\/1"}],"replies":[{"embeddable":true,"href":"https:\/\/rubisocial.bcnapps.es\/es\/wp-json\/wp\/v2\/comments?post=775"}],"version-history":[{"count":6,"href":"https:\/\/rubisocial.bcnapps.es\/es\/wp-json\/wp\/v2\/pages\/775\/revisions"}],"predecessor-version":[{"id":1497,"href":"https:\/\/rubisocial.bcnapps.es\/es\/wp-json\/wp\/v2\/pages\/775\/revisions\/1497"}],"wp:attachment":[{"href":"https:\/\/rubisocial.bcnapps.es\/es\/wp-json\/wp\/v2\/media?parent=775"}],"curies":[{"name":"wp","href":"https:\/\/api.w.org\/{rel}","templated":true}]}}