{"id":760,"date":"2018-08-09T17:46:28","date_gmt":"2018-08-09T17:46:28","guid":{"rendered":"https:\/\/rubisocial.bcnapps.es\/?page_id=760"},"modified":"2026-01-08T10:27:57","modified_gmt":"2026-01-08T09:27:57","slug":"contacto","status":"publish","type":"page","link":"https:\/\/rubisocial.bcnapps.es\/es\/contacto\/","title":{"rendered":"Contacto"},"content":{"rendered":"<section class=\"wpb-content-wrapper\"><p>[vc_row row_height_percent=\u00bb0&#8243; override_padding=\u00bbyes\u00bb h_padding=\u00bb2&#8243; top_padding=\u00bb4&#8243; bottom_padding=\u00bb4&#8243; overlay_alpha=\u00bb100&#8243; gutter_size=\u00bb100&#8243; column_width_percent=\u00bb100&#8243; shift_y=\u00bb0&#8243; z_index=\u00bb0&#8243; style=\u00bbinherited\u00bb][vc_column column_width_use_pixel=\u00bbyes\u00bb align_horizontal=\u00bbalign_center\u00bb gutter_size=\u00bb4&#8243; overlay_alpha=\u00bb100&#8243; shift_x=\u00bb0&#8243; shift_y=\u00bb0&#8243; z_index=\u00bb0&#8243; medium_width=\u00bb100&#8243; zoom_width=\u00bb0&#8243; zoom_height=\u00bb0&#8243; width=\u00bb1\/1&#8243; column_width_pixel=\u00bb1000&#8243;][vc_custom_heading text_size=\u00bb\u00bb text_height=\u00bb\u00bb separator=\u00bbyes\u00bb separator_color=\u00bbyes\u00bb sub_lead=\u00bbyes\u00bb text_align=\u00bbtext-center\u00bb subheading=\u00bbDesde dos ubicaciones excepcionales, combinando el estilo urbano y el entorno rural, se sit\u00faan los dos servicios residenciales para personas mayores \u00abEl Cel de Rub\u00ed\u00ab y \u00abConxita Valls\u00ab. Ambos est\u00e1n inscritos en el Registro de Entidades y Servicios Sociales y ofrecen un gran abanico de servicios.\u00bb]Contacta con tu centro[\/vc_custom_heading][\/vc_column][\/vc_row][vc_row unlock_row_content=\u00bbyes\u00bb row_height_percent=\u00bb0&#8243; override_padding=\u00bbyes\u00bb h_padding=\u00bb1&#8243; top_padding=\u00bb1&#8243; bottom_padding=\u00bb1&#8243; overlay_alpha=\u00bb100&#8243; gutter_size=\u00bb100&#8243; column_width_percent=\u00bb100&#8243; shift_y=\u00bb0&#8243; z_index=\u00bb0&#8243; style=\u00bbinherited\u00bb][vc_column column_width_percent=\u00bb100&#8243; align_horizontal=\u00bbalign_center\u00bb gutter_size=\u00bb4&#8243; overlay_alpha=\u00bb100&#8243; shift_x=\u00bb0&#8243; shift_y=\u00bb0&#8243; shift_y_down=\u00bb0&#8243; z_index=\u00bb0&#8243; medium_width=\u00bb100&#8243; mobile_width=\u00bb0&#8243; zoom_width=\u00bb0&#8243; zoom_height=\u00bb0&#8243; width=\u00bb1\/1&#8243;][vc_separator sep_color=\u00bbcolor-gyho\u00bb][\/vc_column][\/vc_row][vc_row row_height_percent=\u00bb0&#8243; override_padding=\u00bbyes\u00bb h_padding=\u00bb2&#8243; top_padding=\u00bb4&#8243; bottom_padding=\u00bb3&#8243; overlay_alpha=\u00bb100&#8243; gutter_size=\u00bb100&#8243; column_width_percent=\u00bb100&#8243; shift_y=\u00bb0&#8243; z_index=\u00bb0&#8243; style=\u00bbinherited\u00bb][vc_column column_width_use_pixel=\u00bbyes\u00bb align_horizontal=\u00bbalign_center\u00bb gutter_size=\u00bb4&#8243; overlay_alpha=\u00bb100&#8243; shift_x=\u00bb0&#8243; shift_y=\u00bb0&#8243; z_index=\u00bb0&#8243; medium_width=\u00bb100&#8243; zoom_width=\u00bb0&#8243; zoom_height=\u00bb0&#8243; width=\u00bb1\/1&#8243; column_width_pixel=\u00bb1000&#8243;][vc_custom_heading text_size=\u00bb\u00bb text_height=\u00bb\u00bb separator=\u00bbyes\u00bb separator_color=\u00bbyes\u00bb sub_lead=\u00bbyes\u00bb text_align=\u00bbtext-center\u00bb]Residencia y centro de d\u00eda \u00abEl cel de Rub\u00ed\u00bb[\/vc_custom_heading][\/vc_column][\/vc_row][vc_row unlock_row_content=\u00bbyes\u00bb row_height_percent=\u00bb55&#8243; override_padding=\u00bbyes\u00bb h_padding=\u00bb0&#8243; top_padding=\u00bb0&#8243; bottom_padding=\u00bb0&#8243; overlay_alpha=\u00bb50&#8243; equal_height=\u00bbyes\u00bb gutter_size=\u00bb0&#8243; column_width_percent=\u00bb100&#8243; border_color=\u00bbcolor-gyho\u00bb border_style=\u00bbsolid\u00bb shift_y=\u00bb0&#8243; z_index=\u00bb0&#8243; css=\u00bb.vc_custom_1535555877871{border-top-width: 1px !important;border-bottom-width: 1px !important;}\u00bb][vc_column column_width_percent=\u00bb100&#8243; position_vertical=\u00bbmiddle\u00bb align_horizontal=\u00bbalign_center\u00bb gutter_size=\u00bb3&#8243; override_padding=\u00bbyes\u00bb column_padding=\u00bb4&#8243; style=\u00bbdark\u00bb font_family=\u00bbfont-762333&#8243; back_color=\u00bbcolor-blue\u00bb back_image=\u00bb604&#8243; overlay_color=\u00bbcolor-blue\u00bb overlay_alpha=\u00bb85&#8243; shift_x=\u00bb0&#8243; shift_y=\u00bb0&#8243; shift_y_down=\u00bb0&#8243; z_index=\u00bb0&#8243; medium_width=\u00bb0&#8243; mobile_width=\u00bb0&#8243; width=\u00bb3\/12&#8243;][vc_custom_heading heading_semantic=\u00bbh3&#8243; text_size=\u00bbh1&#8243; separator=\u00bbyes\u00bb]EL CEL DE RUB\u00cd[\/vc_custom_heading][vc_column_text text_lead=\u00bbyes\u00bb]Av. de l&#8217;Estatut, 119,<br \/>\n08191 Rub\u00ed, Barcelona<br \/>\nTel: <a href=\"tel:\/\/935 88 20 24\">935 88 20 24<\/a>[\/vc_column_text][\/vc_column][vc_column column_width_percent=\u00bb100&#8243; gutter_size=\u00bb3&#8243; override_padding=\u00bbyes\u00bb column_padding=\u00bb3&#8243; overlay_alpha=\u00bb50&#8243; shift_x=\u00bb0&#8243; shift_y=\u00bb0&#8243; shift_y_down=\u00bb0&#8243; z_index=\u00bb0&#8243; medium_width=\u00bb0&#8243; mobile_width=\u00bb0&#8243; width=\u00bb3\/12&#8243;][vc_custom_heading text_color=\u00bbcolor-prif\u00bb heading_semantic=\u00bbp\u00bb text_font=\u00bbfont-177627&#8243; text_size=\u00bbh5&#8243; text_weight=\u00bb700&#8243; text_height=\u00bb\u00bb separator=\u00bbyes\u00bb separator_color=\u00bbyes\u00bb]C\u00f3mo llegar[\/vc_custom_heading][uncode_list icon=\u00bbfa fa-location2&#8243; icon_color=\u00bbcolor-nhtu\u00bb]<\/p>\n<ul>\n<li><strong>En coche desde Sant Cugat:<\/strong> Direcci\u00f3n Carretera de Rub\u00ed, todo recto hacia la avenida del Estatuto. Una vez pasado el parque de Can Oriol a mano izquierda.<\/li>\n<li><strong>En coche desde Terrassa:<\/strong> En la rotonda de entrada a Rub\u00ed direcci\u00f3n Carretera de Rub\u00ed, todo recto, justo antes del parque de Can Oriol a mano derecha.<\/li>\n<li><strong>En transporte p\u00fablico:<\/strong> autobuses urbanos l\u00edneas 2, 4 y 5 (ver recorridos a http:\/\/www.rubibus.com).<\/li>\n<\/ul>\n<p>[\/uncode_list][\/vc_column][vc_column column_width_percent=\u00bb100&#8243; gutter_size=\u00bb3&#8243; override_padding=\u00bbyes\u00bb column_padding=\u00bb0&#8243; style=\u00bbdark\u00bb font_family=\u00bbfont-762333&#8243; back_color=\u00bbcolor-rgdb\u00bb overlay_alpha=\u00bb50&#8243; shift_x=\u00bb0&#8243; shift_y=\u00bb0&#8243; shift_y_down=\u00bb0&#8243; z_index=\u00bb0&#8243; medium_width=\u00bb0&#8243; mobile_width=\u00bb0&#8243; width=\u00bb6\/12&#8243; mobile_height=\u00bb360&#8243; uncode_shortcode_id=\u00bb203695&#8243; back_color_type=\u00bbuncode-palette\u00bb][vc_gmaps latlon=\u00bb41.4944912,2.0361578&#8243; size=\u00bb\u00bb map_color=\u00bbaccent\u00bb ui_color=\u00bbcolor-wayh\u00bb zoom=\u00bb13&#8243; map_saturation=\u00bb-100&#8243; map_brightness=\u00bb0&#8243; mobile_no_drag=\u00bbyes\u00bb el_class=\u00bbmap-el-cel\u00bb uncode_shortcode_id=\u00bb128612&#8243; map_color_type=\u00bbuncode-palette\u00bb ui_color_type=\u00bbuncode-palette\u00bb][\/vc_column][\/vc_row][vc_row row_height_percent=\u00bb0&#8243; override_padding=\u00bbyes\u00bb h_padding=\u00bb2&#8243; top_padding=\u00bb4&#8243; bottom_padding=\u00bb3&#8243; overlay_alpha=\u00bb100&#8243; gutter_size=\u00bb100&#8243; column_width_percent=\u00bb100&#8243; shift_y=\u00bb0&#8243; z_index=\u00bb0&#8243; style=\u00bbinherited\u00bb][vc_column column_width_use_pixel=\u00bbyes\u00bb align_horizontal=\u00bbalign_center\u00bb gutter_size=\u00bb4&#8243; overlay_alpha=\u00bb100&#8243; shift_x=\u00bb0&#8243; shift_y=\u00bb0&#8243; z_index=\u00bb0&#8243; medium_width=\u00bb100&#8243; zoom_width=\u00bb0&#8243; zoom_height=\u00bb0&#8243; width=\u00bb1\/1&#8243; column_width_pixel=\u00bb1000&#8243;][vc_custom_heading text_size=\u00bb\u00bb text_height=\u00bb\u00bb separator=\u00bbyes\u00bb separator_color=\u00bbyes\u00bb sub_lead=\u00bbyes\u00bb text_align=\u00bbtext-center\u00bb]Residencia y centro de d\u00eda \u00abConxita Valls\u00bb[\/vc_custom_heading][\/vc_column][\/vc_row][vc_row unlock_row_content=\u00bbyes\u00bb row_height_percent=\u00bb55&#8243; override_padding=\u00bbyes\u00bb h_padding=\u00bb0&#8243; top_padding=\u00bb0&#8243; bottom_padding=\u00bb0&#8243; overlay_alpha=\u00bb50&#8243; equal_height=\u00bbyes\u00bb gutter_size=\u00bb0&#8243; column_width_percent=\u00bb100&#8243; border_color=\u00bbcolor-gyho\u00bb border_style=\u00bbsolid\u00bb shift_y=\u00bb0&#8243; z_index=\u00bb0&#8243; medium_visibility=\u00bbyes\u00bb mobile_visibility=\u00bbyes\u00bb css=\u00bb.vc_custom_1535556297188{margin-bottom: 1px !important;border-top-width: 1px !important;}\u00bb][vc_column column_width_percent=\u00bb100&#8243; gutter_size=\u00bb3&#8243; override_padding=\u00bbyes\u00bb column_padding=\u00bb0&#8243; style=\u00bbdark\u00bb font_family=\u00bbfont-762333&#8243; back_color=\u00bbcolor-rgdb\u00bb overlay_alpha=\u00bb50&#8243; shift_x=\u00bb0&#8243; shift_y=\u00bb0&#8243; shift_y_down=\u00bb0&#8243; z_index=\u00bb0&#8243; medium_width=\u00bb0&#8243; mobile_width=\u00bb0&#8243; width=\u00bb2\/4&#8243; mobile_height=\u00bb360&#8243; uncode_shortcode_id=\u00bb693509&#8243; back_color_type=\u00bbuncode-palette\u00bb][vc_gmaps latlon=\u00bb41.503204,2.0053913&#8243; size=\u00bb\u00bb map_color=\u00bbaccent\u00bb ui_color=\u00bbcolor-wayh\u00bb zoom=\u00bb13&#8243; map_saturation=\u00bb-100&#8243; map_brightness=\u00bb0&#8243; mobile_no_drag=\u00bbyes\u00bb el_class=\u00bbmap-conxita-valls\u00bb uncode_shortcode_id=\u00bb306416&#8243; map_color_type=\u00bbuncode-palette\u00bb ui_color_type=\u00bbuncode-palette\u00bb][\/vc_column][vc_column column_width_percent=\u00bb100&#8243; gutter_size=\u00bb3&#8243; override_padding=\u00bbyes\u00bb column_padding=\u00bb3&#8243; overlay_alpha=\u00bb50&#8243; shift_x=\u00bb0&#8243; shift_y=\u00bb0&#8243; shift_y_down=\u00bb0&#8243; z_index=\u00bb0&#8243; medium_width=\u00bb0&#8243; mobile_width=\u00bb0&#8243; width=\u00bb1\/4&#8243;][vc_custom_heading text_color=\u00bbcolor-prif\u00bb heading_semantic=\u00bbp\u00bb text_font=\u00bbfont-177627&#8243; text_size=\u00bbh5&#8243; text_weight=\u00bb700&#8243; text_height=\u00bb\u00bb separator=\u00bbyes\u00bb separator_color=\u00bbyes\u00bb]C\u00f3mo llegar[\/vc_custom_heading][uncode_list icon=\u00bbfa fa-location2&#8243; icon_color=\u00bbcolor-nhtu\u00bb]<\/p>\n<ul>\n<li><strong>En coche desde Rub\u00ed:<\/strong> Direcci\u00f3n Castellnou a trav\u00e9s de la avenida Cova Solera y seguidamente coger la avenida de Can Sucarrats a la derecha hasta la Carretera de Rub\u00ed a Ullastrell, aproximadamente a unos 1.5 km el centro se encuentra a mano derecha.<\/li>\n<li><strong>En transporte p\u00fablico:<\/strong> autobuses urbanos l\u00ednea 3 (Estaci\u00f3n-Rub\u00ed + D \/ Castellnou). La parada \u00abConxita Valls\u00bb se encuentra justo en la puerta del centro.<\/li>\n<\/ul>\n<p>[\/uncode_list][\/vc_column][vc_column column_width_percent=\u00bb100&#8243; position_vertical=\u00bbmiddle\u00bb align_horizontal=\u00bbalign_center\u00bb gutter_size=\u00bb3&#8243; override_padding=\u00bbyes\u00bb column_padding=\u00bb4&#8243; style=\u00bbdark\u00bb font_family=\u00bbfont-762333&#8243; back_color=\u00bbcolor-green\u00bb back_image=\u00bb103&#8243; overlay_color=\u00bbcolor-green\u00bb overlay_alpha=\u00bb85&#8243; shift_x=\u00bb0&#8243; shift_y=\u00bb0&#8243; shift_y_down=\u00bb0&#8243; z_index=\u00bb0&#8243; medium_width=\u00bb0&#8243; mobile_width=\u00bb0&#8243; width=\u00bb1\/4&#8243;][vc_custom_heading heading_semantic=\u00bbh3&#8243; text_size=\u00bbh1&#8243; separator=\u00bbyes\u00bb separator_color=\u00bbyes\u00bb]COXITA VALLS[\/vc_custom_heading][vc_column_text text_lead=\u00bbyes\u00bb]Ctra. de Rubi 94-98,<br \/>\n08191 Rub\u00ed, Barcelona<br \/>\nTel: <a href=\"tel:\/\/936 97 50 49\">936 97 50 49<\/a>[\/vc_column_text][\/vc_column][\/vc_row][vc_row unlock_row_content=\u00bbyes\u00bb row_height_percent=\u00bb55&#8243; override_padding=\u00bbyes\u00bb h_padding=\u00bb0&#8243; top_padding=\u00bb0&#8243; bottom_padding=\u00bb0&#8243; overlay_alpha=\u00bb50&#8243; equal_height=\u00bbyes\u00bb gutter_size=\u00bb0&#8243; column_width_percent=\u00bb100&#8243; border_color=\u00bbcolor-gyho\u00bb border_style=\u00bbsolid\u00bb shift_y=\u00bb0&#8243; z_index=\u00bb0&#8243; desktop_visibility=\u00bbyes\u00bb css=\u00bb.vc_custom_1537895394262{margin-bottom: 1px !important;border-top-width: 1px !important;}\u00bb el_class=\u00bbmaps-contxita\u00bb][vc_column column_width_percent=\u00bb100&#8243; position_vertical=\u00bbmiddle\u00bb align_horizontal=\u00bbalign_center\u00bb gutter_size=\u00bb3&#8243; override_padding=\u00bbyes\u00bb column_padding=\u00bb4&#8243; style=\u00bbdark\u00bb font_family=\u00bbfont-762333&#8243; back_color=\u00bbcolor-green\u00bb back_image=\u00bb103&#8243; overlay_color=\u00bbcolor-green\u00bb overlay_alpha=\u00bb85&#8243; shift_x=\u00bb0&#8243; shift_y=\u00bb0&#8243; shift_y_down=\u00bb0&#8243; z_index=\u00bb0&#8243; medium_width=\u00bb0&#8243; mobile_width=\u00bb0&#8243; width=\u00bb1\/4&#8243;][vc_custom_heading heading_semantic=\u00bbh3&#8243; text_size=\u00bbh1&#8243; separator=\u00bbyes\u00bb separator_color=\u00bbyes\u00bb]COXITA VALLS[\/vc_custom_heading][vc_column_text text_lead=\u00bbyes\u00bb]Ctra. de Rubi 94-98,<br \/>\n08191 Rub\u00ed, Barcelona<br \/>\nTel: 936 97 50 49[\/vc_column_text][\/vc_column][vc_column column_width_percent=\u00bb100&#8243; gutter_size=\u00bb3&#8243; override_padding=\u00bbyes\u00bb column_padding=\u00bb3&#8243; overlay_alpha=\u00bb50&#8243; shift_x=\u00bb0&#8243; shift_y=\u00bb0&#8243; shift_y_down=\u00bb0&#8243; z_index=\u00bb0&#8243; medium_width=\u00bb0&#8243; mobile_width=\u00bb0&#8243; width=\u00bb1\/4&#8243;][vc_custom_heading text_color=\u00bbcolor-prif\u00bb heading_semantic=\u00bbp\u00bb text_font=\u00bbfont-177627&#8243; text_size=\u00bbh5&#8243; text_weight=\u00bb700&#8243; text_height=\u00bb\u00bb separator=\u00bbyes\u00bb separator_color=\u00bbyes\u00bb]C\u00f3mo llegar[\/vc_custom_heading][uncode_list icon=\u00bbfa fa-location2&#8243; icon_color=\u00bbcolor-nhtu\u00bb]<\/p>\n<ul>\n<li><strong>En coche desde Rub\u00ed:<\/strong> Direcci\u00f3n Castellnou a trav\u00e9s de la avenida Cova Solera y seguidamente coger la avenida de Can Sucarrats a la derecha hasta la Carretera de Rub\u00ed a Ullastrell, aproximadamente a unos 1.5 km el centro se encuentra a mano derecha.<\/li>\n<li><strong>En transporte p\u00fablico:<\/strong> autobuses urbanos l\u00ednea 3 (Estaci\u00f3n-Rub\u00ed + D \/ Castellnou). La parada \u00abConxita Valls\u00bb se encuentra justo en la puerta del centro.<\/li>\n<\/ul>\n<p>[\/uncode_list][\/vc_column][vc_column column_width_percent=\u00bb100&#8243; gutter_size=\u00bb3&#8243; override_padding=\u00bbyes\u00bb column_padding=\u00bb0&#8243; style=\u00bbdark\u00bb font_family=\u00bbfont-762333&#8243; back_color=\u00bbcolor-rgdb\u00bb overlay_alpha=\u00bb50&#8243; shift_x=\u00bb0&#8243; shift_y=\u00bb0&#8243; shift_y_down=\u00bb0&#8243; z_index=\u00bb0&#8243; medium_width=\u00bb0&#8243; mobile_width=\u00bb0&#8243; width=\u00bb2\/4&#8243; mobile_height=\u00bb360&#8243; uncode_shortcode_id=\u00bb120993&#8243; back_color_type=\u00bbuncode-palette\u00bb][vc_gmaps latlon=\u00bb41.503204,2.0053913&#8243; size=\u00bb\u00bb map_color=\u00bbaccent\u00bb ui_color=\u00bbcolor-wayh\u00bb zoom=\u00bb13&#8243; map_saturation=\u00bb-100&#8243; map_brightness=\u00bb0&#8243; mobile_no_drag=\u00bbyes\u00bb el_class=\u00bbmap-conxita-valls\u00bb uncode_shortcode_id=\u00bb134908&#8243; map_color_type=\u00bbuncode-palette\u00bb ui_color_type=\u00bbuncode-palette\u00bb][\/vc_column][\/vc_row][vc_row row_height_percent=\u00bb0&#8243; override_padding=\u00bbyes\u00bb h_padding=\u00bb2&#8243; top_padding=\u00bb5&#8243; bottom_padding=\u00bb4&#8243; overlay_alpha=\u00bb100&#8243; gutter_size=\u00bb100&#8243; column_width_percent=\u00bb100&#8243; shift_y=\u00bb0&#8243; z_index=\u00bb0&#8243; style=\u00bbinherited\u00bb][vc_column column_width_use_pixel=\u00bbyes\u00bb align_horizontal=\u00bbalign_center\u00bb gutter_size=\u00bb4&#8243; overlay_alpha=\u00bb100&#8243; shift_x=\u00bb0&#8243; shift_y=\u00bb0&#8243; z_index=\u00bb0&#8243; medium_width=\u00bb100&#8243; zoom_width=\u00bb0&#8243; zoom_height=\u00bb0&#8243; width=\u00bb1\/1&#8243; column_width_pixel=\u00bb1000&#8243;][vc_row_inner row_inner_height_percent=\u00bb0&#8243; overlay_alpha=\u00bb100&#8243; gutter_size=\u00bb3&#8243; shift_y=\u00bb0&#8243;][vc_column_inner column_width_use_pixel=\u00bbyes\u00bb align_horizontal=\u00bbalign_center\u00bb gutter_size=\u00bb3&#8243; font_family=\u00bbfont-762333&#8243; overlay_alpha=\u00bb100&#8243; shift_x=\u00bb0&#8243; shift_y=\u00bb0&#8243; z_index=\u00bb0&#8243; medium_width=\u00bb0&#8243; zoom_width=\u00bb0&#8243; zoom_height=\u00bb0&#8243; width=\u00bb1\/1&#8243; column_width_pixel=\u00bb900&#8243;][vc_custom_heading text_size=\u00bb\u00bb text_height=\u00bb\u00bb separator=\u00bbyes\u00bb separator_color=\u00bbyes\u00bb sub_lead=\u00bbyes\u00bb text_align=\u00bbtext-center\u00bb subheading=\u00bbEnv\u00edanos tu consulta y te responderemos lo antes posible.\u00bb]Te podemos ayudar?[\/vc_custom_heading][\/vc_column_inner][\/vc_row_inner]\n<div class=\"wpcf7 no-js\" id=\"wpcf7-f805-o1\" lang=\"ca\" dir=\"ltr\" data-wpcf7-id=\"805\">\n<div class=\"screen-reader-response\"><p role=\"status\" aria-live=\"polite\" aria-atomic=\"true\"><\/p> <ul><\/ul><\/div>\n<form action=\"\/es\/wp-json\/wp\/v2\/pages\/760#wpcf7-f805-o1\" method=\"post\" class=\"wpcf7-form init 367173a78cdf cmatic-conn cmatic-aud-1 cmatic-mapd0-0 cmatic-v097802 cmatic-sent-0 cmatic-total-155\" aria-label=\"Formulari de contacte\" novalidate=\"novalidate\" data-status=\"init\">\n<fieldset class=\"hidden-fields-container\"><input type=\"hidden\" name=\"_wpcf7\" value=\"805\" \/><input type=\"hidden\" name=\"_wpcf7_version\" value=\"6.1.5\" \/><input type=\"hidden\" name=\"_wpcf7_locale\" value=\"ca\" \/><input type=\"hidden\" name=\"_wpcf7_unit_tag\" value=\"wpcf7-f805-o1\" \/><input type=\"hidden\" name=\"_wpcf7_container_post\" value=\"0\" \/><input type=\"hidden\" name=\"_wpcf7_posted_data_hash\" value=\"\" \/>\n<\/fieldset>\n<div class=\"wpcf7-inline-wrapper\">\n\t<p class=\"wpcf7-inline-field\"><span class=\"wpcf7-form-control-wrap\" data-name=\"your-firstname\"><input size=\"40\" maxlength=\"400\" class=\"wpcf7-form-control wpcf7-text wpcf7-validates-as-required\" aria-required=\"true\" aria-invalid=\"false\" placeholder=\"Nombre (obligatorio)\" value=\"\" type=\"text\" name=\"your-firstname\" \/><\/span>\n\t<\/p>\n\t<p class=\"wpcf7-inline-field\"><span class=\"wpcf7-form-control-wrap\" data-name=\"your-lastname\"><input size=\"40\" maxlength=\"400\" class=\"wpcf7-form-control wpcf7-text wpcf7-validates-as-required\" aria-required=\"true\" aria-invalid=\"false\" placeholder=\"Apellidos (obligatorio)\" value=\"\" type=\"text\" name=\"your-lastname\" \/><\/span>\n\t<\/p>\n<\/div>\n<div class=\"wpcf7-inline-wrapper\">\n\t<p class=\"wpcf7-inline-field\"><span class=\"wpcf7-form-control-wrap\" data-name=\"your-email\"><input size=\"40\" maxlength=\"400\" class=\"wpcf7-form-control wpcf7-email wpcf7-validates-as-required wpcf7-text wpcf7-validates-as-email\" aria-required=\"true\" aria-invalid=\"false\" placeholder=\"Email (obligatorio)\" value=\"\" type=\"email\" name=\"your-email\" \/><\/span>\n\t<\/p>\n\t<p class=\"wpcf7-inline-field\"><span class=\"wpcf7-form-control-wrap\" data-name=\"your-phone\"><input size=\"40\" maxlength=\"400\" class=\"wpcf7-form-control wpcf7-text\" aria-invalid=\"false\" placeholder=\"Tel\u00e9fono\" value=\"\" type=\"text\" name=\"your-phone\" \/><\/span>\n\t<\/p>\n<\/div>\n<p><span class=\"wpcf7-form-control-wrap\" data-name=\"your-message\"><textarea cols=\"40\" rows=\"10\" maxlength=\"2000\" class=\"wpcf7-form-control wpcf7-textarea wpcf7-validates-as-required\" aria-required=\"true\" aria-invalid=\"false\" placeholder=\"Mensaje (obligatori)\" name=\"your-message\"><\/textarea><\/span>\n<\/p>\n<p class=\"label-conditions-legals\"><span class=\"wpcf7-form-control-wrap\" data-name=\"acceptance-78\"><span class=\"wpcf7-form-control wpcf7-acceptance\"><span class=\"wpcf7-list-item\"><input type=\"checkbox\" name=\"acceptance-78\" value=\"1\" aria-invalid=\"false\" \/><\/span><\/span><\/span> He le\u00eddo y acepto las <a href=\" https:\/\/rubisocial.bcnapps.es\/es\/condiciones-legales\/\">pol\u00edtica de privacidad<\/a> (obligatorio).\n<\/p>\n<p><input class=\"wpcf7-form-control wpcf7-submit has-spinner btn btn-accent\" type=\"submit\" value=\"Enviar\" \/>\n<\/p><div class=\"wpcf7-response-output\" aria-hidden=\"true\"><\/div>\n<\/form>\n<\/div>\n[vc_column_text]ASSISTENCIAL RUB\u00cd S.L.L. CIF B-61609152 &#8211; CTRA. DE RUB\u00cd A ULLASTRELL 94-98, 08191, RUB\u00cd \/\u00a0<span id=\"m_6186912573292817571gmail-docs-internal-guid-2677974c-7fff-4ecb-e03c-063b8201a9b2\">EL CEL DE RUB\u00cd S.L. CIF B-61597514 &#8211; AV. DE L&#8217;ESTATUT 119, 08191, RUB\u00cd<\/span><\/p>\n<p><span id=\"m_6186912573292817571gmail-docs-internal-guid-2677974c-7fff-4ecb-e03c-063b8201a9b2\">La finalidad del tratamiento de los datos por la que usted da su consentimiento ser\u00e1 la de gestionar los datos de los clientes \/ usuarios que accedan al formulario de contacto de la p\u00e1gina web de la entidad, contestar sus consultas y \/ o enviar publicidad de productos o servicios que puedan ser de su inter\u00e9s. Los datos proporcionados se conservar\u00e1n mientras no solicite el cese de la actividad y no se ceder\u00e1n a terceros, salvo obligaci\u00f3n legal. Usted tiene derecho al acceso, rectificaci\u00f3n o solicitar su supresi\u00f3n cuando los datos ya no sean necesarios para los fines que fueron recogidos en los t\u00e9rminos previstos en la Ley, que podr\u00e1 ejercitar mediante escrito dirigido al responsable de los mismos en el direcci\u00f3n de e-mail elcel@rubisocial.bcnapps.es. Puede consultar informaci\u00f3n adicional en <\/span><br \/>\n<a href=\"http:\/\/www.aemol.com\/clausulas.php?b61597514\" target=\"_blank\" rel=\"noopener\">http:\/\/www.aemol.com\/clausulas.php?b61597514<\/a> o <a href=\"http:\/\/www.aemol.com\/clausulas.php?b61609152\" target=\"_blank\" rel=\"noopener\">http:\/\/www.aemol.com\/clausulas.php?b61609152<\/a>[\/vc_column_text][\/vc_column][\/vc_row][vc_row row_height_percent=\u00bb0&#8243; override_padding=\u00bbyes\u00bb h_padding=\u00bb2&#8243; top_padding=\u00bb3&#8243; bottom_padding=\u00bb3&#8243; back_color=\u00bbaccent\u00bb overlay_alpha=\u00bb0&#8243; equal_height=\u00bbyes\u00bb gutter_size=\u00bb3&#8243; shift_y=\u00bb0&#8243; mobile_visibility=\u00bbyes\u00bb style=\u00bbinherited\u00bb][vc_column column_width_percent=\u00bb100&#8243; align_horizontal=\u00bbalign_center\u00bb gutter_size=\u00bb4&#8243; style=\u00bbdark\u00bb overlay_alpha=\u00bb100&#8243; shift_x=\u00bb0&#8243; shift_y=\u00bb0&#8243; medium_width=\u00bb0&#8243; zoom_width=\u00bb0&#8243; zoom_height=\u00bb0&#8243; width=\u00bb1\/1&#8243;][vc_icon display=\u00bbinline\u00bb icon=\u00bbfa fa-social-facebook\u00bb background_style=\u00bbfa-rounded\u00bb size=\u00bbfa-2x\u00bb css_animation=\u00bbzoom-in\u00bb animation_delay=\u00bb200&#8243; link=\u00bburl:https%3A%2F%2Fwww.facebook.com%2Fpages%2Fcategory%2FCompany%2FGRUP-Rub%25C3%25AD-Social-318127204967096%2F||target:%20_blank|\u00bb][\/vc_icon][vc_icon display=\u00bbinline\u00bb icon=\u00bbfa fa-twitter-x\u00bb background_style=\u00bbfa-rounded\u00bb size=\u00bbfa-2x\u00bb css_animation=\u00bbzoom-in\u00bb animation_delay=\u00bb300&#8243; link=\u00bburl:https%3A%2F%2Ftwitter.com%2Frubi_social||target:%20_blank|\u00bb uncode_shortcode_id=\u00bb141234&#8243;][\/vc_icon][vc_icon display=\u00bbinline\u00bb icon=\u00bbfa fa-social-linkedin\u00bb background_style=\u00bbfa-rounded\u00bb size=\u00bbfa-2x\u00bb text_height=\u00bb\u00bb css_animation=\u00bbzoom-in\u00bb animation_delay=\u00bb300&#8243; link=\u00bburl:https%3A%2F%2Fwww.linkedin.com%2Fcompany%2Fgrup-rubi-social%2F||target:%20_blank|\u00bb][\/vc_icon][\/vc_column][\/vc_row]<\/p>\n<\/section>","protected":false},"excerpt":{"rendered":"<p>[vc_row row_height_percent=\u00bb0&#8243; override_padding=\u00bbyes\u00bb h_padding=\u00bb2&#8243; top_padding=\u00bb4&#8243; bottom_padding=\u00bb4&#8243; overlay_alpha=\u00bb100&#8243; gutter_size=\u00bb100&#8243; column_width_percent=\u00bb100&#8243; shift_y=\u00bb0&#8243; z_index=\u00bb0&#8243; style=\u00bbinherited\u00bb][vc_column column_width_use_pixel=\u00bbyes\u00bb align_horizontal=\u00bbalign_center\u00bb gutter_size=\u00bb4&#8243; overlay_alpha=\u00bb100&#8243; shift_x=\u00bb0&#8243; shift_y=\u00bb0&#8243; z_index=\u00bb0&#8243; medium_width=\u00bb100&#8243; [&hellip;]<\/p>\n","protected":false},"author":1,"featured_media":0,"parent":0,"menu_order":0,"comment_status":"closed","ping_status":"closed","template":"","meta":{"_exactmetrics_skip_tracking":false,"_exactmetrics_sitenote_active":false,"_exactmetrics_sitenote_note":"","_exactmetrics_sitenote_category":0,"footnotes":""},"class_list":["post-760","page","type-page","status-publish","hentry"],"_links":{"self":[{"href":"https:\/\/rubisocial.bcnapps.es\/es\/wp-json\/wp\/v2\/pages\/760","targetHints":{"allow":["GET"]}}],"collection":[{"href":"https:\/\/rubisocial.bcnapps.es\/es\/wp-json\/wp\/v2\/pages"}],"about":[{"href":"https:\/\/rubisocial.bcnapps.es\/es\/wp-json\/wp\/v2\/types\/page"}],"author":[{"embeddable":true,"href":"https:\/\/rubisocial.bcnapps.es\/es\/wp-json\/wp\/v2\/users\/1"}],"replies":[{"embeddable":true,"href":"https:\/\/rubisocial.bcnapps.es\/es\/wp-json\/wp\/v2\/comments?post=760"}],"version-history":[{"count":19,"href":"https:\/\/rubisocial.bcnapps.es\/es\/wp-json\/wp\/v2\/pages\/760\/revisions"}],"predecessor-version":[{"id":2763,"href":"https:\/\/rubisocial.bcnapps.es\/es\/wp-json\/wp\/v2\/pages\/760\/revisions\/2763"}],"wp:attachment":[{"href":"https:\/\/rubisocial.bcnapps.es\/es\/wp-json\/wp\/v2\/media?parent=760"}],"curies":[{"name":"wp","href":"https:\/\/api.w.org\/{rel}","templated":true}]}}