{"id":752,"date":"2018-08-09T17:36:46","date_gmt":"2018-08-09T17:36:46","guid":{"rendered":"https:\/\/rubisocial.bcnapps.es\/?page_id=752"},"modified":"2018-10-11T08:28:34","modified_gmt":"2018-10-11T08:28:34","slug":"servicios","status":"publish","type":"page","link":"https:\/\/rubisocial.bcnapps.es\/es\/servicios\/","title":{"rendered":"Servicios"},"content":{"rendered":"<section class=\"wpb-content-wrapper\"><p>[vc_row row_height_percent=\u00bb0&#8243; override_padding=\u00bbyes\u00bb h_padding=\u00bb2&#8243; top_padding=\u00bb5&#8243; bottom_padding=\u00bb3&#8243; overlay_alpha=\u00bb100&#8243; gutter_size=\u00bb100&#8243; shift_y=\u00bb0&#8243; style=\u00bbinherited\u00bb][vc_column column_width_percent=\u00bb100&#8243; position_vertical=\u00bbmiddle\u00bb align_horizontal=\u00bbalign_center\u00bb overlay_alpha=\u00bb100&#8243; gutter_size=\u00bb3&#8243; medium_width=\u00bb0&#8243; mobile_width=\u00bb0&#8243; shift_x=\u00bb0&#8243; shift_y=\u00bb0&#8243; shift_y_down=\u00bb0&#8243; z_index=\u00bb0&#8243; zoom_width=\u00bb0&#8243; zoom_height=\u00bb0&#8243; width=\u00bb1\/1&#8243;][vc_custom_heading text_size=\u00bbh1&#8243; text_height=\u00bb\u00bb text_font=\u00bbfont-177627&#8243; separator=\u00bbyes\u00bb separator_color=\u00bbyes\u00bb sub_lead=\u00bbyes\u00bb sub_reduced=\u00bbyes\u00bb text_align=\u00bbtext-center\u00bb subheading=\u00bbTodo el centro se encuentra adaptado a las necesidades de los usuarios con el fin de garantizar el m\u00e1ximo nivel de autonom\u00eda y bienestar. Nuestro personal vela por el bienestar durante toda la estancia del usuario en el centro y desde diversas disciplinas: auxiliares de enfermer\u00eda y geriatr\u00eda, m\u00e9dicos, servicio de enfermer\u00eda, terapeutas, educadores y trabajadores sociales, fisioterapia, as\u00ed como servicios de lavander\u00eda, peluquer\u00eda , podolog\u00eda, transporte adaptado, acompa\u00f1amiento, atenci\u00f3n y limpieza domiciliaria y cocina propia.\u00bb]Servicios[\/vc_custom_heading][\/vc_column][\/vc_row][vc_row unlock_row_content=\u00bbyes\u00bb row_height_percent=\u00bb0&#8243; override_padding=\u00bbyes\u00bb h_padding=\u00bb0&#8243; top_padding=\u00bb0&#8243; bottom_padding=\u00bb0&#8243; overlay_alpha=\u00bb100&#8243; gutter_size=\u00bb0&#8243; style=\u00bbinherited\u00bb][\/vc_row][vc_row row_height_percent=\u00bb0&#8243; override_padding=\u00bbyes\u00bb h_padding=\u00bb2&#8243; top_padding=\u00bb4&#8243; bottom_padding=\u00bb4&#8243; back_color=\u00bbcolor-177957&#8243; overlay_color=\u00bbcolor-xsdn\u00bb overlay_alpha=\u00bb70&#8243; gutter_size=\u00bb100&#8243; column_width_percent=\u00bb100&#8243; border_color=\u00bbcolor-gyho\u00bb border_style=\u00bbsolid\u00bb shift_y=\u00bb0&#8243; z_index=\u00bb0&#8243; enable_top_divider=\u00bbdefault\u00bb top_divider_inv=\u00bbcurve-opacity\u00bb shape_top_invert=\u00bbyes\u00bb shape_top_flip=\u00bbyes\u00bb shape_top_h_use_pixel=\u00bb\u00bb shape_top_height=\u00bb150&#8243; shape_top_color=\u00bbcolor-xsdn\u00bb shape_top_opacity=\u00bb100&#8243; shape_top_index=\u00bb0&#8243; enable_bottom_divider=\u00bbdefault\u00bb bottom_divider_inv=\u00bbcurve-opacity\u00bb shape_bottom_invert=\u00bbyes\u00bb shape_bottom_h_use_pixel=\u00bb\u00bb shape_bottom_height=\u00bb150&#8243; shape_bottom_color=\u00bbcolor-xsdn\u00bb shape_bottom_opacity=\u00bb100&#8243; shape_bottom_index=\u00bb0&#8243; style=\u00bbinherited\u00bb css=\u00bb.vc_custom_1533918305483{margin-bottom: 36px !important;}\u00bb el_class=\u00bbservice-container\u00bb][vc_column column_width_percent=\u00bb100&#8243; overlay_alpha=\u00bb50&#8243; gutter_size=\u00bb1&#8243; medium_width=\u00bb0&#8243; mobile_width=\u00bb0&#8243; shift_x=\u00bb0&#8243; shift_y=\u00bb0&#8243; shift_y_down=\u00bb0&#8243; z_index=\u00bb0&#8243; width=\u00bb1\/1&#8243; el_class=\u00bbservice-container\u00bb][vc_row_inner row_inner_height_percent=\u00bb0&#8243; force_width_grid=\u00bbyes\u00bb back_color=\u00bbcolor-xsdn\u00bb overlay_alpha=\u00bb50&#8243; equal_height=\u00bbyes\u00bb gutter_size=\u00bb0&#8243; shift_y=\u00bb0&#8243; z_index=\u00bb0&#8243; el_class=\u00bbservice-item-container\u00bb][vc_column_inner column_width_percent=\u00bb100&#8243; align_horizontal=\u00bbalign_center\u00bb override_padding=\u00bbyes\u00bb column_padding=\u00bb2&#8243; gutter_size=\u00bb3&#8243; overlay_alpha=\u00bb90&#8243; medium_width=\u00bb0&#8243; mobile_width=\u00bb0&#8243; shift_x=\u00bb0&#8243; shift_y=\u00bb0&#8243; shift_y_down=\u00bb0&#8243; z_index=\u00bb0&#8243; shadow=\u00bbxs\u00bb width=\u00bb5\/12&#8243; el_class=\u00bbservice-item\u00bb][vc_icon icon=\u00bbfa fa-medkit\u00bb icon_color=\u00bbaccent\u00bb size=\u00bbfa-5x\u00bb][\/vc_icon][vc_custom_heading text_size=\u00bbh4&#8243; text_height=\u00bb\u00bb text_font=\u00bbfont-177627&#8243; text_transform=\u00bbcapitalize\u00bb text_align=\u00bbtext-left\u00bb text_uppercase=\u00bb\u00bb subheading=\u00bbEncargados de velar por el bienestar y asegurar la calidad asistencial de las personas mayores, curando, paliando o acompa\u00f1ando a las personas mayores y familias siempre que lo necesitan y utilizando la estrategia m\u00e1s adecuada.\u00bb]\u00c1rea sanitaria[\/vc_custom_heading][\/vc_column_inner][vc_column_inner column_width_percent=\u00bb100&#8243; override_padding=\u00bbyes\u00bb column_padding=\u00bb2&#8243; gutter_size=\u00bb3&#8243; overlay_alpha=\u00bb50&#8243; medium_width=\u00bb0&#8243; mobile_width=\u00bb0&#8243; shift_x=\u00bb0&#8243; shift_y=\u00bb0&#8243; shift_y_down=\u00bb0&#8243; z_index=\u00bb0&#8243; width=\u00bb7\/12&#8243; el_class=\u00bbservices-list\u00bb][uncode_list icon=\u00bbfa fa-check2&#8243; icon_color=\u00bbaccent\u00bb]<\/p>\n<ul>\n<li>Pautas de enfermer\u00eda: Preparaci\u00f3n y administraci\u00f3n de medicaci\u00f3n<\/li>\n<li>Atenci\u00f3n nutricional y control alimentario<\/li>\n<li>Control de al\u00e9rgenos e intolerancias<\/li>\n<li>Prevenci\u00f3n y cuidado de lesiones por presi\u00f3n<\/li>\n<li>Prevenci\u00f3n y tratamiento de la incontinencia<\/li>\n<li>Derivaci\u00f3n a visitas hospitalarias espec\u00edficas<\/li>\n<li>Emergencias sanitarias<\/li>\n<li>Reconducci\u00f3n de conductas<\/li>\n<li>Prevenci\u00f3n de infecciones<\/li>\n<li>Detecci\u00f3n de s\u00edntomas derivados de la demencia (emocionales y cognitivos)<\/li>\n<li>Tratamiento de s\u00edntomas derivados de la demencia<\/li>\n<li>Acompa\u00f1amiento psicol\u00f3gico y emocional a usuarios y familiares<\/li>\n<li>Terapia multisensorial en la \u201cSala Snoezelen\u201d<\/li>\n<\/ul>\n<p>[\/uncode_list][\/vc_column_inner][\/vc_row_inner][vc_row_inner row_inner_height_percent=\u00bb0&#8243; force_width_grid=\u00bbyes\u00bb back_color=\u00bbcolor-xsdn\u00bb overlay_alpha=\u00bb50&#8243; equal_height=\u00bbyes\u00bb gutter_size=\u00bb0&#8243; shift_y=\u00bb0&#8243; z_index=\u00bb0&#8243; el_class=\u00bbservice-item-container\u00bb css=\u00bb.vc_custom_1533915777268{margin-top: 12px !important;}\u00bb][vc_column_inner column_width_percent=\u00bb100&#8243; align_horizontal=\u00bbalign_center\u00bb override_padding=\u00bbyes\u00bb column_padding=\u00bb2&#8243; gutter_size=\u00bb3&#8243; overlay_alpha=\u00bb90&#8243; medium_width=\u00bb0&#8243; mobile_width=\u00bb0&#8243; shift_x=\u00bb0&#8243; shift_y=\u00bb0&#8243; shift_y_down=\u00bb0&#8243; z_index=\u00bb0&#8243; shadow=\u00bbxs\u00bb width=\u00bb5\/12&#8243;][vc_icon icon=\u00bbfa fa-heart\u00bb icon_color=\u00bbaccent\u00bb size=\u00bbfa-5x\u00bb][\/vc_icon][vc_custom_heading text_size=\u00bbh4&#8243; text_height=\u00bb\u00bb text_font=\u00bbfont-177627&#8243; text_transform=\u00bbcapitalize\u00bb text_align=\u00bbtext-left\u00bb text_uppercase=\u00bb\u00bb subheading=\u00bbTrabajan para mejorar la calidad de vida de las personas mayores facilitando informaci\u00f3n y conexiones sociales. Promueven las relaciones interpersonales y las capacidades comunicativas para garantizar la autonom\u00eda personal.\u00bb]\u00c1rea social[\/vc_custom_heading][\/vc_column_inner][vc_column_inner column_width_percent=\u00bb100&#8243; override_padding=\u00bbyes\u00bb column_padding=\u00bb2&#8243; gutter_size=\u00bb3&#8243; overlay_alpha=\u00bb50&#8243; medium_width=\u00bb0&#8243; mobile_width=\u00bb0&#8243; shift_x=\u00bb0&#8243; shift_y=\u00bb0&#8243; shift_y_down=\u00bb0&#8243; z_index=\u00bb0&#8243; width=\u00bb7\/12&#8243; el_class=\u00bbservices-list\u00bb][uncode_list icon=\u00bbfa fa-check2&#8243; icon_color=\u00bbaccent\u00bb]<\/p>\n<ul>\n<li>Informaci\u00f3n personalizada e individualizada seg\u00fan el caso.<\/li>\n<li>Orientaci\u00f3n e informaci\u00f3n sobre subvenciones y tr\u00e1mites.<\/li>\n<li>Entrevista inicial y acogida.<\/li>\n<li>Tramitaci\u00f3n de la Ley de la dependencia.<\/li>\n<li>Programa anual de actividades.<\/li>\n<li>Taller de animaci\u00f3n, actividades l\u00fadicas y juegos de sal\u00f3n.<\/li>\n<li>Realizaci\u00f3n de grupos de acogida.<\/li>\n<li>Realizaci\u00f3n de monogr\u00e1ficos y sesiones formativas.<\/li>\n<li>Coordinaci\u00f3n del Consejo de Participaci\u00f3n.<\/li>\n<li>Contacto con instituciones comunitarias.<\/li>\n<li>Acompa\u00f1amiento en la espiritualidad.<\/li>\n<li>Realizaci\u00f3n de proyectos colaborativos con entidades no lucrativas del entorno.<\/li>\n<li>Realizaci\u00f3n de salidas a la comunidad.<\/li>\n<\/ul>\n<p>[\/uncode_list][\/vc_column_inner][\/vc_row_inner][vc_row_inner row_inner_height_percent=\u00bb0&#8243; force_width_grid=\u00bbyes\u00bb back_color=\u00bbcolor-xsdn\u00bb overlay_alpha=\u00bb50&#8243; equal_height=\u00bbyes\u00bb gutter_size=\u00bb0&#8243; shift_y=\u00bb0&#8243; z_index=\u00bb0&#8243; el_class=\u00bbservice-item-container\u00bb css=\u00bb.vc_custom_1533915777268{margin-top: 12px !important;}\u00bb][vc_column_inner column_width_percent=\u00bb100&#8243; align_horizontal=\u00bbalign_center\u00bb override_padding=\u00bbyes\u00bb column_padding=\u00bb2&#8243; gutter_size=\u00bb3&#8243; overlay_alpha=\u00bb90&#8243; medium_width=\u00bb0&#8243; mobile_width=\u00bb0&#8243; shift_x=\u00bb0&#8243; shift_y=\u00bb0&#8243; shift_y_down=\u00bb0&#8243; z_index=\u00bb0&#8243; shadow=\u00bbxs\u00bb width=\u00bb5\/12&#8243;][vc_icon icon_image=\u00bb265&#8243; icon_color=\u00bbaccent\u00bb size=\u00bbfa-5x\u00bb el_class=\u00bbicon-service\u00bb][\/vc_icon][vc_custom_heading text_size=\u00bbh4&#8243; text_height=\u00bb\u00bb text_font=\u00bbfont-177627&#8243; text_transform=\u00bbcapitalize\u00bb text_align=\u00bbtext-left\u00bb text_uppercase=\u00bb\u00bb subheading=\u00bbSe encargan de velar por la autonom\u00eda de las personas mayores intentando mantener al m\u00e1ximo las capacidades de las personas mayores respecto a las Actividades B\u00e1sicas de la Vida Diaria (AVBD) y las Actividades Instrumentales de la Vida Diaria (AIVD).\u00bb]\u00c1rea funcional[\/vc_custom_heading][\/vc_column_inner][vc_column_inner column_width_percent=\u00bb100&#8243; override_padding=\u00bbyes\u00bb column_padding=\u00bb2&#8243; gutter_size=\u00bb3&#8243; overlay_alpha=\u00bb50&#8243; medium_width=\u00bb0&#8243; mobile_width=\u00bb0&#8243; shift_x=\u00bb0&#8243; shift_y=\u00bb0&#8243; shift_y_down=\u00bb0&#8243; z_index=\u00bb0&#8243; width=\u00bb7\/12&#8243; el_class=\u00bbservices-list\u00bb][uncode_list icon=\u00bbfa fa-check2&#8243; icon_color=\u00bbaccent\u00bb]<\/p>\n<ul>\n<li>Tratamiento de lesiones m\u00fasculo-esquel\u00e9ticas.<\/li>\n<li>Tratamiento de lesiones respiratorias.<\/li>\n<li>Tratamiento de lesiones neurol\u00f3gicas.<\/li>\n<li>Tratamiento de lesiones genitourinarials.<\/li>\n<li>Rehabilitaci\u00f3n individualizada.<\/li>\n<li>Grupos de gimnasia.<\/li>\n<li>Estrategias y pautas de activaci\u00f3n \u201cActiva\u2019t!\u201d<\/li>\n<li>Gesti\u00f3n t\u00e9cnica espec\u00edfica de movilizaci\u00f3n y transferencias.<\/li>\n<li>Programaci\u00f3n de pautas posturales.<\/li>\n<li>Potenciaci\u00f3n de capacidades sensoriomotoras, cognitivas y psicosociales en grupo e individuales.<\/li>\n<li>Ba\u00f1os adaptados a las necesidades de los usuarios.<\/li>\n<li>Establecimiento de pautas de atenci\u00f3n individualizadas.<\/li>\n<li>Soporte y consejos para la adaptaci\u00f3n del domicilio para mejorar la autonom\u00eda de los usuarios.<\/li>\n<li>Ayudas t\u00e9cnicas y elementos de apoyo.<\/li>\n<\/ul>\n<p>[\/uncode_list][\/vc_column_inner][\/vc_row_inner][vc_row_inner row_inner_height_percent=\u00bb0&#8243; force_width_grid=\u00bbyes\u00bb back_color=\u00bbcolor-xsdn\u00bb overlay_alpha=\u00bb50&#8243; equal_height=\u00bbyes\u00bb gutter_size=\u00bb0&#8243; shift_y=\u00bb0&#8243; z_index=\u00bb0&#8243; el_class=\u00bbservice-item-container\u00bb css=\u00bb.vc_custom_1533915777268{margin-top: 12px !important;}\u00bb][vc_column_inner column_width_percent=\u00bb100&#8243; align_horizontal=\u00bbalign_center\u00bb override_padding=\u00bbyes\u00bb column_padding=\u00bb2&#8243; gutter_size=\u00bb3&#8243; overlay_alpha=\u00bb90&#8243; medium_width=\u00bb0&#8243; mobile_width=\u00bb0&#8243; shift_x=\u00bb0&#8243; shift_y=\u00bb0&#8243; shift_y_down=\u00bb0&#8243; z_index=\u00bb0&#8243; shadow=\u00bbxs\u00bb width=\u00bb5\/12&#8243;][vc_icon icon=\u00bbfa fa-group\u00bb icon_color=\u00bbaccent\u00bb size=\u00bbfa-5x\u00bb][\/vc_icon][vc_custom_heading text_size=\u00bbh4&#8243; text_height=\u00bb\u00bb text_font=\u00bbfont-177627&#8243; text_transform=\u00bbcapitalize\u00bb text_align=\u00bbtext-left\u00bb text_uppercase=\u00bb\u00bb subheading=\u00bbVelan y se encargan de primera mano de que todas las personas usuarias del servicio tengan cubiertas sus necesidades b\u00e1sicas y que no les falte de nada. Cuidan, junto con el resto de equipo, de crear un ambiente y clima agradable, facilitador y de confianza para hacer que todo el mundo se sienta a gusto.\u00bb]Equipo gerocultor[\/vc_custom_heading][\/vc_column_inner][vc_column_inner column_width_percent=\u00bb100&#8243; override_padding=\u00bbyes\u00bb column_padding=\u00bb2&#8243; gutter_size=\u00bb3&#8243; overlay_alpha=\u00bb50&#8243; medium_width=\u00bb0&#8243; mobile_width=\u00bb0&#8243; shift_x=\u00bb0&#8243; shift_y=\u00bb0&#8243; shift_y_down=\u00bb0&#8243; z_index=\u00bb0&#8243; width=\u00bb7\/12&#8243; el_class=\u00bbservices-list\u00bb][uncode_list icon=\u00bbfa fa-check2&#8243; icon_color=\u00bbaccent\u00bb]<\/p>\n<ul>\n<li>Tratamiento de lesiones m\u00fasculo-esquel\u00e9ticas.<\/li>\n<li>Tratamiento de lesiones respiratorias.<\/li>\n<li>Tratamiento de lesiones neurol\u00f3gicas.<\/li>\n<li>Ayuda y supervisi\u00f3n de las actividades de la vida diaria.<\/li>\n<li>Administraci\u00f3n de dietas pautadas.<\/li>\n<li>Acompa\u00f1amientos m\u00e9dicos.<\/li>\n<li>Atenci\u00f3n a la incontinencia.<\/li>\n<li>Velar por la correcta higiene del usuario y el buen estado de la piel.<\/li>\n<li>Velar por un envejecimiento activo a trav\u00e9s de movilizaciones, paseos, actividades individualizadas.<\/li>\n<li>Trabajar por el mantenimiento de la autonom\u00eda del usuario.<\/li>\n<li>Escucha activa y velar por el derecho de los usuarios a decidir.<\/li>\n<\/ul>\n<p>[\/uncode_list][\/vc_column_inner][\/vc_row_inner][vc_row_inner row_inner_height_percent=\u00bb0&#8243; force_width_grid=\u00bbyes\u00bb back_color=\u00bbcolor-xsdn\u00bb overlay_alpha=\u00bb50&#8243; equal_height=\u00bbyes\u00bb gutter_size=\u00bb0&#8243; shift_y=\u00bb0&#8243; z_index=\u00bb0&#8243; el_class=\u00bbservice-item-container\u00bb css=\u00bb.vc_custom_1533915777268{margin-top: 12px !important;}\u00bb][vc_column_inner column_width_percent=\u00bb100&#8243; align_horizontal=\u00bbalign_center\u00bb override_padding=\u00bbyes\u00bb column_padding=\u00bb2&#8243; gutter_size=\u00bb3&#8243; overlay_alpha=\u00bb90&#8243; medium_width=\u00bb0&#8243; mobile_width=\u00bb0&#8243; shift_x=\u00bb0&#8243; shift_y=\u00bb0&#8243; shift_y_down=\u00bb0&#8243; z_index=\u00bb0&#8243; shadow=\u00bbxs\u00bb width=\u00bb5\/12&#8243;][vc_icon icon=\u00bbfa fa-th-list\u00bb icon_color=\u00bbaccent\u00bb size=\u00bbfa-5x\u00bb text_height=\u00bb\u00bb][\/vc_icon][vc_custom_heading text_size=\u00bbh4&#8243; text_height=\u00bb\u00bb text_font=\u00bbfont-177627&#8243; text_transform=\u00bbcapitalize\u00bb text_align=\u00bbtext-left\u00bb text_uppercase=\u00bb\u00bb subheading=\u00bbOtros servicios que ofrecemos en los centros.\u00bb]Otros servicios[\/vc_custom_heading][\/vc_column_inner][vc_column_inner column_width_percent=\u00bb100&#8243; override_padding=\u00bbyes\u00bb column_padding=\u00bb2&#8243; gutter_size=\u00bb3&#8243; overlay_alpha=\u00bb50&#8243; medium_width=\u00bb0&#8243; mobile_width=\u00bb0&#8243; shift_x=\u00bb0&#8243; shift_y=\u00bb0&#8243; shift_y_down=\u00bb0&#8243; z_index=\u00bb0&#8243; width=\u00bb7\/12&#8243; el_class=\u00bbservices-list\u00bb][uncode_list icon=\u00bbfa fa-check2&#8243; icon_color=\u00bbaccent\u00bb]<\/p>\n<ul>\n<li>Servicio de podolog\u00eda<\/li>\n<li>Peluquer\u00eda<\/li>\n<li>Lavander\u00eda<\/li>\n<li>Sala multisensorial \u00absnoezelen\u00bb<\/li>\n<li>Sistema de climatizaci\u00f3n y renovaci\u00f3n de aire<\/li>\n<\/ul>\n<p>[\/uncode_list][\/vc_column_inner][\/vc_row_inner][\/vc_column][\/vc_row][vc_row unlock_row_content=\u00bbyes\u00bb row_height_percent=\u00bb60&#8243; override_padding=\u00bbyes\u00bb h_padding=\u00bb0&#8243; top_padding=\u00bb0&#8243; bottom_padding=\u00bb0&#8243; back_color=\u00bbaccent\u00bb overlay_alpha=\u00bb50&#8243; equal_height=\u00bbyes\u00bb gutter_size=\u00bb0&#8243; column_width_percent=\u00bb100&#8243; shift_y=\u00bb0&#8243; z_index=\u00bb0&#8243; el_class=\u00bboverflow-hidden\u00bb][vc_column column_width_percent=\u00bb100&#8243; expand_height=\u00bbyes\u00bb back_image=\u00bb867&#8243; back_position=\u00bbcenter top\u00bb overlay_alpha=\u00bb50&#8243; gutter_size=\u00bb0&#8243; medium_width=\u00bb0&#8243; mobile_width=\u00bb0&#8243; shift_x=\u00bb0&#8243; shift_y=\u00bb0&#8243; shift_y_down=\u00bb0&#8243; z_index=\u00bb0&#8243; css_animation=\u00bbbottom-t-top\u00bb animation_delay=\u00bb200&#8243; width=\u00bb6\/12&#8243; mobile_height=\u00bb260&#8243;][\/vc_column][vc_column column_width_percent=\u00bb100&#8243; overlay_alpha=\u00bb50&#8243; gutter_size=\u00bb0&#8243; medium_width=\u00bb0&#8243; shift_x=\u00bb0&#8243; shift_y=\u00bb0&#8243; z_index=\u00bb0&#8243; css_animation=\u00bbbottom-t-top\u00bb animation_delay=\u00bb400&#8243; width=\u00bb3\/12&#8243;][vc_row_inner row_inner_height_percent=\u00bb30&#8243; back_image=\u00bb60&#8243; overlay_alpha=\u00bb50&#8243; gutter_size=\u00bb3&#8243; medium_visibility=\u00bbyes\u00bb mobile_visibility=\u00bbyes\u00bb shift_y=\u00bb0&#8243; z_index=\u00bb0&#8243;][vc_column_inner width=\u00bb1\/1&#8243;][\/vc_column_inner][\/vc_row_inner][vc_row_inner row_inner_height_percent=\u00bb70&#8243; back_image=\u00bb696&#8243; overlay_color=\u00bbaccent\u00bb overlay_alpha=\u00bb85&#8243; equal_height=\u00bbyes\u00bb gutter_size=\u00bb0&#8243; shift_y=\u00bb0&#8243; z_index=\u00bb0&#8243;][vc_column_inner column_width_percent=\u00bb100&#8243; position_vertical=\u00bbmiddle\u00bb override_padding=\u00bbyes\u00bb column_padding=\u00bb4&#8243; style=\u00bbdark\u00bb gutter_size=\u00bb3&#8243; overlay_alpha=\u00bb50&#8243; align_medium=\u00bbalign_center_tablet\u00bb medium_width=\u00bb0&#8243; align_mobile=\u00bbalign_center_mobile\u00bb shift_x=\u00bb0&#8243; shift_y=\u00bb0&#8243; z_index=\u00bb0&#8243; width=\u00bb1\/1&#8243;][vc_custom_heading heading_semantic=\u00bbh5&#8243; text_height=\u00bb\u00bb text_weight=\u00bb400&#8243; text_italic=\u00bbyes\u00bb separator=\u00bbyes\u00bb]\u201cCaminamos a tu lado.\u201d[\/vc_custom_heading][\/vc_column_inner][\/vc_row_inner][\/vc_column][vc_column column_width_percent=\u00bb100&#8243; back_image=\u00bb694&#8243; overlay_alpha=\u00bb50&#8243; gutter_size=\u00bb3&#8243; medium_width=\u00bb0&#8243; mobile_width=\u00bb0&#8243; shift_x=\u00bb0&#8243; shift_y=\u00bb0&#8243; shift_y_down=\u00bb0&#8243; z_index=\u00bb0&#8243; css_animation=\u00bbbottom-t-top\u00bb animation_delay=\u00bb600&#8243; width=\u00bb3\/12&#8243; mobile_height=\u00bb240&#8243;][\/vc_column][\/vc_row][vc_row row_height_percent=\u00bb0&#8243; override_padding=\u00bbyes\u00bb h_padding=\u00bb2&#8243; top_padding=\u00bb5&#8243; bottom_padding=\u00bb3&#8243; overlay_alpha=\u00bb100&#8243; gutter_size=\u00bb100&#8243; shift_y=\u00bb0&#8243; style=\u00bbinherited\u00bb][vc_column column_width_percent=\u00bb100&#8243; position_vertical=\u00bbmiddle\u00bb align_horizontal=\u00bbalign_center\u00bb overlay_alpha=\u00bb100&#8243; gutter_size=\u00bb3&#8243; medium_width=\u00bb0&#8243; mobile_width=\u00bb0&#8243; shift_x=\u00bb0&#8243; shift_y=\u00bb0&#8243; shift_y_down=\u00bb0&#8243; z_index=\u00bb0&#8243; zoom_width=\u00bb0&#8243; zoom_height=\u00bb0&#8243; width=\u00bb1\/1&#8243;][vc_custom_heading text_size=\u00bbh1&#8243; text_height=\u00bb\u00bb text_font=\u00bbfont-177627&#8243; separator=\u00bbyes\u00bb separator_color=\u00bbyes\u00bb sub_lead=\u00bbyes\u00bb sub_reduced=\u00bbyes\u00bb text_align=\u00bbtext-center\u00bb subheading=\u00bbServicio dirigido a personas que siguen viviendo en su domicilio pero que debido a alg\u00fan tipo de dependencia no pueden realizar de manera aut\u00f3noma las Actividades B\u00e1sicas de la Vida Diaria.\u00bb]Servicio de Atenci\u00f3n a Domicilio[\/vc_custom_heading][\/vc_column][\/vc_row][vc_row unlock_row_content=\u00bbyes\u00bb row_height_percent=\u00bb0&#8243; override_padding=\u00bbyes\u00bb h_padding=\u00bb3&#8243; top_padding=\u00bb1&#8243; bottom_padding=\u00bb6&#8243; overlay_alpha=\u00bb0&#8243; gutter_size=\u00bb100&#8243; column_width_percent=\u00bb100&#8243; shift_y=\u00bb0&#8243; z_index=\u00bb0&#8243; style=\u00bbinherited\u00bb][vc_column column_width_percent=\u00bb80&#8243; position_vertical=\u00bbmiddle\u00bb align_horizontal=\u00bbalign_center\u00bb style=\u00bbdark\u00bb overlay_alpha=\u00bb100&#8243; gutter_size=\u00bb3&#8243; medium_width=\u00bb0&#8243; shift_x=\u00bb0&#8243; shift_y=\u00bb0&#8243; z_index=\u00bb0&#8243; zoom_width=\u00bb0&#8243; zoom_height=\u00bb0&#8243; width=\u00bb1\/1&#8243;][vc_row_inner row_inner_height_percent=\u00bb0&#8243; overlay_alpha=\u00bb100&#8243; gutter_size=\u00bb4&#8243; shift_y=\u00bb0&#8243;][vc_column_inner column_width_percent=\u00bb100&#8243; align_horizontal=\u00bbalign_center\u00bb gutter_size=\u00bb3&#8243; overlay_alpha=\u00bb100&#8243; medium_width=\u00bb3&#8243; mobile_width=\u00bb0&#8243; shift_x=\u00bb0&#8243; shift_y=\u00bb0&#8243; shift_y_down=\u00bb0&#8243; z_index=\u00bb0&#8243; css_animation=\u00bbzoom-in\u00bb animation_delay=\u00bb200&#8243; zoom_width=\u00bb0&#8243; zoom_height=\u00bb0&#8243; width=\u00bb1\/4&#8243;][vc_pie value=\u00bb100&#8243; arc_width=\u00bb2&#8243; icon=\u00bbfa fa-calendar\u00bb bar_color=\u00bbaccent\u00bb col_icon=\u00bbyes\u00bb][vc_custom_heading heading_semantic=\u00bbh3&#8243; text_size=\u00bbh5&#8243; text_height=\u00bb\u00bb text_font=\u00bbfont-762333&#8243; text_weight=\u00bb400&#8243; text_color=\u00bbcolor-wvjs\u00bb]Atenci\u00f3n a la Persona, de Lunes a Viernes[\/vc_custom_heading][\/vc_column_inner][vc_column_inner column_width_percent=\u00bb100&#8243; align_horizontal=\u00bbalign_center\u00bb gutter_size=\u00bb3&#8243; overlay_alpha=\u00bb100&#8243; medium_width=\u00bb3&#8243; mobile_width=\u00bb0&#8243; shift_x=\u00bb0&#8243; shift_y=\u00bb0&#8243; shift_y_down=\u00bb0&#8243; z_index=\u00bb0&#8243; css_animation=\u00bbzoom-in\u00bb animation_delay=\u00bb400&#8243; zoom_width=\u00bb0&#8243; zoom_height=\u00bb0&#8243; width=\u00bb1\/4&#8243;][vc_pie value=\u00bb100&#8243; arc_width=\u00bb2&#8243; icon=\u00bbfa fa-calendar-o\u00bb bar_color=\u00bbaccent\u00bb col_icon=\u00bbyes\u00bb][vc_custom_heading heading_semantic=\u00bbh3&#8243; text_size=\u00bbh5&#8243; text_height=\u00bb\u00bb text_font=\u00bbfont-762333&#8243; text_weight=\u00bb400&#8243; text_color=\u00bbcolor-wvjs\u00bb]Atenci\u00f3n a la Persona, Fines de Semana y Festivos[\/vc_custom_heading][\/vc_column_inner][vc_column_inner column_width_percent=\u00bb100&#8243; align_horizontal=\u00bbalign_center\u00bb gutter_size=\u00bb3&#8243; overlay_alpha=\u00bb100&#8243; medium_width=\u00bb3&#8243; mobile_width=\u00bb0&#8243; shift_x=\u00bb0&#8243; shift_y=\u00bb0&#8243; shift_y_down=\u00bb0&#8243; z_index=\u00bb0&#8243; css_animation=\u00bbzoom-in\u00bb animation_delay=\u00bb600&#8243; zoom_width=\u00bb0&#8243; zoom_height=\u00bb0&#8243; width=\u00bb1\/4&#8243;][vc_pie value=\u00bb100&#8243; arc_width=\u00bb2&#8243; icon=\u00bbfa fa-user-o\u00bb bar_color=\u00bbaccent\u00bb col_icon=\u00bbyes\u00bb][vc_custom_heading heading_semantic=\u00bbh3&#8243; text_size=\u00bbh5&#8243; text_height=\u00bb\u00bb text_font=\u00bbfont-762333&#8243; text_weight=\u00bb400&#8243; text_color=\u00bbcolor-wvjs\u00bb]Acompa\u00f1amientos[\/vc_custom_heading][\/vc_column_inner][vc_column_inner column_width_percent=\u00bb100&#8243; align_horizontal=\u00bbalign_center\u00bb gutter_size=\u00bb3&#8243; overlay_alpha=\u00bb50&#8243; medium_width=\u00bb0&#8243; mobile_width=\u00bb0&#8243; shift_x=\u00bb0&#8243; shift_y=\u00bb0&#8243; shift_y_down=\u00bb0&#8243; z_index=\u00bb0&#8243; css_animation=\u00bbzoom-in\u00bb animation_delay=\u00bb800&#8243; width=\u00bb1\/4&#8243;][vc_pie value=\u00bb100&#8243; arc_width=\u00bb2&#8243; icon=\u00bbfa fa-home3&#8243; bar_color=\u00bbaccent\u00bb col_icon=\u00bbyes\u00bb][vc_custom_heading heading_semantic=\u00bbh3&#8243; text_size=\u00bbh5&#8243; text_height=\u00bb\u00bb text_font=\u00bbfont-762333&#8243; text_weight=\u00bb400&#8243; text_color=\u00bbcolor-wvjs\u00bb]Servicio de Limpieza del Hogar[\/vc_custom_heading][\/vc_column_inner][\/vc_row_inner][\/vc_column][\/vc_row]<\/p>\n<\/section>","protected":false},"excerpt":{"rendered":"<p>[vc_row row_height_percent=\u00bb0&#8243; override_padding=\u00bbyes\u00bb h_padding=\u00bb2&#8243; top_padding=\u00bb5&#8243; bottom_padding=\u00bb3&#8243; overlay_alpha=\u00bb100&#8243; gutter_size=\u00bb100&#8243; shift_y=\u00bb0&#8243; style=\u00bbinherited\u00bb][vc_column column_width_percent=\u00bb100&#8243; position_vertical=\u00bbmiddle\u00bb align_horizontal=\u00bbalign_center\u00bb overlay_alpha=\u00bb100&#8243; gutter_size=\u00bb3&#8243; medium_width=\u00bb0&#8243; mobile_width=\u00bb0&#8243; shift_x=\u00bb0&#8243; shift_y=\u00bb0&#8243; shift_y_down=\u00bb0&#8243; [&hellip;]<\/p>\n","protected":false},"author":1,"featured_media":0,"parent":0,"menu_order":0,"comment_status":"closed","ping_status":"closed","template":"","meta":{"_exactmetrics_skip_tracking":false,"_exactmetrics_sitenote_active":false,"_exactmetrics_sitenote_note":"","_exactmetrics_sitenote_category":0,"footnotes":""},"class_list":["post-752","page","type-page","status-publish","hentry"],"_links":{"self":[{"href":"https:\/\/rubisocial.bcnapps.es\/es\/wp-json\/wp\/v2\/pages\/752","targetHints":{"allow":["GET"]}}],"collection":[{"href":"https:\/\/rubisocial.bcnapps.es\/es\/wp-json\/wp\/v2\/pages"}],"about":[{"href":"https:\/\/rubisocial.bcnapps.es\/es\/wp-json\/wp\/v2\/types\/page"}],"author":[{"embeddable":true,"href":"https:\/\/rubisocial.bcnapps.es\/es\/wp-json\/wp\/v2\/users\/1"}],"replies":[{"embeddable":true,"href":"https:\/\/rubisocial.bcnapps.es\/es\/wp-json\/wp\/v2\/comments?post=752"}],"version-history":[{"count":10,"href":"https:\/\/rubisocial.bcnapps.es\/es\/wp-json\/wp\/v2\/pages\/752\/revisions"}],"predecessor-version":[{"id":1363,"href":"https:\/\/rubisocial.bcnapps.es\/es\/wp-json\/wp\/v2\/pages\/752\/revisions\/1363"}],"wp:attachment":[{"href":"https:\/\/rubisocial.bcnapps.es\/es\/wp-json\/wp\/v2\/media?parent=752"}],"curies":[{"name":"wp","href":"https:\/\/api.w.org\/{rel}","templated":true}]}}