{"id":724,"date":"2018-08-09T17:24:15","date_gmt":"2018-08-09T17:24:15","guid":{"rendered":"https:\/\/rubisocial.bcnapps.es\/?page_id=724"},"modified":"2018-10-11T09:01:37","modified_gmt":"2018-10-11T09:01:37","slug":"quien-somos","status":"publish","type":"page","link":"https:\/\/rubisocial.bcnapps.es\/es\/quien-somos\/","title":{"rendered":"Quien somos"},"content":{"rendered":"<section class=\"wpb-content-wrapper\"><p>[vc_row row_height_percent=\u00bb0&#8243; override_padding=\u00bbyes\u00bb h_padding=\u00bb2&#8243; top_padding=\u00bb3&#8243; bottom_padding=\u00bb4&#8243; overlay_alpha=\u00bb100&#8243; gutter_size=\u00bb100&#8243; column_width_percent=\u00bb100&#8243; shift_y=\u00bb0&#8243; z_index=\u00bb0&#8243; style=\u00bbinherited\u00bb][vc_column column_width_percent=\u00bb100&#8243; position_vertical=\u00bbmiddle\u00bb align_horizontal=\u00bbalign_center\u00bb overlay_alpha=\u00bb100&#8243; gutter_size=\u00bb3&#8243; medium_width=\u00bb0&#8243; mobile_width=\u00bb0&#8243; shift_x=\u00bb0&#8243; shift_y=\u00bb0&#8243; shift_y_down=\u00bb0&#8243; z_index=\u00bb0&#8243; zoom_width=\u00bb0&#8243; zoom_height=\u00bb0&#8243; width=\u00bb1\/1&#8243;][vc_custom_heading text_size=\u00bbh1&#8243; text_height=\u00bb\u00bb text_font=\u00bbfont-177627&#8243; separator=\u00bbyes\u00bb separator_color=\u00bbyes\u00bb sub_lead=\u00bbyes\u00bb sub_reduced=\u00bbyes\u00bb text_align=\u00bbtext-center\u00bb subheading=\u00bbDesde dos ubicaciones excepcionales, combinando el estilo urbano y el entorno rural, se sit\u00faan los dos servicios residenciales para personas mayores \u00abEl Cel de Rub\u00ed\u00ab y \u00abConxita Valls\u00ab. Ambos est\u00e1n inscritos en el Registro de Entidades y Servicios Sociales y ofrecen un gran abanico de servicios.<\/p>\n<p>Focalizamos a la persona como eje central de nuestra intervenci\u00f3n respetando en todo momento sus necesidades y expectativas, as\u00ed como, las de sus familiares. Desde esta vertiente tenemos por objetivo, lograr una total satisfacci\u00f3n con el servicio que ofrecemos. Realizamos una atenci\u00f3n bio-psico-social interviniendo desde las cinco dimensiones fundamentales: f\u00edsica, funcional, cognitiva, emocional y de ocio.<\/p>\n<p>Actualmente la direcci\u00f3n de los centros est\u00e1 a cargo de Marian y Claudia, hijas de una de las fundadoras de la entidad que a trav\u00e9s de su formaci\u00f3n en ingenier\u00eda y su experiencia en el sector asistencial persiguen la mejora continua del servicio buscando la uni\u00f3n perfecta entre las nuevas tecnolog\u00edas y la atenci\u00f3n centrada en la persona para ofrecer un servicio \u00fanico y totalmente adaptado a las necesidades de los usuarios.\u00bb]Quien somos[\/vc_custom_heading][\/vc_column][\/vc_row][vc_row unlock_row_content=\u00bbyes\u00bb row_height_percent=\u00bb0&#8243; override_padding=\u00bbyes\u00bb h_padding=\u00bb0&#8243; top_padding=\u00bb0&#8243; bottom_padding=\u00bb0&#8243; overlay_alpha=\u00bb50&#8243; equal_height=\u00bbyes\u00bb gutter_size=\u00bb0&#8243; column_width_percent=\u00bb100&#8243; shift_y=\u00bb0&#8243; z_index=\u00bb0&#8243; el_class=\u00bbabout-sections\u00bb][vc_column column_width_percent=\u00bb100&#8243; position_vertical=\u00bbmiddle\u00bb override_padding=\u00bbyes\u00bb column_padding=\u00bb3&#8243; style=\u00bbdark\u00bb font_family=\u00bbfont-177627&#8243; back_color=\u00bbcolor-209098&#8243; overlay_alpha=\u00bb50&#8243; gutter_size=\u00bb3&#8243; align_medium=\u00bbalign_center_tablet\u00bb medium_width=\u00bb0&#8243; align_mobile=\u00bbalign_center_mobile\u00bb mobile_width=\u00bb0&#8243; shift_x=\u00bb0&#8243; shift_y=\u00bb0&#8243; shift_y_down=\u00bb0&#8243; z_index=\u00bb0&#8243; width=\u00bb5\/12&#8243;][vc_custom_heading heading_semantic=\u00bbh3&#8243; text_size=\u00bbh1&#8243; text_height=\u00bb\u00bb text_weight=\u00bb700&#8243; text_transform=\u00bbcapitalize\u00bb text_color=\u00bbcolor-xsdn\u00bb separator=\u00bbyes\u00bb separator_color=\u00bbyes\u00bb]Misi\u00f3n[\/vc_custom_heading][vc_column_text text_lead=\u00bbyes\u00bb]Somos una entidad dedicada a la atenci\u00f3n, asistencia y protecci\u00f3n de las personas mayores usuarias de nuestros servicios mediante t\u00e9cnicas de atenci\u00f3n personalizada y permanente. Adapt\u00e1ndonos siempre a sus necesidades, trabajamos para preservar las capacidades presentes y prevenir las disfunciones futuras, teniendo en cuenta, de forma primordial; la promoci\u00f3n de la calidad de vida.[\/vc_column_text][\/vc_column][vc_column column_width_percent=\u00bb100&#8243; position_vertical=\u00bbmiddle\u00bb override_padding=\u00bbyes\u00bb column_padding=\u00bb3&#8243; style=\u00bbdark\u00bb font_family=\u00bbfont-177627&#8243; back_color=\u00bbcolor-204125&#8243; overlay_alpha=\u00bb50&#8243; gutter_size=\u00bb3&#8243; align_medium=\u00bbalign_center_tablet\u00bb medium_width=\u00bb0&#8243; align_mobile=\u00bbalign_center_mobile\u00bb mobile_width=\u00bb0&#8243; shift_x=\u00bb0&#8243; shift_y=\u00bb0&#8243; shift_y_down=\u00bb0&#8243; z_index=\u00bb0&#8243; width=\u00bb4\/12&#8243;][vc_custom_heading heading_semantic=\u00bbh3&#8243; text_size=\u00bbh1&#8243; text_height=\u00bb\u00bb text_weight=\u00bb700&#8243; text_transform=\u00bbcapitalize\u00bb separator=\u00bbyes\u00bb separator_color=\u00bbyes\u00bb]Visi\u00f3n[\/vc_custom_heading][vc_column_text text_lead=\u00bbyes\u00bb]Ser un referente en la comarca en la atenci\u00f3n mixta, privada y colaboradora a las personas mayores apostando por la innovaci\u00f3n a trav\u00e9s de las nuevas tecnolog\u00edas contemplando los cambios sociales existentes, cubriendo permanentemente sus necesidades para conseguir mejoras en la calidad de vida .[\/vc_column_text][\/vc_column][vc_column column_width_percent=\u00bb100&#8243; position_vertical=\u00bbmiddle\u00bb override_padding=\u00bbyes\u00bb column_padding=\u00bb3&#8243; style=\u00bbdark\u00bb font_family=\u00bbfont-177627&#8243; back_color=\u00bbcolor-177957&#8243; overlay_alpha=\u00bb50&#8243; gutter_size=\u00bb3&#8243; align_medium=\u00bbalign_center_tablet\u00bb medium_width=\u00bb0&#8243; align_mobile=\u00bbalign_center_mobile\u00bb mobile_width=\u00bb0&#8243; shift_x=\u00bb0&#8243; shift_y=\u00bb0&#8243; shift_y_down=\u00bb0&#8243; z_index=\u00bb0&#8243; width=\u00bb3\/12&#8243;][vc_custom_heading heading_semantic=\u00bbh3&#8243; text_size=\u00bbh1&#8243; text_height=\u00bb\u00bb text_weight=\u00bb700&#8243; separator=\u00bbyes\u00bb separator_color=\u00bbyes\u00bb]Principios[\/vc_custom_heading][vc_column_text text_lead=\u00bbyes\u00bb]La \u00e9tica, la autonom\u00eda, la participaci\u00f3n, la integridad, la individualidad, la independencia, la especializaci\u00f3n y la familiaridad son los principios que nos acompa\u00f1an en nuestra intervenci\u00f3n y desarrollo diario.[\/vc_column_text][\/vc_column][\/vc_row][vc_row unlock_row_content=\u00bbyes\u00bb row_height_percent=\u00bb0&#8243; override_padding=\u00bbyes\u00bb h_padding=\u00bb0&#8243; top_padding=\u00bb0&#8243; bottom_padding=\u00bb0&#8243; overlay_alpha=\u00bb100&#8243; gutter_size=\u00bb0&#8243; style=\u00bbinherited\u00bb][\/vc_row][vc_row unlock_row_content=\u00bbyes\u00bb row_height_percent=\u00bb0&#8243; override_padding=\u00bbyes\u00bb h_padding=\u00bb0&#8243; top_padding=\u00bb0&#8243; bottom_padding=\u00bb0&#8243; overlay_alpha=\u00bb50&#8243; equal_height=\u00bbyes\u00bb gutter_size=\u00bb0&#8243; shift_y=\u00bb0&#8243;][\/vc_row][vc_row row_height_percent=\u00bb0&#8243; override_padding=\u00bbyes\u00bb h_padding=\u00bb2&#8243; top_padding=\u00bb5&#8243; bottom_padding=\u00bb5&#8243; back_color=\u00bbcolor-xsdn\u00bb overlay_alpha=\u00bb90&#8243; gutter_size=\u00bb100&#8243; column_width_percent=\u00bb100&#8243; shift_y=\u00bb0&#8243; z_index=\u00bb0&#8243; style=\u00bbinherited\u00bb][vc_column column_width_percent=\u00bb100&#8243; position_horizontal=\u00bbleft\u00bb align_horizontal=\u00bbalign_center\u00bb overlay_alpha=\u00bb100&#8243; gutter_size=\u00bb4&#8243; medium_width=\u00bb0&#8243; mobile_width=\u00bb0&#8243; shift_x=\u00bb0&#8243; shift_y=\u00bb0&#8243; z_index=\u00bb0&#8243; zoom_width=\u00bb0&#8243; zoom_height=\u00bb0&#8243; width=\u00bb1\/1&#8243;][vc_custom_heading text_size=\u00bbh1&#8243; text_height=\u00bb\u00bb text_font=\u00bbfont-177627&#8243; separator=\u00bbyes\u00bb separator_color=\u00bbyes\u00bb sub_lead=\u00bbyes\u00bb sub_reduced=\u00bbyes\u00bb text_align=\u00bbtext-center\u00bb]Nuestros Valores[\/vc_custom_heading][vc_row_inner row_inner_height_percent=\u00bb0&#8243; overlay_alpha=\u00bb100&#8243; gutter_size=\u00bb4&#8243; shift_y=\u00bb0&#8243;][vc_column_inner column_width_percent=\u00bb100&#8243; align_horizontal=\u00bbalign_center\u00bb style=\u00bblight\u00bb gutter_size=\u00bb3&#8243; overlay_alpha=\u00bb100&#8243; medium_width=\u00bb3&#8243; mobile_width=\u00bb0&#8243; shift_x=\u00bb0&#8243; shift_y=\u00bb0&#8243; shift_y_down=\u00bb0&#8243; z_index=\u00bb0&#8243; zoom_width=\u00bb0&#8243; zoom_height=\u00bb0&#8243; width=\u00bb1\/3&#8243;][vc_icon icon=\u00bbfa fa-balance-scale\u00bb icon_color=\u00bbcolor-lila\u00bb background_style=\u00bbfa-rounded\u00bb size=\u00bbfa-4x\u00bb text_font=\u00bbfont-177627&#8243; text_weight=\u00bb700&#8243; text_height=\u00bb\u00bb text_reduced=\u00bbyes\u00bb css_animation=\u00bbbottom-t-top\u00bb animation_delay=\u00bb200&#8243; align=\u00bbleft\u00bb title=\u00bbIntegridad\u00bb]Toda actuaci\u00f3n se basar\u00e1 en el respeto y la perseverancia de la dignidad humana de cada individuo independientemente del estado en el que se encuentre. Cualquier actuaci\u00f3n deber\u00e1 tener en cuenta los valores \u00e9ticos y un profundo respeto a los derechos humanos basados en privacidad, dignidad, respeto a la diferencia, intimidad y libertad personal.[\/vc_icon][\/vc_column_inner][vc_column_inner column_width_percent=\u00bb100&#8243; align_horizontal=\u00bbalign_center\u00bb style=\u00bblight\u00bb gutter_size=\u00bb3&#8243; overlay_alpha=\u00bb100&#8243; medium_width=\u00bb3&#8243; mobile_width=\u00bb0&#8243; shift_x=\u00bb0&#8243; shift_y=\u00bb0&#8243; shift_y_down=\u00bb0&#8243; z_index=\u00bb0&#8243; zoom_width=\u00bb0&#8243; zoom_height=\u00bb0&#8243; width=\u00bb1\/3&#8243;][vc_icon icon_image=\u00bb126&#8243; icon_color=\u00bbcolor-lila\u00bb background_style=\u00bbfa-rounded\u00bb size=\u00bbfa-4x\u00bb text_font=\u00bbfont-177627&#8243; text_weight=\u00bb700&#8243; text_height=\u00bb\u00bb text_reduced=\u00bbyes\u00bb css_animation=\u00bbbottom-t-top\u00bb animation_delay=\u00bb400&#8243; align=\u00bbleft\u00bb title=\u00bbIndividualizaci\u00f3n\u00bb el_class=\u00bbicon-about\u00bb]El usuario es el centro de nuestra acci\u00f3n. Trabajaremos con y para ellas y ellos. Defenderemos su dignidad, protegeremos su persona, favoreceremos sus capacidades y prevendremos posibles disfunciones.[\/vc_icon][\/vc_column_inner][vc_column_inner column_width_percent=\u00bb100&#8243; align_horizontal=\u00bbalign_center\u00bb style=\u00bblight\u00bb gutter_size=\u00bb3&#8243; overlay_alpha=\u00bb100&#8243; medium_width=\u00bb3&#8243; mobile_width=\u00bb0&#8243; shift_x=\u00bb0&#8243; shift_y=\u00bb0&#8243; shift_y_down=\u00bb0&#8243; z_index=\u00bb0&#8243; zoom_width=\u00bb0&#8243; zoom_height=\u00bb0&#8243; width=\u00bb1\/3&#8243;][vc_icon icon_image=\u00bb1240&#8243; icon_color=\u00bbcolor-lila\u00bb background_style=\u00bbfa-rounded\u00bb size=\u00bbfa-4x\u00bb text_font=\u00bbfont-177627&#8243; text_weight=\u00bb700&#8243; text_height=\u00bb\u00bb text_reduced=\u00bbyes\u00bb css_animation=\u00bbbottom-t-top\u00bb animation_delay=\u00bb600&#8243; align=\u00bbleft\u00bb title=\u00bbCalidad\u00bb el_class=\u00bbicon-about\u00bb]Promoveremos la excelencia en la atenci\u00f3n y el servicio, a trav\u00e9s de una buena praxis que tenga en cuenta el funcionamiento integral de la entidad. A trav\u00e9s de los controles de calidad peri\u00f3dicos y las acciones correctivas y de mejora apostaremos por el progreso constante. Con profesionalidad conseguiremos la satisfacci\u00f3n de las personas usuarias y sus familias y \/ o referentes.[\/vc_icon][\/vc_column_inner][\/vc_row_inner][vc_row_inner row_inner_height_percent=\u00bb0&#8243; overlay_alpha=\u00bb100&#8243; gutter_size=\u00bb4&#8243; shift_y=\u00bb0&#8243;][vc_column_inner width=\u00bb1\/6&#8243;][\/vc_column_inner][vc_column_inner column_width_percent=\u00bb100&#8243; align_horizontal=\u00bbalign_center\u00bb style=\u00bblight\u00bb gutter_size=\u00bb3&#8243; overlay_alpha=\u00bb100&#8243; medium_width=\u00bb3&#8243; mobile_width=\u00bb0&#8243; shift_x=\u00bb0&#8243; shift_y=\u00bb0&#8243; shift_y_down=\u00bb0&#8243; z_index=\u00bb0&#8243; zoom_width=\u00bb0&#8243; zoom_height=\u00bb0&#8243; width=\u00bb1\/3&#8243;][vc_icon icon_image=\u00bb123&#8243; icon_color=\u00bbcolor-lila\u00bb background_style=\u00bbfa-rounded\u00bb size=\u00bbfa-4x\u00bb text_font=\u00bbfont-177627&#8243; text_weight=\u00bb700&#8243; text_height=\u00bb\u00bb text_reduced=\u00bbyes\u00bb css_animation=\u00bbbottom-t-top\u00bb animation_delay=\u00bb200&#8243; align=\u00bbleft\u00bb title=\u00bbDignidad humana\u00bb el_class=\u00bbicon-about\u00bb]Entendido como el derecho innato de las personas a ser tratadas de manera justa a trabajar para la atenci\u00f3n de las personas mayores de forma personalizada, con respeto, amabilidad, garantizando su autonom\u00eda personal y protegi\u00e9ndolas ante situaciones que puedan ponerlas en situaci\u00f3n de vulnerabilidad.[\/vc_icon][\/vc_column_inner][vc_column_inner column_width_percent=\u00bb100&#8243; align_horizontal=\u00bbalign_center\u00bb style=\u00bblight\u00bb gutter_size=\u00bb3&#8243; overlay_alpha=\u00bb100&#8243; medium_width=\u00bb3&#8243; mobile_width=\u00bb0&#8243; shift_x=\u00bb0&#8243; shift_y=\u00bb0&#8243; shift_y_down=\u00bb0&#8243; z_index=\u00bb0&#8243; zoom_width=\u00bb0&#8243; zoom_height=\u00bb0&#8243; width=\u00bb1\/3&#8243;][vc_icon icon_image=\u00bb115&#8243; icon_color=\u00bbcolor-lila\u00bb background_style=\u00bbfa-rounded\u00bb size=\u00bbfa-4x\u00bb text_font=\u00bbfont-177627&#8243; text_weight=\u00bb700&#8243; text_height=\u00bb\u00bb text_reduced=\u00bbyes\u00bb css_animation=\u00bbbottom-t-top\u00bb animation_delay=\u00bb400&#8243; align=\u00bbleft\u00bb title=\u00bbResponsabilidad\u00bb el_class=\u00bbicon-about\u00bb]Nos comprometeremos y trabajaremos para que as\u00ed sea, asegurar el bienestar y la calidad de vida de las personas mayores adapt\u00e1ndonos a sus necesidades. Queremos que las familias y \/ o personas de referencia conf\u00eden en nuestra entidad para delegar la atenci\u00f3n continuada de sus familiares.[\/vc_icon][\/vc_column_inner][vc_column_inner width=\u00bb1\/6&#8243;][\/vc_column_inner][\/vc_row_inner][\/vc_column][\/vc_row][vc_row row_height_percent=\u00bb0&#8243; override_padding=\u00bbyes\u00bb h_padding=\u00bb2&#8243; top_padding=\u00bb4&#8243; bottom_padding=\u00bb2&#8243; back_color=\u00bbcolor-prif\u00bb overlay_alpha=\u00bb100&#8243; gutter_size=\u00bb100&#8243; column_width_percent=\u00bb100&#8243; shift_y=\u00bb0&#8243; z_index=\u00bb0&#8243; style=\u00bbinherited\u00bb][vc_column column_width_percent=\u00bb100&#8243; position_vertical=\u00bbmiddle\u00bb align_horizontal=\u00bbalign_center\u00bb overlay_alpha=\u00bb100&#8243; gutter_size=\u00bb3&#8243; medium_width=\u00bb0&#8243; mobile_width=\u00bb0&#8243; shift_x=\u00bb0&#8243; shift_y=\u00bb0&#8243; shift_y_down=\u00bb0&#8243; z_index=\u00bb0&#8243; zoom_width=\u00bb0&#8243; zoom_height=\u00bb0&#8243; width=\u00bb1\/1&#8243;][vc_custom_heading text_size=\u00bbh1&#8243; text_height=\u00bb\u00bb text_font=\u00bbfont-177627&#8243; text_color=\u00bbcolor-xsdn\u00bb separator=\u00bbyes\u00bb separator_color=\u00bbyes\u00bb sub_lead=\u00bbyes\u00bb sub_reduced=\u00bbyes\u00bb text_align=\u00bbtext-center\u00bb subheading=\u00bbEl Grupo Rub\u00ed Social es sin\u00f3nimo de calidad y garant\u00eda. Damos mucha importancia a la continuidad de nuestro servicio, del personal y de la familia Rub\u00ed Social. Disponemos de garant\u00eda de calidad estando auditados por la Norma ISO-9001 a nivel anual.\u00bb el_class=\u00bbabout-section-dark\u00bb]Con\u00f3cenos m\u00e1s[\/vc_custom_heading][\/vc_column][\/vc_row][vc_row row_height_percent=\u00bb30&#8243; override_padding=\u00bbyes\u00bb h_padding=\u00bb2&#8243; top_padding=\u00bb2&#8243; bottom_padding=\u00bb4&#8243; back_color=\u00bbcolor-prif\u00bb overlay_alpha=\u00bb90&#8243; gutter_size=\u00bb100&#8243; column_width_percent=\u00bb100&#8243; shift_y=\u00bb0&#8243; z_index=\u00bb0&#8243; style=\u00bbinherited\u00bb el_class=\u00bbcounters-about\u00bb][vc_column column_width_percent=\u00bb100&#8243; position_horizontal=\u00bbleft\u00bb position_vertical=\u00bbmiddle\u00bb align_horizontal=\u00bbalign_center\u00bb style=\u00bbdark\u00bb overlay_alpha=\u00bb100&#8243; gutter_size=\u00bb3&#8243; medium_width=\u00bb0&#8243; mobile_width=\u00bb0&#8243; shift_x=\u00bb0&#8243; shift_y=\u00bb0&#8243; shift_y_down=\u00bb0&#8243; z_index=\u00bb0&#8243; zoom_width=\u00bb0&#8243; zoom_height=\u00bb0&#8243; width=\u00bb1\/4&#8243;][uncode_counter value=\u00bb91.6&#8243; size=\u00bbh1&#8243; height=\u00bb\u00bb weight=\u00bb600&#8243; text=\u00bbMUJERES EN PLANTILLA\u00bb suffix=\u00bb%\u00bb dimension=\u00bbh1&#8243;][vc_custom_heading heading_semantic=\u00bbp\u00bb text_size=\u00bbh6&#8243; text_height=\u00bb\u00bb text_font=\u00bbfont-177627&#8243; text_weight=\u00bb300&#8243;]<em>Nuestra plantilla est\u00e1 formada por un 91,6% de mujeres. La media de edad es del 43 a\u00f1os y m\u00e1s de 8 a\u00f1os de antig\u00fcedad.<\/em>[\/vc_custom_heading][\/vc_column][vc_column column_width_percent=\u00bb100&#8243; position_horizontal=\u00bbleft\u00bb position_vertical=\u00bbmiddle\u00bb align_horizontal=\u00bbalign_center\u00bb style=\u00bbdark\u00bb overlay_alpha=\u00bb100&#8243; gutter_size=\u00bb3&#8243; medium_width=\u00bb0&#8243; mobile_width=\u00bb0&#8243; shift_x=\u00bb0&#8243; shift_y=\u00bb0&#8243; shift_y_down=\u00bb0&#8243; z_index=\u00bb0&#8243; zoom_width=\u00bb0&#8243; zoom_height=\u00bb0&#8243; width=\u00bb1\/4&#8243;][uncode_counter value=\u00bb25&#8243; prefix=\u00bb+\u00bb size=\u00bbh1&#8243; height=\u00bb\u00bb weight=\u00bb600&#8243; text=\u00bbA\u00d1OS DE EXPERIENCIA\u00bb dimension=\u00bbh1&#8243;][vc_custom_heading heading_semantic=\u00bbp\u00bb text_size=\u00bbh6&#8243; text_height=\u00bb\u00bb text_font=\u00bbfont-177627&#8243; text_weight=\u00bb300&#8243;]<em>El grupo Rub\u00ed Social fue la primera entidad del municipio en realizar Servicio de Atenci\u00f3n a Domicilio hace m\u00e1s de 25 a\u00f1os.<\/em>[\/vc_custom_heading][\/vc_column][vc_column column_width_percent=\u00bb100&#8243; position_horizontal=\u00bbleft\u00bb position_vertical=\u00bbmiddle\u00bb align_horizontal=\u00bbalign_center\u00bb style=\u00bbdark\u00bb overlay_alpha=\u00bb100&#8243; gutter_size=\u00bb3&#8243; medium_width=\u00bb0&#8243; mobile_width=\u00bb0&#8243; shift_x=\u00bb0&#8243; shift_y=\u00bb0&#8243; shift_y_down=\u00bb0&#8243; z_index=\u00bb0&#8243; zoom_width=\u00bb0&#8243; zoom_height=\u00bb0&#8243; width=\u00bb1\/4&#8243;][uncode_counter value=\u00bb8.58&#8243; size=\u00bbh1&#8243; height=\u00bb\u00bb weight=\u00bb600&#8243; text=\u00bbNOTA MEDIA CLIENTES\u00bb dimension=\u00bbh1&#8243;][vc_custom_heading heading_semantic=\u00bbp\u00bb text_size=\u00bbh6&#8243; text_height=\u00bb\u00bb text_font=\u00bbfont-177627&#8243; text_weight=\u00bb300&#8243;]<em>La nota media de la atenci\u00f3n en el centro en la encuesta de satisfacci\u00f3n seg\u00fan nuestros usuarios es de 8,58\u00a0 \u00a0 \u00a0 \u00a0 \u00a0 \u00a0 \u00a0\u00a0<\/em>[\/vc_custom_heading][\/vc_column][vc_column column_width_percent=\u00bb100&#8243; position_horizontal=\u00bbleft\u00bb position_vertical=\u00bbmiddle\u00bb align_horizontal=\u00bbalign_center\u00bb style=\u00bbdark\u00bb overlay_alpha=\u00bb100&#8243; gutter_size=\u00bb3&#8243; medium_width=\u00bb0&#8243; mobile_width=\u00bb0&#8243; shift_x=\u00bb0&#8243; shift_y=\u00bb0&#8243; shift_y_down=\u00bb0&#8243; z_index=\u00bb0&#8243; zoom_width=\u00bb0&#8243; zoom_height=\u00bb0&#8243; width=\u00bb1\/4&#8243;][uncode_counter value=\u00bb10&#8243; prefix=\u00bb+\u00bb size=\u00bbh1&#8243; height=\u00bb\u00bb weight=\u00bb600&#8243; text=\u00bbCURSOS DE FORMACI\u00d3N\u00bb dimension=\u00bbh1&#8243;][vc_custom_heading heading_semantic=\u00bbp\u00bb text_size=\u00bbh6&#8243; text_height=\u00bb\u00bb text_font=\u00bbfont-177627&#8243; text_weight=\u00bb300&#8243;]<em>Realizamos m\u00e1s de 10 cursos de formaci\u00f3n continuada al a\u00f1o para fomentar el reciclaje de todo el personal del centro.<\/em>[\/vc_custom_heading][\/vc_column][\/vc_row][vc_row row_height_percent=\u00bb0&#8243; override_padding=\u00bbyes\u00bb h_padding=\u00bb2&#8243; top_padding=\u00bb4&#8243; bottom_padding=\u00bb3&#8243; back_color=\u00bbcolor-xsdn\u00bb overlay_alpha=\u00bb100&#8243; gutter_size=\u00bb100&#8243; column_width_percent=\u00bb100&#8243; shift_y=\u00bb0&#8243; z_index=\u00bb0&#8243; style=\u00bbinherited\u00bb][vc_column column_width_percent=\u00bb100&#8243; position_vertical=\u00bbmiddle\u00bb align_horizontal=\u00bbalign_center\u00bb overlay_alpha=\u00bb100&#8243; gutter_size=\u00bb3&#8243; medium_width=\u00bb0&#8243; mobile_width=\u00bb0&#8243; shift_x=\u00bb0&#8243; shift_y=\u00bb0&#8243; shift_y_down=\u00bb0&#8243; z_index=\u00bb0&#8243; zoom_width=\u00bb0&#8243; zoom_height=\u00bb0&#8243; width=\u00bb1\/1&#8243;][vc_custom_heading text_size=\u00bbh1&#8243; text_height=\u00bb\u00bb text_font=\u00bbfont-177627&#8243; separator=\u00bbyes\u00bb separator_color=\u00bbyes\u00bb sub_lead=\u00bbyes\u00bb sub_reduced=\u00bbyes\u00bb text_align=\u00bbtext-center\u00bb subheading=\u00bbCon el objetivo de asegurar el bienestar y la calidad de vida de las personas mayores que atendemos disponemos de un equipo de m\u00e1s de 60 profesionales comprometidos con los valores y la misi\u00f3n de la entidad.\u00bb]Nuestro equipo[\/vc_custom_heading][\/vc_column][\/vc_row][vc_row unlock_row_content=\u00bbyes\u00bb row_height_percent=\u00bb0&#8243; override_padding=\u00bbyes\u00bb h_padding=\u00bb0&#8243; top_padding=\u00bb0&#8243; bottom_padding=\u00bb0&#8243; back_color=\u00bbcolor-xsdn\u00bb overlay_alpha=\u00bb100&#8243; equal_height=\u00bbyes\u00bb gutter_size=\u00bb0&#8243; column_width_percent=\u00bb100&#8243; shift_y=\u00bb0&#8243; z_index=\u00bb0&#8243; style=\u00bbinherited\u00bb row_name=\u00bbOur Team\u00bb][vc_column column_width_percent=\u00bb100&#8243; position_horizontal=\u00bbleft\u00bb position_vertical=\u00bbmiddle\u00bb override_padding=\u00bbyes\u00bb column_padding=\u00bb0&#8243; style=\u00bbdark\u00bb overlay_alpha=\u00bb100&#8243; gutter_size=\u00bb3&#8243; medium_width=\u00bb0&#8243; shift_x=\u00bb0&#8243; shift_y=\u00bb0&#8243; zoom_width=\u00bb0&#8243; zoom_height=\u00bb0&#8243; width=\u00bb1\/1&#8243;][vc_gallery el_id=\u00bbgallery-1&#8243; medias=\u00bb743,746,735,741,742,329,734,336,740,731,744,745&#8243; explode_albums=\u00bbyes\u00bb gutter_size=\u00bb0&#8243; media_items=\u00bbmedia|lightbox|original,title,caption,sep-one|reduced,team-social\u00bb screen_lg=\u00bb1000&#8243; screen_md=\u00bb600&#8243; screen_sm=\u00bb480&#8243; single_width=\u00bb3&#8243; single_back_color=\u00bbcolor-rgdb\u00bb single_overlay_color=\u00bbcolor-rgdb\u00bb single_overlay_coloration=\u00bbbottom_gradient\u00bb single_overlay_opacity=\u00bb20&#8243; single_text_visible=\u00bbyes\u00bb single_text_anim_type=\u00bbbtt\u00bb single_image_coloration=\u00bbdesaturated\u00bb single_image_color_anim=\u00bbyes\u00bb single_h_align=\u00bbcenter\u00bb single_v_position=\u00bbbottom\u00bb single_reduced=\u00bbthree_quarter\u00bb single_padding=\u00bb2&#8243; single_text_reduced=\u00bbyes\u00bb single_elements_click=\u00bbyes\u00bb single_title_dimension=\u00bbh4&#8243; single_title_family=\u00bbfont-177627&#8243; single_title_weight=\u00bb500&#8243; single_title_height=\u00bb\u00bb single_border=\u00bbyes\u00bb single_css_animation=\u00bbzoom-in\u00bb single_animation_delay=\u00bb200&#8243;][\/vc_column][\/vc_row]<\/p>\n<\/section>","protected":false},"excerpt":{"rendered":"<p>[vc_row row_height_percent=\u00bb0&#8243; override_padding=\u00bbyes\u00bb h_padding=\u00bb2&#8243; top_padding=\u00bb3&#8243; bottom_padding=\u00bb4&#8243; overlay_alpha=\u00bb100&#8243; gutter_size=\u00bb100&#8243; column_width_percent=\u00bb100&#8243; shift_y=\u00bb0&#8243; z_index=\u00bb0&#8243; style=\u00bbinherited\u00bb][vc_column column_width_percent=\u00bb100&#8243; position_vertical=\u00bbmiddle\u00bb align_horizontal=\u00bbalign_center\u00bb overlay_alpha=\u00bb100&#8243; gutter_size=\u00bb3&#8243; medium_width=\u00bb0&#8243; mobile_width=\u00bb0&#8243; shift_x=\u00bb0&#8243; [&hellip;]<\/p>\n","protected":false},"author":1,"featured_media":0,"parent":0,"menu_order":0,"comment_status":"closed","ping_status":"closed","template":"","meta":{"_exactmetrics_skip_tracking":false,"_exactmetrics_sitenote_active":false,"_exactmetrics_sitenote_note":"","_exactmetrics_sitenote_category":0,"footnotes":""},"class_list":["post-724","page","type-page","status-publish","hentry"],"_links":{"self":[{"href":"https:\/\/rubisocial.bcnapps.es\/es\/wp-json\/wp\/v2\/pages\/724","targetHints":{"allow":["GET"]}}],"collection":[{"href":"https:\/\/rubisocial.bcnapps.es\/es\/wp-json\/wp\/v2\/pages"}],"about":[{"href":"https:\/\/rubisocial.bcnapps.es\/es\/wp-json\/wp\/v2\/types\/page"}],"author":[{"embeddable":true,"href":"https:\/\/rubisocial.bcnapps.es\/es\/wp-json\/wp\/v2\/users\/1"}],"replies":[{"embeddable":true,"href":"https:\/\/rubisocial.bcnapps.es\/es\/wp-json\/wp\/v2\/comments?post=724"}],"version-history":[{"count":17,"href":"https:\/\/rubisocial.bcnapps.es\/es\/wp-json\/wp\/v2\/pages\/724\/revisions"}],"predecessor-version":[{"id":1397,"href":"https:\/\/rubisocial.bcnapps.es\/es\/wp-json\/wp\/v2\/pages\/724\/revisions\/1397"}],"wp:attachment":[{"href":"https:\/\/rubisocial.bcnapps.es\/es\/wp-json\/wp\/v2\/media?parent=724"}],"curies":[{"name":"wp","href":"https:\/\/api.w.org\/{rel}","templated":true}]}}