{"id":698,"date":"2018-08-09T16:54:05","date_gmt":"2018-08-09T16:54:05","guid":{"rendered":"https:\/\/rubisocial.bcnapps.es\/?page_id=698"},"modified":"2023-08-11T09:39:40","modified_gmt":"2023-08-11T07:39:40","slug":"inicio","status":"publish","type":"page","link":"https:\/\/rubisocial.bcnapps.es\/es\/","title":{"rendered":"Inicio"},"content":{"rendered":"<section class=\"wpb-content-wrapper\"><p>[vc_row row_height_percent=\u00bb0&#8243; override_padding=\u00bbyes\u00bb h_padding=\u00bb2&#8243; top_padding=\u00bb5&#8243; bottom_padding=\u00bb1&#8243; back_color=\u00bbcolor-xsdn\u00bb overlay_alpha=\u00bb100&#8243; gutter_size=\u00bb100&#8243; column_width_percent=\u00bb100&#8243; shift_y=\u00bb0&#8243; z_index=\u00bb0&#8243; style=\u00bbinherited\u00bb][vc_column column_width_percent=\u00bb100&#8243; position_vertical=\u00bbmiddle\u00bb align_horizontal=\u00bbalign_center\u00bb overlay_alpha=\u00bb100&#8243; gutter_size=\u00bb3&#8243; medium_width=\u00bb0&#8243; mobile_width=\u00bb0&#8243; shift_x=\u00bb0&#8243; shift_y=\u00bb0&#8243; shift_y_down=\u00bb0&#8243; z_index=\u00bb0&#8243; zoom_width=\u00bb0&#8243; zoom_height=\u00bb0&#8243; width=\u00bb1\/1&#8243;][vc_custom_heading text_size=\u00bbh1&#8243; text_height=\u00bb\u00bb text_font=\u00bbfont-177627&#8243; separator=\u00bbyes\u00bb separator_color=\u00bbyes\u00bb sub_lead=\u00bbyes\u00bb sub_reduced=\u00bbyes\u00bb text_align=\u00bbtext-center\u00bb subheading=\u00bbEn el Grupo Rub\u00ed Social llevamos varias d\u00e9cadas configur\u00e1ndose como una de las mejores entidades en la atenci\u00f3n a las personas mayores en la comarca del Vall\u00e8s por la calidad y mejora continua de los centros de d\u00eda y residencias. Atendemos a nuestros residentes y familiares desde la profesionalidad, la proximidad y la innovaci\u00f3n, de forma integral y siguiendo el modelo de atenci\u00f3n centrada en la persona fomentando el envejecimiento activo y la garant\u00eda del bienestar f\u00edsico y emocional.<\/p>\n<p>Trabajamos para que los residentes se sientan como en casa y puedan disfrutar de la mayor calidad de vida posible.\u00bb]Grup Rub\u00ed Social[\/vc_custom_heading][\/vc_column][\/vc_row][vc_row row_height_percent=\u00bb0&#8243; override_padding=\u00bbyes\u00bb h_padding=\u00bb2&#8243; top_padding=\u00bb7&#8243; bottom_padding=\u00bb7&#8243; back_color=\u00bbcolor-lxmt\u00bb overlay_alpha=\u00bb100&#8243; gutter_size=\u00bb100&#8243; column_width_percent=\u00bb100&#8243; shift_y=\u00bb0&#8243; z_index=\u00bb0&#8243; enable_top_divider=\u00bbdefault\u00bb top_divider_inv=\u00bbswoosh-opacity\u00bb shape_top_invert=\u00bbyes\u00bb shape_top_h_use_pixel=\u00bb\u00bb shape_top_height=\u00bb150&#8243; shape_top_color=\u00bbcolor-xsdn\u00bb shape_top_opacity=\u00bb100&#8243; shape_top_index=\u00bb0&#8243; enable_bottom_divider=\u00bbdefault\u00bb bottom_divider_inv=\u00bbswoosh-opacity\u00bb shape_bottom_invert=\u00bbyes\u00bb shape_bottom_h_use_pixel=\u00bb\u00bb shape_bottom_height=\u00bb150&#8243; shape_bottom_color=\u00bbcolor-xsdn\u00bb shape_bottom_opacity=\u00bb100&#8243; shape_bottom_index=\u00bb0&#8243; style=\u00bbinherited\u00bb][vc_column column_width_percent=\u00bb100&#8243; position_vertical=\u00bbmiddle\u00bb align_horizontal=\u00bbalign_center\u00bb overlay_alpha=\u00bb100&#8243; gutter_size=\u00bb3&#8243; medium_width=\u00bb0&#8243; mobile_width=\u00bb0&#8243; shift_x=\u00bb0&#8243; shift_y=\u00bb0&#8243; shift_y_down=\u00bb0&#8243; z_index=\u00bb0&#8243; zoom_width=\u00bb0&#8243; zoom_height=\u00bb0&#8243; width=\u00bb1\/1&#8243;][vc_custom_heading text_size=\u00bbh1&#8243; text_height=\u00bb\u00bb text_font=\u00bbfont-177627&#8243; separator=\u00bbyes\u00bb separator_color=\u00bbyes\u00bb sub_lead=\u00bbyes\u00bb sub_reduced=\u00bbyes\u00bb text_align=\u00bbtext-center\u00bb]\u00c1reas y equipos de nuestros servicios.[\/vc_custom_heading][vc_row_inner row_inner_height_percent=\u00bb0&#8243; overlay_alpha=\u00bb50&#8243; equal_height=\u00bbyes\u00bb gutter_size=\u00bb2&#8243; shift_y=\u00bb0&#8243; z_index=\u00bb0&#8243;][vc_column_inner column_width_percent=\u00bb100&#8243; align_horizontal=\u00bbalign_center\u00bb gutter_size=\u00bb3&#8243; back_color=\u00bbcolor-xsdn\u00bb overlay_alpha=\u00bb50&#8243; medium_width=\u00bb0&#8243; mobile_width=\u00bb0&#8243; shift_x=\u00bb0&#8243; shift_y=\u00bb0&#8243; shift_y_down=\u00bb0&#8243; z_index=\u00bb0&#8243; css_animation=\u00bbbottom-t-top\u00bb shadow=\u00bbsm\u00bb radius=\u00bbsm\u00bb width=\u00bb1\/4&#8243;][vc_icon icon_image=\u00bb1235&#8243; icon_color=\u00bbcolor-lila\u00bb background_style=\u00bbfa-rounded\u00bb size=\u00bbfa-3x\u00bb text_height=\u00bb\u00bb el_class=\u00bb.image-icon-home-medical\u00bb][\/vc_icon][vc_custom_heading heading_semantic=\u00bbp\u00bb text_size=\u00bbh3&#8243; text_height=\u00bb\u00bb text_font=\u00bbfont-177627&#8243; text_weight=\u00bb500&#8243; text_color=\u00bbcolor-nhtu\u00bb subheading=\u00bbEncargados de velar por el bienestar y asegurar la calidad asistencial de las personas mayores, curando, paliando o acompa\u00f1ando a las personas mayores y familias siempre que lo necesitan y utilizando la estrategia m\u00e1s adecuada.\u00bb]\u00c1rea Sanitaria[\/vc_custom_heading][\/vc_column_inner][vc_column_inner column_width_percent=\u00bb100&#8243; align_horizontal=\u00bbalign_center\u00bb gutter_size=\u00bb3&#8243; back_color=\u00bbcolor-xsdn\u00bb overlay_alpha=\u00bb50&#8243; medium_width=\u00bb0&#8243; mobile_width=\u00bb0&#8243; shift_x=\u00bb0&#8243; shift_y=\u00bb0&#8243; shift_y_down=\u00bb0&#8243; z_index=\u00bb0&#8243; css_animation=\u00bbbottom-t-top\u00bb animation_delay=\u00bb100&#8243; shadow=\u00bbsm\u00bb radius=\u00bbsm\u00bb width=\u00bb1\/4&#8243;][vc_icon icon=\u00bbfa fa-heart-outline\u00bb icon_color=\u00bbcolor-lila\u00bb background_style=\u00bbfa-rounded\u00bb size=\u00bbfa-3x\u00bb][\/vc_icon][vc_custom_heading heading_semantic=\u00bbp\u00bb text_size=\u00bbh3&#8243; text_height=\u00bb\u00bb text_font=\u00bbfont-177627&#8243; text_weight=\u00bb500&#8243; text_color=\u00bbcolor-nhtu\u00bb subheading=\u00bbTrabajan para mejorar la calidad de vida de las personas mayores facilitando informaci\u00f3n y conexiones sociales. Promueven las relaciones interpersonales y las capacidades comunicativas para garantizar la autonom\u00eda personal.\u00bb]\u00c1rea Social[\/vc_custom_heading][\/vc_column_inner][vc_column_inner column_width_percent=\u00bb100&#8243; align_horizontal=\u00bbalign_center\u00bb gutter_size=\u00bb3&#8243; back_color=\u00bbcolor-xsdn\u00bb overlay_alpha=\u00bb50&#8243; medium_width=\u00bb0&#8243; mobile_width=\u00bb0&#8243; shift_x=\u00bb0&#8243; shift_y=\u00bb0&#8243; shift_y_down=\u00bb0&#8243; z_index=\u00bb0&#8243; css_animation=\u00bbbottom-t-top\u00bb animation_delay=\u00bb200&#8243; shadow=\u00bbsm\u00bb radius=\u00bbsm\u00bb width=\u00bb1\/4&#8243;][vc_icon icon_image=\u00bb123&#8243; icon_color=\u00bbcolor-lila\u00bb background_style=\u00bbfa-rounded\u00bb size=\u00bbfa-3x\u00bb el_class=\u00bbimage-icon-home\u00bb][\/vc_icon][vc_custom_heading heading_semantic=\u00bbp\u00bb text_size=\u00bbh3&#8243; text_height=\u00bb\u00bb text_font=\u00bbfont-177627&#8243; text_weight=\u00bb500&#8243; text_color=\u00bbcolor-nhtu\u00bb subheading=\u00bbSe encargan de velar por la autonom\u00eda de las personas mayores intentando mantener al m\u00e1ximo las capacidades de las personas mayores respecto a las Actividades B\u00e1sicas de la Vida Diaria (AVBD) y las Actividades Instrumentales de la Vida Diaria (AIVD).\u00bb]\u00c1rea\u00a0Funcional[\/vc_custom_heading][\/vc_column_inner][vc_column_inner column_width_percent=\u00bb100&#8243; align_horizontal=\u00bbalign_center\u00bb gutter_size=\u00bb3&#8243; back_color=\u00bbcolor-xsdn\u00bb overlay_alpha=\u00bb50&#8243; medium_width=\u00bb0&#8243; mobile_width=\u00bb0&#8243; shift_x=\u00bb0&#8243; shift_y=\u00bb0&#8243; shift_y_down=\u00bb0&#8243; z_index=\u00bb0&#8243; css_animation=\u00bbbottom-t-top\u00bb animation_delay=\u00bb300&#8243; shadow=\u00bbsm\u00bb radius=\u00bbsm\u00bb width=\u00bb1\/4&#8243;][vc_icon icon_image=\u00bb1231&#8243; icon_color=\u00bbcolor-lila\u00bb background_style=\u00bbfa-rounded\u00bb size=\u00bbfa-3x\u00bb text_height=\u00bb\u00bb el_class=\u00bbimage-icon-home-gero\u00bb][\/vc_icon][vc_custom_heading heading_semantic=\u00bbp\u00bb text_size=\u00bbh3&#8243; text_height=\u00bb\u00bb text_font=\u00bbfont-177627&#8243; text_weight=\u00bb500&#8243; text_color=\u00bbcolor-nhtu\u00bb subheading=\u00bbVelan y se encargan de primera mano de que todas las personas usuarias del servicio tengan cubiertas sus necesidades b\u00e1sicas y que no les falte de nada. Cuidan, junto con el resto de equipo, de crear un ambiente y clima agradable, facilitador y de confianza para hacer que todo el mundo se sienta a gusto.\u00bb]Equipo Gerocultor[\/vc_custom_heading][\/vc_column_inner][\/vc_row_inner][vc_button button_color=\u00bbcolor-lila\u00bb border_width=\u00bb0&#8243; link=\u00bburl:https%3A%2F%2Frubisocial.bcnapps.es%2Fes%2Fservicios%2F|||\u00bb]VER TODOS LOS SERVICIOS[\/vc_button][\/vc_column][\/vc_row][vc_row row_height_percent=\u00bb0&#8243; override_padding=\u00bbyes\u00bb h_padding=\u00bb2&#8243; top_padding=\u00bb2&#8243; bottom_padding=\u00bb2&#8243; back_color=\u00bbcolor-xsdn\u00bb overlay_alpha=\u00bb100&#8243; gutter_size=\u00bb100&#8243; column_width_percent=\u00bb100&#8243; shift_y=\u00bb0&#8243; z_index=\u00bb0&#8243; style=\u00bbinherited\u00bb][vc_column column_width_percent=\u00bb100&#8243; position_vertical=\u00bbmiddle\u00bb align_horizontal=\u00bbalign_center\u00bb overlay_alpha=\u00bb100&#8243; gutter_size=\u00bb3&#8243; medium_width=\u00bb0&#8243; mobile_width=\u00bb0&#8243; shift_x=\u00bb0&#8243; shift_y=\u00bb0&#8243; shift_y_down=\u00bb0&#8243; z_index=\u00bb0&#8243; zoom_width=\u00bb0&#8243; zoom_height=\u00bb0&#8243; width=\u00bb1\/1&#8243;][vc_custom_heading text_size=\u00bbh1&#8243; text_height=\u00bb\u00bb text_font=\u00bbfont-177627&#8243; separator=\u00bbyes\u00bb separator_color=\u00bbyes\u00bb sub_lead=\u00bbyes\u00bb sub_reduced=\u00bbyes\u00bb text_align=\u00bbtext-center\u00bb]Residencias y centros de d\u00eda[\/vc_custom_heading][\/vc_column][\/vc_row][vc_row unlock_row_content=\u00bbyes\u00bb row_height_percent=\u00bb75&#8243; override_padding=\u00bbyes\u00bb h_padding=\u00bb0&#8243; top_padding=\u00bb0&#8243; bottom_padding=\u00bb0&#8243; overlay_alpha=\u00bb50&#8243; equal_height=\u00bbyes\u00bb gutter_size=\u00bb0&#8243; shift_y=\u00bb0&#8243; el_class=\u00bboverflow-hidden\u00bb][vc_column column_width_percent=\u00bb100&#8243; position_vertical=\u00bbmiddle\u00bb override_padding=\u00bbyes\u00bb column_padding=\u00bb0&#8243; overlay_alpha=\u00bb50&#8243; gutter_size=\u00bb0&#8243; medium_width=\u00bb0&#8243; mobile_width=\u00bb0&#8243; shift_x=\u00bb0&#8243; shift_y=\u00bb0&#8243; shift_y_down=\u00bb0&#8243; z_index=\u00bb0&#8243; width=\u00bb1\/2&#8243;][vc_row_inner row_inner_height_percent=\u00bb60&#8243; back_color=\u00bbcolor-prif\u00bb overlay_alpha=\u00bb50&#8243; equal_height=\u00bbyes\u00bb gutter_size=\u00bb0&#8243; shift_y=\u00bb0&#8243; z_index=\u00bb0&#8243;][vc_column_inner column_width_percent=\u00bb100&#8243; gutter_size=\u00bb3&#8243; back_image=\u00bb105&#8243; back_position=\u00bbcenter center\u00bb kburns=\u00bbyes\u00bb overlay_alpha=\u00bb50&#8243; medium_width=\u00bb4&#8243; mobile_width=\u00bb0&#8243; shift_x=\u00bb0&#8243; shift_y=\u00bb0&#8243; shift_y_down=\u00bb0&#8243; z_index=\u00bb0&#8243; width=\u00bb1\/2&#8243; mobile_height=\u00bb280&#8243;][\/vc_column_inner][vc_column_inner column_width_percent=\u00bb100&#8243; position_vertical=\u00bbmiddle\u00bb align_horizontal=\u00bbalign_center\u00bb override_padding=\u00bbyes\u00bb column_padding=\u00bb3&#8243; style=\u00bbdark\u00bb gutter_size=\u00bb2&#8243; overlay_alpha=\u00bb50&#8243; medium_width=\u00bb4&#8243; align_mobile=\u00bbalign_center_mobile\u00bb mobile_width=\u00bb0&#8243; shift_x=\u00bb0&#8243; shift_y=\u00bb0&#8243; shift_y_down=\u00bb0&#8243; z_index=\u00bb0&#8243; width=\u00bb1\/2&#8243;][vc_custom_heading text_height=\u00bb\u00bb text_weight=\u00bb400&#8243;]RESIDENCIA \u201cEL CEL DE RUB\u00cd\u201d[\/vc_custom_heading][vc_column_text]Centro de d\u00eda y residencia para personas mayores en zona c\u00e9ntrica de Rub\u00ed.[\/vc_column_text][vc_button button_color=\u00bbcolor-lila\u00bb border_width=\u00bb0&#8243; link=\u00bburl:https%3A%2F%2Frubisocial.bcnapps.es%2Fes%2Fresidencia-el-cel-de-rubi%2F|||\u00bb]M\u00e1s informaci\u00f3n[\/vc_button][\/vc_column_inner][\/vc_row_inner][vc_row_inner row_inner_height_percent=\u00bb40&#8243; back_image=\u00bb104&#8243; kburns=\u00bbyes\u00bb overlay_alpha=\u00bb50&#8243; gutter_size=\u00bb3&#8243; medium_visibility=\u00bbyes\u00bb mobile_visibility=\u00bbyes\u00bb shift_y=\u00bb0&#8243; z_index=\u00bb0&#8243;][vc_column_inner column_width_percent=\u00bb100&#8243; gutter_size=\u00bb3&#8243; overlay_alpha=\u00bb50&#8243; medium_width=\u00bb0&#8243; shift_x=\u00bb0&#8243; shift_y=\u00bb0&#8243; z_index=\u00bb0&#8243; width=\u00bb1\/1&#8243;][\/vc_column_inner][\/vc_row_inner][\/vc_column][vc_column column_width_percent=\u00bb100&#8243; overlay_alpha=\u00bb50&#8243; gutter_size=\u00bb0&#8243; medium_width=\u00bb0&#8243; mobile_width=\u00bb0&#8243; shift_x=\u00bb0&#8243; shift_y=\u00bb0&#8243; shift_y_down=\u00bb0&#8243; z_index=\u00bb0&#8243; width=\u00bb1\/2&#8243;][vc_row_inner row_inner_height_percent=\u00bb40&#8243; back_image=\u00bb103&#8243; kburns=\u00bbyes\u00bb overlay_alpha=\u00bb50&#8243; gutter_size=\u00bb3&#8243; shift_y=\u00bb0&#8243; z_index=\u00bb0&#8243;][vc_column_inner column_width_percent=\u00bb100&#8243; gutter_size=\u00bb3&#8243; overlay_alpha=\u00bb50&#8243; medium_width=\u00bb0&#8243; mobile_width=\u00bb0&#8243; shift_x=\u00bb0&#8243; shift_y=\u00bb0&#8243; z_index=\u00bb0&#8243; width=\u00bb1\/1&#8243; mobile_height=\u00bb280&#8243;][\/vc_column_inner][\/vc_row_inner][vc_row_inner row_inner_height_percent=\u00bb60&#8243; back_color=\u00bbcolor-prif\u00bb overlay_alpha=\u00bb50&#8243; equal_height=\u00bbyes\u00bb gutter_size=\u00bb0&#8243; shift_y=\u00bb0&#8243; z_index=\u00bb0&#8243;][vc_column_inner column_width_percent=\u00bb100&#8243; gutter_size=\u00bb3&#8243; back_image=\u00bb102&#8243; back_position=\u00bbcenter center\u00bb kburns=\u00bbyes\u00bb overlay_alpha=\u00bb50&#8243; medium_width=\u00bb4&#8243; mobile_visibility=\u00bbyes\u00bb mobile_width=\u00bb0&#8243; shift_x=\u00bb0&#8243; shift_y=\u00bb0&#8243; shift_y_down=\u00bb0&#8243; z_index=\u00bb0&#8243; width=\u00bb1\/2&#8243; mobile_height=\u00bb280&#8243;][\/vc_column_inner][vc_column_inner column_width_percent=\u00bb100&#8243; position_vertical=\u00bbmiddle\u00bb align_horizontal=\u00bbalign_center\u00bb override_padding=\u00bbyes\u00bb column_padding=\u00bb3&#8243; style=\u00bbdark\u00bb gutter_size=\u00bb2&#8243; overlay_alpha=\u00bb50&#8243; medium_width=\u00bb4&#8243; align_mobile=\u00bbalign_center_mobile\u00bb mobile_width=\u00bb0&#8243; shift_x=\u00bb0&#8243; shift_y=\u00bb0&#8243; shift_y_down=\u00bb0&#8243; z_index=\u00bb0&#8243; width=\u00bb1\/2&#8243;][vc_custom_heading text_height=\u00bb\u00bb text_weight=\u00bb400&#8243;]RESIDENCIA \u201cCONXITA VALLS\u201d[\/vc_custom_heading][vc_column_text]Centro de d\u00eda y residencia para personas mayores en zona natural, entre urbanizaci\u00f3n Sant Mu\u00e7 y los 4 vientos.[\/vc_column_text][vc_button button_color=\u00bbcolor-lila\u00bb border_width=\u00bb0&#8243; link=\u00bburl:https%3A%2F%2Frubisocial.bcnapps.es%2Fes%2Fresidencia-conxita-valls%2F|||\u00bb]M\u00e1s informaci\u00f3n[\/vc_button][\/vc_column_inner][\/vc_row_inner][\/vc_column][\/vc_row][vc_row row_height_percent=\u00bb0&#8243; override_padding=\u00bbyes\u00bb h_padding=\u00bb2&#8243; top_padding=\u00bb5&#8243; bottom_padding=\u00bb3&#8243; back_color=\u00bbcolor-xsdn\u00bb overlay_alpha=\u00bb100&#8243; gutter_size=\u00bb100&#8243; column_width_percent=\u00bb100&#8243; shift_y=\u00bb0&#8243; z_index=\u00bb0&#8243; style=\u00bbinherited\u00bb][vc_column column_width_percent=\u00bb100&#8243; position_vertical=\u00bbmiddle\u00bb align_horizontal=\u00bbalign_center\u00bb overlay_alpha=\u00bb100&#8243; gutter_size=\u00bb3&#8243; medium_width=\u00bb0&#8243; mobile_width=\u00bb0&#8243; shift_x=\u00bb0&#8243; shift_y=\u00bb0&#8243; shift_y_down=\u00bb0&#8243; z_index=\u00bb0&#8243; zoom_width=\u00bb0&#8243; zoom_height=\u00bb0&#8243; width=\u00bb1\/1&#8243;][vc_custom_heading text_size=\u00bbh1&#8243; text_height=\u00bb\u00bb text_font=\u00bbfont-177627&#8243; separator=\u00bbyes\u00bb separator_color=\u00bbyes\u00bb sub_lead=\u00bbyes\u00bb sub_reduced=\u00bbyes\u00bb text_align=\u00bbtext-center\u00bb subheading=\u00bbNunca debemos olvidar qui\u00e9nes somos y de d\u00f3nde venimos. El \u00e9xito del presente es el resultado del trabajo del pasado.<br \/>\nEl Grupo Rub\u00ed Social naci\u00f3 en 1993 cuando dos trabajadoras familiares, la Piedad y Mar\u00eda, del Casal de la gente mayor de Rub\u00ed crearon una cooperativa social que ten\u00eda por objetivo ofrecer el primer servicio a domicilio del municipio de Rub\u00ed.<br \/>\nA ra\u00edz de esta primera experiencia, en 1994 abre sus puertas la Residencia \u00abRub\u00ed Social\u00ab, la primera residencia privada de Rub\u00ed para dar cobertura a las necesidades que se hab\u00edan detectado desde la atenci\u00f3n a domicilio.<br \/>\nPero esta residencia pronto queda peque\u00f1a y finalmente, en 1998 naci\u00f3 el centro de d\u00eda y residencia para ancianos \u00abEl Cielo de Rub\u00ed\u00ab que ha ido prosperando y mejorando continuamente con el paso del tiempo para responder a la realidad actual y dar cobertura a la creciente demanda de asistencia especializada.<br \/>\nEn 2006 la Piedad y Mar\u00eda, junto con algunas auxiliares de la residencia \u00abRub\u00ed Social\u00ab crean Asistencial Rub\u00ed S.L.L. una sociedad laboral que ser\u00e1 la encargada de dar luz a un nuevo proyecto, la Residencia \u00abConxita Valls\u00ab.<br \/>\nHan sido a\u00f1os de trabajo, esfuerzo, cambios, adaptaci\u00f3n e innovaci\u00f3n para poder llegar a lo que somos hoy por hoy. Nuestra voluntad ha sido siempre crecer y adaptarse a los nuevos tiempos sin olvidar nunca lo que nos trajo hasta aqu\u00ed. La esencia que nos caracteriza es lo que nos hace ser diferentes.\u00bb]De d\u00f3nde venimos?[\/vc_custom_heading][\/vc_column][\/vc_row][vc_row row_height_percent=\u00bb0&#8243; override_padding=\u00bbyes\u00bb h_padding=\u00bb0&#8243; top_padding=\u00bb4&#8243; bottom_padding=\u00bb4&#8243; back_image=\u00bb60&#8243; back_position=\u00bbcenter center\u00bb overlay_color=\u00bbcolor-jevc\u00bb overlay_alpha=\u00bb60&#8243; gutter_size=\u00bb3&#8243; column_width_percent=\u00bb100&#8243; shift_y=\u00bb0&#8243; z_index=\u00bb0&#8243;][vc_column width=\u00bb1\/1&#8243;][vc_gallery el_id=\u00bbgallery-290666&#8243; type=\u00bbcarousel\u00bb medias=\u00bb1100,1107,1109,1111,1113,1117&#8243; carousel_lg=\u00bb1&#8243; carousel_md=\u00bb1&#8243; carousel_sm=\u00bb1&#8243; gutter_size=\u00bb0&#8243; carousel_interval=\u00bb5000&#8243; carousel_navspeed=\u00bb400&#8243; carousel_loop=\u00bbyes\u00bb carousel_nav_skin=\u00bbdark\u00bb carousel_dots=\u00bbyes\u00bb carousel_dots_mobile=\u00bbyes\u00bb carousel_autoh=\u00bbyes\u00bb carousel_textual=\u00bbyes\u00bb stage_padding=\u00bb0&#8243; single_overlay_opacity=\u00bb50&#8243; single_padding=\u00bb2&#8243; single_title_dimension=\u00bbh4&#8243; single_title_family=\u00bbfont-177627&#8243; single_title_weight=\u00bb300&#8243; single_title_height=\u00bb\u00bb single_css_animation=\u00bbalpha-anim\u00bb single_animation_delay=\u00bb200&#8243; el_class=\u00bbcarrousel-testimonials\u00bb items=\u00bbeyIxMDk5X2kiOnsic2luZ2xlX2hfYWxpZ24iOiJsZWZ0Iiwic2luZ2xlX3ZfcG9zaXRpb24iOiIifX0=\u00bb][\/vc_column][\/vc_row][vc_row row_height_percent=\u00bb0&#8243; override_padding=\u00bbyes\u00bb h_padding=\u00bb2&#8243; top_padding=\u00bb5&#8243; bottom_padding=\u00bb2&#8243; back_color=\u00bbcolor-lxmt\u00bb overlay_alpha=\u00bb100&#8243; gutter_size=\u00bb100&#8243; column_width_percent=\u00bb100&#8243; shift_y=\u00bb0&#8243; z_index=\u00bb0&#8243; style=\u00bbinherited\u00bb][vc_column column_width_percent=\u00bb100&#8243; position_vertical=\u00bbmiddle\u00bb align_horizontal=\u00bbalign_center\u00bb overlay_alpha=\u00bb100&#8243; gutter_size=\u00bb3&#8243; medium_width=\u00bb0&#8243; mobile_width=\u00bb0&#8243; shift_x=\u00bb0&#8243; shift_y=\u00bb0&#8243; shift_y_down=\u00bb0&#8243; z_index=\u00bb0&#8243; zoom_width=\u00bb0&#8243; zoom_height=\u00bb0&#8243; width=\u00bb1\/1&#8243;][vc_custom_heading text_size=\u00bbh1&#8243; text_height=\u00bb\u00bb text_font=\u00bbfont-177627&#8243; separator=\u00bbyes\u00bb separator_color=\u00bbyes\u00bb sub_lead=\u00bbyes\u00bb sub_reduced=\u00bbyes\u00bb text_align=\u00bbtext-center\u00bb]Porque nosotros?[\/vc_custom_heading][\/vc_column][\/vc_row][vc_row row_height_percent=\u00bb35&#8243; override_padding=\u00bbyes\u00bb h_padding=\u00bb2&#8243; top_padding=\u00bb2&#8243; bottom_padding=\u00bb0&#8243; back_color=\u00bbcolor-lxmt\u00bb overlay_alpha=\u00bb50&#8243; gutter_size=\u00bb3&#8243; column_width_percent=\u00bb100&#8243; shift_y=\u00bb0&#8243; z_index=\u00bb0&#8243; css=\u00bb.vc_custom_1535551069086{border-bottom-width: 1px !important;}\u00bb][vc_column column_width_percent=\u00bb100&#8243; position_horizontal=\u00bbleft\u00bb overlay_alpha=\u00bb50&#8243; gutter_size=\u00bb3&#8243; align_medium=\u00bbalign_center_tablet\u00bb medium_width=\u00bb7&#8243; mobile_width=\u00bb0&#8243; shift_x=\u00bb0&#8243; shift_y=\u00bb0&#8243; shift_y_down=\u00bb0&#8243; z_index=\u00bb0&#8243; zoom_width=\u00bb0&#8243; zoom_height=\u00bb0&#8243; width=\u00bb1\/3&#8243;][vc_row_inner][vc_column_inner column_width_percent=\u00bb100&#8243; override_padding=\u00bbyes\u00bb column_padding=\u00bb0&#8243; gutter_size=\u00bb3&#8243; overlay_alpha=\u00bb50&#8243; medium_width=\u00bb2&#8243; mobile_width=\u00bb2&#8243; shift_x=\u00bb0&#8243; shift_y=\u00bb0&#8243; shift_y_down=\u00bb0&#8243; z_index=\u00bb0&#8243; width=\u00bb1\/4&#8243;][vc_custom_heading heading_semantic=\u00bbp\u00bb text_size=\u00bbh3&#8243; text_font=\u00bbfont-177627&#8243; text_color=\u00bbcolor-lila\u00bb el_class=\u00bbhome-number-why\u00bb]1[\/vc_custom_heading][\/vc_column_inner][vc_column_inner column_width_percent=\u00bb100&#8243; position_horizontal=\u00bbleft\u00bb position_vertical=\u00bbmiddle\u00bb override_padding=\u00bbyes\u00bb column_padding=\u00bb1&#8243; gutter_size=\u00bb3&#8243; overlay_alpha=\u00bb50&#8243; medium_width=\u00bb6&#8243; mobile_width=\u00bb6&#8243; shift_x=\u00bb0&#8243; shift_y=\u00bb0&#8243; shift_y_down=\u00bb0&#8243; z_index=\u00bb0&#8243; width=\u00bb3\/4&#8243; el_class=\u00bbhome-why-padding-left\u00bb][vc_custom_heading heading_semantic=\u00bbp\u00bb text_size=\u00bbh4&#8243; text_height=\u00bb\u00bb text_font=\u00bbfont-177627&#8243; text_weight=\u00bb500&#8243; text_color=\u00bbcolor-nhtu\u00bb]Amplia experiencia en el sector[\/vc_custom_heading][\/vc_column_inner][\/vc_row_inner][vc_row_inner row_inner_height_percent=\u00bb0&#8243; overlay_alpha=\u00bb50&#8243; gutter_size=\u00bb3&#8243; shift_y=\u00bb0&#8243; z_index=\u00bb0&#8243; css=\u00bb.vc_custom_1535551298290{margin-top: 8px !important;}\u00bb][vc_column_inner column_width_percent=\u00bb100&#8243; gutter_size=\u00bb3&#8243; overlay_alpha=\u00bb50&#8243; medium_width=\u00bb2&#8243; mobile_width=\u00bb2&#8243; shift_x=\u00bb0&#8243; shift_y=\u00bb0&#8243; shift_y_down=\u00bb0&#8243; z_index=\u00bb0&#8243; width=\u00bb1\/4&#8243;][\/vc_column_inner][vc_column_inner column_width_percent=\u00bb100&#8243; override_padding=\u00bbyes\u00bb column_padding=\u00bb1&#8243; gutter_size=\u00bb3&#8243; overlay_alpha=\u00bb50&#8243; medium_width=\u00bb6&#8243; mobile_width=\u00bb6&#8243; shift_x=\u00bb0&#8243; shift_y=\u00bb0&#8243; shift_y_down=\u00bb0&#8243; z_index=\u00bb0&#8243; width=\u00bb3\/4&#8243; el_class=\u00bbhome-why-padding-left\u00bb][vc_custom_heading heading_semantic=\u00bbp\u00bb text_size=\u00bbfontsize-193555&#8243; text_height=\u00bb\u00bb text_font=\u00bbfont-177627&#8243; text_weight=\u00bb300&#8243; text_color=\u00bbcolor-wayh\u00bb]Los m\u00e1s de 25 a\u00f1os de experiencia en el sector son una clara garant\u00eda de la adecuada atenci\u00f3n integral de la persona durante su estancia en el centro. Realizamos toda intervenci\u00f3n desde la perspectiva bio-psico-social.[\/vc_custom_heading][\/vc_column_inner][\/vc_row_inner][\/vc_column][vc_column column_width_percent=\u00bb100&#8243; overlay_alpha=\u00bb50&#8243; gutter_size=\u00bb3&#8243; align_medium=\u00bbalign_center_tablet\u00bb medium_width=\u00bb7&#8243; mobile_width=\u00bb0&#8243; shift_x=\u00bb0&#8243; shift_y=\u00bb0&#8243; shift_y_down=\u00bb0&#8243; z_index=\u00bb0&#8243; zoom_width=\u00bb0&#8243; zoom_height=\u00bb0&#8243; width=\u00bb1\/3&#8243;][vc_row_inner][vc_column_inner column_width_percent=\u00bb100&#8243; override_padding=\u00bbyes\u00bb column_padding=\u00bb0&#8243; gutter_size=\u00bb3&#8243; overlay_alpha=\u00bb50&#8243; medium_width=\u00bb2&#8243; mobile_width=\u00bb2&#8243; shift_x=\u00bb0&#8243; shift_y=\u00bb0&#8243; shift_y_down=\u00bb0&#8243; z_index=\u00bb0&#8243; width=\u00bb1\/4&#8243;][vc_custom_heading heading_semantic=\u00bbp\u00bb text_size=\u00bbh3&#8243; text_height=\u00bb\u00bb text_font=\u00bbfont-177627&#8243; text_color=\u00bbcolor-lila\u00bb el_class=\u00bbhome-number-why\u00bb]2[\/vc_custom_heading][\/vc_column_inner][vc_column_inner column_width_percent=\u00bb100&#8243; position_horizontal=\u00bbleft\u00bb position_vertical=\u00bbmiddle\u00bb override_padding=\u00bbyes\u00bb column_padding=\u00bb1&#8243; gutter_size=\u00bb3&#8243; overlay_alpha=\u00bb50&#8243; medium_width=\u00bb6&#8243; mobile_width=\u00bb6&#8243; shift_x=\u00bb0&#8243; shift_y=\u00bb0&#8243; shift_y_down=\u00bb0&#8243; z_index=\u00bb0&#8243; width=\u00bb3\/4&#8243; el_class=\u00bbhome-why-padding-left\u00bb][vc_custom_heading heading_semantic=\u00bbp\u00bb text_size=\u00bbh4&#8243; text_height=\u00bb\u00bb text_font=\u00bbfont-177627&#8243; text_weight=\u00bb500&#8243; text_color=\u00bbcolor-nhtu\u00bb]Equipo multidisciplinar altamente cualificado[\/vc_custom_heading][\/vc_column_inner][\/vc_row_inner][vc_row_inner row_inner_height_percent=\u00bb0&#8243; overlay_alpha=\u00bb50&#8243; gutter_size=\u00bb3&#8243; shift_y=\u00bb0&#8243; z_index=\u00bb0&#8243; css=\u00bb.vc_custom_1535551292285{margin-top: 8px !important;}\u00bb][vc_column_inner column_width_percent=\u00bb100&#8243; gutter_size=\u00bb3&#8243; overlay_alpha=\u00bb50&#8243; medium_width=\u00bb2&#8243; mobile_width=\u00bb2&#8243; shift_x=\u00bb0&#8243; shift_y=\u00bb0&#8243; shift_y_down=\u00bb0&#8243; z_index=\u00bb0&#8243; width=\u00bb1\/4&#8243;][\/vc_column_inner][vc_column_inner column_width_percent=\u00bb100&#8243; override_padding=\u00bbyes\u00bb column_padding=\u00bb1&#8243; gutter_size=\u00bb3&#8243; overlay_alpha=\u00bb50&#8243; medium_width=\u00bb6&#8243; mobile_width=\u00bb6&#8243; shift_x=\u00bb0&#8243; shift_y=\u00bb0&#8243; shift_y_down=\u00bb0&#8243; z_index=\u00bb0&#8243; width=\u00bb3\/4&#8243; el_class=\u00bbhome-why-padding-left\u00bb][vc_custom_heading heading_semantic=\u00bbp\u00bb text_size=\u00bbfontsize-193555&#8243; text_height=\u00bb\u00bb text_font=\u00bbfont-177627&#8243; text_weight=\u00bb300&#8243; text_color=\u00bbcolor-wayh\u00bb]Contamos con un equipo de m\u00e1s de 70 profesionales adecuadamente formados, motivados y dotados de una gran calidez humana que hacen posible el d\u00eda a d\u00eda del servicio. Excelencia profesional que garantiza la calidad del centro.<\/p>\n<p>[\/vc_custom_heading][\/vc_column_inner][\/vc_row_inner][\/vc_column][vc_column column_width_percent=\u00bb100&#8243; overlay_alpha=\u00bb50&#8243; gutter_size=\u00bb3&#8243; align_medium=\u00bbalign_center_tablet\u00bb medium_width=\u00bb7&#8243; mobile_width=\u00bb0&#8243; shift_x=\u00bb0&#8243; shift_y=\u00bb0&#8243; shift_y_down=\u00bb0&#8243; z_index=\u00bb0&#8243; zoom_width=\u00bb0&#8243; zoom_height=\u00bb0&#8243; width=\u00bb1\/3&#8243; el_class=\u00bbhome-why-number3&#8243;][vc_row_inner][vc_column_inner column_width_percent=\u00bb100&#8243; override_padding=\u00bbyes\u00bb column_padding=\u00bb0&#8243; gutter_size=\u00bb3&#8243; overlay_alpha=\u00bb50&#8243; medium_width=\u00bb2&#8243; mobile_width=\u00bb2&#8243; shift_x=\u00bb0&#8243; shift_y=\u00bb0&#8243; shift_y_down=\u00bb0&#8243; z_index=\u00bb0&#8243; width=\u00bb1\/4&#8243;][vc_custom_heading heading_semantic=\u00bbp\u00bb text_size=\u00bbh3&#8243; text_height=\u00bb\u00bb text_font=\u00bbfont-177627&#8243; text_color=\u00bbcolor-lila\u00bb el_class=\u00bbhome-number-why\u00bb]3[\/vc_custom_heading][\/vc_column_inner][vc_column_inner column_width_percent=\u00bb100&#8243; position_horizontal=\u00bbleft\u00bb position_vertical=\u00bbmiddle\u00bb override_padding=\u00bbyes\u00bb column_padding=\u00bb1&#8243; gutter_size=\u00bb3&#8243; overlay_alpha=\u00bb50&#8243; medium_width=\u00bb6&#8243; mobile_width=\u00bb6&#8243; shift_x=\u00bb0&#8243; shift_y=\u00bb0&#8243; shift_y_down=\u00bb0&#8243; z_index=\u00bb0&#8243; width=\u00bb3\/4&#8243; el_class=\u00bbhome-why-padding-left\u00bb][vc_custom_heading heading_semantic=\u00bbp\u00bb text_size=\u00bbh4&#8243; text_height=\u00bb\u00bb text_font=\u00bbfont-177627&#8243; text_weight=\u00bb500&#8243; text_color=\u00bbcolor-nhtu\u00bb]Promoci\u00f3n del envejecimiento activo[\/vc_custom_heading][\/vc_column_inner][\/vc_row_inner][vc_row_inner row_inner_height_percent=\u00bb0&#8243; overlay_alpha=\u00bb50&#8243; gutter_size=\u00bb3&#8243; shift_y=\u00bb0&#8243; z_index=\u00bb0&#8243; css=\u00bb.vc_custom_1535551322850{margin-top: 8px !important;}\u00bb][vc_column_inner column_width_percent=\u00bb100&#8243; gutter_size=\u00bb3&#8243; overlay_alpha=\u00bb50&#8243; medium_width=\u00bb2&#8243; mobile_width=\u00bb2&#8243; shift_x=\u00bb0&#8243; shift_y=\u00bb0&#8243; shift_y_down=\u00bb0&#8243; z_index=\u00bb0&#8243; width=\u00bb1\/4&#8243;][\/vc_column_inner][vc_column_inner column_width_percent=\u00bb100&#8243; override_padding=\u00bbyes\u00bb column_padding=\u00bb1&#8243; gutter_size=\u00bb3&#8243; overlay_alpha=\u00bb50&#8243; medium_width=\u00bb6&#8243; mobile_width=\u00bb6&#8243; shift_x=\u00bb0&#8243; shift_y=\u00bb0&#8243; shift_y_down=\u00bb0&#8243; z_index=\u00bb0&#8243; width=\u00bb3\/4&#8243; el_class=\u00bbhome-why-padding-left\u00bb][vc_custom_heading heading_semantic=\u00bbp\u00bb text_size=\u00bbfontsize-193555&#8243; text_height=\u00bb\u00bb text_font=\u00bbfont-177627&#8243; text_weight=\u00bb300&#8243; text_color=\u00bbcolor-wayh\u00bb]Participamos activamente en nuestra sociedad para lograr una buena calidad de vida y indepen\u00e8ncia entre las personas que atendemos.[\/vc_custom_heading][\/vc_column_inner][\/vc_row_inner][\/vc_column][\/vc_row][vc_row row_height_percent=\u00bb35&#8243; override_padding=\u00bbyes\u00bb h_padding=\u00bb2&#8243; top_padding=\u00bb1&#8243; bottom_padding=\u00bb3&#8243; back_color=\u00bbcolor-lxmt\u00bb overlay_alpha=\u00bb50&#8243; gutter_size=\u00bb3&#8243; column_width_percent=\u00bb100&#8243; shift_y=\u00bb0&#8243; z_index=\u00bb0&#8243; css=\u00bb.vc_custom_1535551081038{border-bottom-width: 1px !important;}\u00bb][vc_column column_width_percent=\u00bb100&#8243; position_horizontal=\u00bbleft\u00bb overlay_alpha=\u00bb50&#8243; gutter_size=\u00bb3&#8243; align_medium=\u00bbalign_center_tablet\u00bb medium_width=\u00bb7&#8243; mobile_width=\u00bb0&#8243; shift_x=\u00bb0&#8243; shift_y=\u00bb0&#8243; shift_y_down=\u00bb0&#8243; z_index=\u00bb0&#8243; zoom_width=\u00bb0&#8243; zoom_height=\u00bb0&#8243; width=\u00bb1\/3&#8243;][vc_row_inner row_inner_height_percent=\u00bb0&#8243; overlay_alpha=\u00bb50&#8243; gutter_size=\u00bb3&#8243; shift_y=\u00bb0&#8243; z_index=\u00bb0&#8243; el_class=\u00bbremove-space\u00bb][vc_column_inner column_width_percent=\u00bb100&#8243; override_padding=\u00bbyes\u00bb column_padding=\u00bb0&#8243; gutter_size=\u00bb3&#8243; overlay_alpha=\u00bb50&#8243; medium_width=\u00bb2&#8243; mobile_width=\u00bb2&#8243; shift_x=\u00bb0&#8243; shift_y=\u00bb0&#8243; shift_y_down=\u00bb0&#8243; z_index=\u00bb0&#8243; width=\u00bb1\/4&#8243;][vc_custom_heading heading_semantic=\u00bbp\u00bb text_size=\u00bbh3&#8243; text_height=\u00bb\u00bb text_font=\u00bbfont-177627&#8243; text_color=\u00bbcolor-lila\u00bb el_class=\u00bbhome-number-why\u00bb]4[\/vc_custom_heading][\/vc_column_inner][vc_column_inner column_width_percent=\u00bb100&#8243; position_horizontal=\u00bbleft\u00bb position_vertical=\u00bbmiddle\u00bb override_padding=\u00bbyes\u00bb column_padding=\u00bb1&#8243; gutter_size=\u00bb3&#8243; overlay_alpha=\u00bb50&#8243; medium_width=\u00bb6&#8243; mobile_width=\u00bb6&#8243; shift_x=\u00bb0&#8243; shift_y=\u00bb0&#8243; shift_y_down=\u00bb0&#8243; z_index=\u00bb0&#8243; width=\u00bb3\/4&#8243; el_class=\u00bbhome-why-padding-left\u00bb][vc_custom_heading heading_semantic=\u00bbp\u00bb text_size=\u00bbh4&#8243; text_height=\u00bb\u00bb text_font=\u00bbfont-177627&#8243; text_weight=\u00bb500&#8243; text_color=\u00bbcolor-nhtu\u00bb]Ubicaci\u00f3n excepcional[\/vc_custom_heading][\/vc_column_inner][\/vc_row_inner][vc_row_inner row_inner_height_percent=\u00bb0&#8243; overlay_alpha=\u00bb50&#8243; gutter_size=\u00bb3&#8243; shift_y=\u00bb0&#8243; z_index=\u00bb0&#8243; css=\u00bb.vc_custom_1537953341292{margin-top: 8px !important;}\u00bb el_class=\u00bbremove-space-text\u00bb][vc_column_inner column_width_percent=\u00bb100&#8243; gutter_size=\u00bb3&#8243; overlay_alpha=\u00bb50&#8243; medium_width=\u00bb2&#8243; mobile_width=\u00bb2&#8243; shift_x=\u00bb0&#8243; shift_y=\u00bb0&#8243; shift_y_down=\u00bb0&#8243; z_index=\u00bb0&#8243; width=\u00bb1\/4&#8243;][\/vc_column_inner][vc_column_inner column_width_percent=\u00bb100&#8243; override_padding=\u00bbyes\u00bb column_padding=\u00bb1&#8243; gutter_size=\u00bb3&#8243; overlay_alpha=\u00bb50&#8243; medium_width=\u00bb6&#8243; mobile_width=\u00bb6&#8243; shift_x=\u00bb0&#8243; shift_y=\u00bb0&#8243; shift_y_down=\u00bb0&#8243; z_index=\u00bb0&#8243; width=\u00bb3\/4&#8243; el_class=\u00bbhome-why-padding-left\u00bb][vc_custom_heading heading_semantic=\u00bbp\u00bb text_size=\u00bbfontsize-193555&#8243; text_height=\u00bb\u00bb text_font=\u00bbfont-177627&#8243; text_weight=\u00bb300&#8243; text_color=\u00bbcolor-wayh\u00bb]Respondemos a sus necesidades ofreciendo dos tipos de espacios y ambientes dependen de sus necesidades. Apuesta por el servicio c\u00e9ntrico e integrado en el barrio que ofrece El Cielo de Rub\u00ed o por la naturaleza y calma que se respira a Conxita Valls. Dispones de un gran abanico de posibilidades.[\/vc_custom_heading][\/vc_column_inner][\/vc_row_inner][\/vc_column][vc_column column_width_percent=\u00bb100&#8243; overlay_alpha=\u00bb50&#8243; gutter_size=\u00bb3&#8243; align_medium=\u00bbalign_center_tablet\u00bb medium_width=\u00bb7&#8243; mobile_width=\u00bb0&#8243; shift_x=\u00bb0&#8243; shift_y=\u00bb0&#8243; shift_y_down=\u00bb0&#8243; z_index=\u00bb0&#8243; zoom_width=\u00bb0&#8243; zoom_height=\u00bb0&#8243; width=\u00bb1\/3&#8243;][vc_row_inner][vc_column_inner column_width_percent=\u00bb100&#8243; override_padding=\u00bbyes\u00bb column_padding=\u00bb0&#8243; gutter_size=\u00bb3&#8243; overlay_alpha=\u00bb50&#8243; medium_width=\u00bb2&#8243; mobile_width=\u00bb2&#8243; shift_x=\u00bb0&#8243; shift_y=\u00bb0&#8243; shift_y_down=\u00bb0&#8243; z_index=\u00bb0&#8243; width=\u00bb1\/4&#8243;][vc_custom_heading heading_semantic=\u00bbp\u00bb text_size=\u00bbh3&#8243; text_height=\u00bb\u00bb text_font=\u00bbfont-177627&#8243; text_color=\u00bbcolor-lila\u00bb el_class=\u00bbhome-number-why\u00bb]5[\/vc_custom_heading][\/vc_column_inner][vc_column_inner column_width_percent=\u00bb100&#8243; position_horizontal=\u00bbleft\u00bb position_vertical=\u00bbmiddle\u00bb override_padding=\u00bbyes\u00bb column_padding=\u00bb1&#8243; gutter_size=\u00bb3&#8243; overlay_alpha=\u00bb50&#8243; medium_width=\u00bb6&#8243; mobile_width=\u00bb6&#8243; shift_x=\u00bb0&#8243; shift_y=\u00bb0&#8243; shift_y_down=\u00bb0&#8243; z_index=\u00bb0&#8243; width=\u00bb3\/4&#8243; el_class=\u00bbhome-why-padding-left\u00bb][vc_custom_heading heading_semantic=\u00bbp\u00bb text_size=\u00bbh4&#8243; text_height=\u00bb\u00bb text_font=\u00bbfont-177627&#8243; text_weight=\u00bb500&#8243; text_color=\u00bbcolor-nhtu\u00bb]Innovaci\u00f3n y mejora continua[\/vc_custom_heading][\/vc_column_inner][\/vc_row_inner][vc_row_inner row_inner_height_percent=\u00bb0&#8243; overlay_alpha=\u00bb50&#8243; gutter_size=\u00bb3&#8243; shift_y=\u00bb0&#8243; z_index=\u00bb0&#8243; css=\u00bb.vc_custom_1535551305502{margin-top: 8px !important;}\u00bb][vc_column_inner column_width_percent=\u00bb100&#8243; gutter_size=\u00bb3&#8243; overlay_alpha=\u00bb50&#8243; medium_width=\u00bb2&#8243; mobile_width=\u00bb2&#8243; shift_x=\u00bb0&#8243; shift_y=\u00bb0&#8243; shift_y_down=\u00bb0&#8243; z_index=\u00bb0&#8243; width=\u00bb1\/4&#8243;][\/vc_column_inner][vc_column_inner column_width_percent=\u00bb100&#8243; override_padding=\u00bbyes\u00bb column_padding=\u00bb1&#8243; gutter_size=\u00bb3&#8243; overlay_alpha=\u00bb50&#8243; medium_width=\u00bb6&#8243; mobile_width=\u00bb6&#8243; shift_x=\u00bb0&#8243; shift_y=\u00bb0&#8243; shift_y_down=\u00bb0&#8243; z_index=\u00bb0&#8243; width=\u00bb3\/4&#8243; el_class=\u00bbhome-why-padding-left\u00bb][vc_custom_heading heading_semantic=\u00bbp\u00bb text_size=\u00bbfontsize-193555&#8243; text_height=\u00bb\u00bb text_font=\u00bbfont-177627&#8243; text_weight=\u00bb300&#8243; text_color=\u00bbcolor-wayh\u00bb]Hacemos uso de herramientas, conocimiento y experiencias de car\u00e1cter diferenciador entendi\u00e9ndolo como un motor importante de transformaci\u00f3n y crecimiento. Trabajamos para la mejora y adaptaci\u00f3n de la realidad social.[\/vc_custom_heading][\/vc_column_inner][\/vc_row_inner][\/vc_column][vc_column column_width_percent=\u00bb100&#8243; overlay_alpha=\u00bb50&#8243; gutter_size=\u00bb3&#8243; medium_width=\u00bb0&#8243; mobile_width=\u00bb0&#8243; shift_x=\u00bb0&#8243; shift_y=\u00bb0&#8243; shift_y_down=\u00bb0&#8243; z_index=\u00bb0&#8243; zoom_width=\u00bb0&#8243; zoom_height=\u00bb0&#8243; width=\u00bb1\/3&#8243;][vc_row_inner row_inner_height_percent=\u00bb0&#8243; overlay_alpha=\u00bb50&#8243; gutter_size=\u00bb3&#8243; shift_y=\u00bb0&#8243; z_index=\u00bb0&#8243; el_class=\u00bbremove-space\u00bb][vc_column_inner column_width_percent=\u00bb100&#8243; override_padding=\u00bbyes\u00bb column_padding=\u00bb0&#8243; gutter_size=\u00bb3&#8243; overlay_alpha=\u00bb50&#8243; medium_width=\u00bb2&#8243; mobile_width=\u00bb2&#8243; shift_x=\u00bb0&#8243; shift_y=\u00bb0&#8243; shift_y_down=\u00bb0&#8243; z_index=\u00bb0&#8243; width=\u00bb1\/4&#8243;][vc_custom_heading heading_semantic=\u00bbp\u00bb text_size=\u00bbh3&#8243; text_height=\u00bb\u00bb text_font=\u00bbfont-177627&#8243; text_color=\u00bbcolor-lila\u00bb el_class=\u00bbhome-number-why\u00bb]6[\/vc_custom_heading][\/vc_column_inner][vc_column_inner column_width_percent=\u00bb100&#8243; position_horizontal=\u00bbleft\u00bb position_vertical=\u00bbmiddle\u00bb override_padding=\u00bbyes\u00bb column_padding=\u00bb1&#8243; gutter_size=\u00bb3&#8243; overlay_alpha=\u00bb50&#8243; medium_width=\u00bb6&#8243; mobile_width=\u00bb6&#8243; shift_x=\u00bb0&#8243; shift_y=\u00bb0&#8243; shift_y_down=\u00bb0&#8243; z_index=\u00bb0&#8243; width=\u00bb3\/4&#8243; el_class=\u00bbhome-why-padding-left\u00bb][vc_custom_heading heading_semantic=\u00bbp\u00bb text_size=\u00bbh4&#8243; text_height=\u00bb\u00bb text_font=\u00bbfont-177627&#8243; text_weight=\u00bb500&#8243; text_color=\u00bbcolor-nhtu\u00bb]Entorno c\u00e1lido y familiar[\/vc_custom_heading][\/vc_column_inner][\/vc_row_inner][vc_row_inner row_inner_height_percent=\u00bb0&#8243; overlay_alpha=\u00bb50&#8243; gutter_size=\u00bb3&#8243; shift_y=\u00bb0&#8243; z_index=\u00bb0&#8243; css=\u00bb.vc_custom_1537953349456{margin-top: 8px !important;}\u00bb el_class=\u00bbremove-space-text\u00bb][vc_column_inner column_width_percent=\u00bb100&#8243; gutter_size=\u00bb3&#8243; overlay_alpha=\u00bb50&#8243; medium_width=\u00bb2&#8243; mobile_width=\u00bb2&#8243; shift_x=\u00bb0&#8243; shift_y=\u00bb0&#8243; shift_y_down=\u00bb0&#8243; z_index=\u00bb0&#8243; width=\u00bb1\/4&#8243;][\/vc_column_inner][vc_column_inner column_width_percent=\u00bb100&#8243; override_padding=\u00bbyes\u00bb column_padding=\u00bb1&#8243; gutter_size=\u00bb3&#8243; overlay_alpha=\u00bb50&#8243; medium_width=\u00bb6&#8243; mobile_width=\u00bb6&#8243; shift_x=\u00bb0&#8243; shift_y=\u00bb0&#8243; shift_y_down=\u00bb0&#8243; z_index=\u00bb0&#8243; width=\u00bb3\/4&#8243; el_class=\u00bbhome-why-padding-left\u00bb][vc_custom_heading heading_semantic=\u00bbp\u00bb text_size=\u00bbfontsize-193555&#8243; text_height=\u00bb\u00bb text_font=\u00bbfont-177627&#8243; text_weight=\u00bb300&#8243; text_color=\u00bbcolor-wayh\u00bb]El conjunto de relaciones que se establecen entre todo y cada uno de los miembros que forman parte del centro; desde residentes a los trabajadores \/ as y familias, conlleva que Rub\u00ed Social sea mucho m\u00e1s que un grupo de centros residenciales para las personas mayores.[\/vc_custom_heading][\/vc_column_inner][\/vc_row_inner][\/vc_column][\/vc_row][vc_row row_height_percent=\u00bb0&#8243; override_padding=\u00bbyes\u00bb h_padding=\u00bb2&#8243; top_padding=\u00bb5&#8243; bottom_padding=\u00bb1&#8243; back_color=\u00bbcolor-xsdn\u00bb overlay_alpha=\u00bb50&#8243; equal_height=\u00bbyes\u00bb gutter_size=\u00bb0&#8243; column_width_percent=\u00bb100&#8243; shift_y=\u00bb0&#8243; z_index=\u00bb0&#8243; el_class=\u00bbgradient\u00bb row_name=\u00bbLatest News\u00bb][vc_column column_width_percent=\u00bb100&#8243; position_vertical=\u00bbmiddle\u00bb align_horizontal=\u00bbalign_center\u00bb override_padding=\u00bbyes\u00bb column_padding=\u00bb0&#8243; overlay_alpha=\u00bb50&#8243; gutter_size=\u00bb4&#8243; medium_width=\u00bb0&#8243; mobile_width=\u00bb0&#8243; shift_x=\u00bb0&#8243; shift_y=\u00bb0&#8243; shift_y_down=\u00bb0&#8243; z_index=\u00bb0&#8243; css_animation=\u00bbalpha-anim\u00bb width=\u00bb1\/1&#8243;][vc_custom_heading text_size=\u00bbh1&#8243; text_height=\u00bb\u00bb text_font=\u00bbfont-177627&#8243; separator=\u00bbyes\u00bb separator_color=\u00bbyes\u00bb sub_lead=\u00bbyes\u00bb sub_reduced=\u00bbyes\u00bb text_align=\u00bbtext-center\u00bb]Noticias[\/vc_custom_heading][uncode_index el_id=\u00bbindex-3&#8243; index_type=\u00bbcarousel\u00bb loop=\u00bbsize:3|order_by:date|post_type:post\u00bb carousel_lg=\u00bb3&#8243; carousel_md=\u00bb2&#8243; carousel_sm=\u00bb1&#8243; thumb_size=\u00bbtwo-one\u00bb gutter_size=\u00bb3&#8243; post_items=\u00bbmedia|featured|onpost|original,title,sep-one|full,date\u00bb portfolio_items=\u00bbmedia|featured|onpost|original,icon|md\u00bb carousel_interval=\u00bb0&#8243; carousel_navspeed=\u00bb400&#8243; carousel_overflow=\u00bbyes\u00bb carousel_dots_mobile=\u00bbyes\u00bb stage_padding=\u00bb0&#8243; single_back_color=\u00bbcolor-xsdn\u00bb single_shape=\u00bbround\u00bb single_overlay_color=\u00bbcolor-nhtu\u00bb single_overlay_opacity=\u00bb20&#8243; single_h_align=\u00bbcenter\u00bb single_padding=\u00bb2&#8243; single_title_dimension=\u00bbh3&#8243; single_title_weight=\u00bb300&#8243; single_text_lead=\u00bbyes\u00bb single_shadow=\u00bbyes\u00bb shadow_weight=\u00bbstd\u00bb single_border=\u00bbyes\u00bb single_css_animation=\u00bbright-t-left\u00bb no_double_tap=\u00bbyes\u00bb single_icon=\u00bbfa fa-plus2&#8243;][vc_row_inner row_inner_height_percent=\u00bb0&#8243; overlay_alpha=\u00bb50&#8243; gutter_size=\u00bb3&#8243; mobile_visibility=\u00bbyes\u00bb shift_y=\u00bb0&#8243; z_index=\u00bb0&#8243;][vc_column_inner column_width_percent=\u00bb100&#8243; align_horizontal=\u00bbalign_center\u00bb gutter_size=\u00bb3&#8243; overlay_alpha=\u00bb50&#8243; medium_width=\u00bb0&#8243; mobile_width=\u00bb0&#8243; shift_x=\u00bb0&#8243; shift_y=\u00bb0&#8243; shift_y_down=\u00bb0&#8243; z_index=\u00bb0&#8243; width=\u00bb1\/1&#8243;][vc_button button_color=\u00bbcolor-lila\u00bb border_width=\u00bb0&#8243; css_animation=\u00bbbottom-t-top\u00bb animation_delay=\u00bb800&#8243; link=\u00bburl:https%3A%2F%2Frubisocial.bcnapps.es%2Fes%2Fnoticias%2F|||\u00bb]M\u00e1s noticias[\/vc_button][\/vc_column_inner][\/vc_row_inner][vc_empty_space empty_h=\u00bb3&#8243;][\/vc_column][\/vc_row]<\/p>\n<\/section>","protected":false},"excerpt":{"rendered":"<p>[vc_row row_height_percent=\u00bb0&#8243; override_padding=\u00bbyes\u00bb h_padding=\u00bb2&#8243; top_padding=\u00bb5&#8243; bottom_padding=\u00bb1&#8243; back_color=\u00bbcolor-xsdn\u00bb overlay_alpha=\u00bb100&#8243; gutter_size=\u00bb100&#8243; column_width_percent=\u00bb100&#8243; shift_y=\u00bb0&#8243; z_index=\u00bb0&#8243; style=\u00bbinherited\u00bb][vc_column column_width_percent=\u00bb100&#8243; position_vertical=\u00bbmiddle\u00bb align_horizontal=\u00bbalign_center\u00bb overlay_alpha=\u00bb100&#8243; gutter_size=\u00bb3&#8243; medium_width=\u00bb0&#8243; mobile_width=\u00bb0&#8243; [&hellip;]<\/p>\n","protected":false},"author":1,"featured_media":0,"parent":0,"menu_order":0,"comment_status":"closed","ping_status":"closed","template":"","meta":{"_exactmetrics_skip_tracking":false,"_exactmetrics_sitenote_active":false,"_exactmetrics_sitenote_note":"","_exactmetrics_sitenote_category":0,"footnotes":""},"class_list":["post-698","page","type-page","status-publish","hentry"],"_links":{"self":[{"href":"https:\/\/rubisocial.bcnapps.es\/es\/wp-json\/wp\/v2\/pages\/698","targetHints":{"allow":["GET"]}}],"collection":[{"href":"https:\/\/rubisocial.bcnapps.es\/es\/wp-json\/wp\/v2\/pages"}],"about":[{"href":"https:\/\/rubisocial.bcnapps.es\/es\/wp-json\/wp\/v2\/types\/page"}],"author":[{"embeddable":true,"href":"https:\/\/rubisocial.bcnapps.es\/es\/wp-json\/wp\/v2\/users\/1"}],"replies":[{"embeddable":true,"href":"https:\/\/rubisocial.bcnapps.es\/es\/wp-json\/wp\/v2\/comments?post=698"}],"version-history":[{"count":9,"href":"https:\/\/rubisocial.bcnapps.es\/es\/wp-json\/wp\/v2\/pages\/698\/revisions"}],"predecessor-version":[{"id":702,"href":"https:\/\/rubisocial.bcnapps.es\/es\/wp-json\/wp\/v2\/pages\/698\/revisions\/702"}],"wp:attachment":[{"href":"https:\/\/rubisocial.bcnapps.es\/es\/wp-json\/wp\/v2\/media?parent=698"}],"curies":[{"name":"wp","href":"https:\/\/api.w.org\/{rel}","templated":true}]}}