{"id":1349,"date":"2018-10-09T10:12:38","date_gmt":"2018-10-09T10:12:38","guid":{"rendered":"https:\/\/rubisocial.bcnapps.es\/?page_id=1349"},"modified":"2022-11-15T12:08:59","modified_gmt":"2022-11-15T12:08:59","slug":"residencia-el-cel-de-rubi","status":"publish","type":"page","link":"https:\/\/rubisocial.bcnapps.es\/es\/residencia-el-cel-de-rubi\/","title":{"rendered":"Residencia El Cel de Rub\u00ed"},"content":{"rendered":"<section class=\"wpb-content-wrapper\"><p>[vc_row row_height_percent=\u00bb0&#8243; override_padding=\u00bbyes\u00bb h_padding=\u00bb2&#8243; top_padding=\u00bb4&#8243; bottom_padding=\u00bb3&#8243; overlay_alpha=\u00bb100&#8243; gutter_size=\u00bb100&#8243; column_width_percent=\u00bb100&#8243; shift_y=\u00bb0&#8243; z_index=\u00bb0&#8243; style=\u00bbinherited\u00bb row_height_pixel=\u00bbel-cel-header\u00bb el_class=\u00bbel-cel-header\u00bb][vc_column column_width_percent=\u00bb100&#8243; position_vertical=\u00bbmiddle\u00bb align_horizontal=\u00bbalign_center\u00bb gutter_size=\u00bb3&#8243; overlay_alpha=\u00bb100&#8243; shift_x=\u00bb0&#8243; shift_y=\u00bb0&#8243; shift_y_down=\u00bb0&#8243; z_index=\u00bb0&#8243; medium_width=\u00bb0&#8243; mobile_width=\u00bb0&#8243; zoom_width=\u00bb0&#8243; zoom_height=\u00bb0&#8243; width=\u00bb1\/1&#8243;][vc_custom_heading text_font=\u00bbfont-177627&#8243; text_size=\u00bbh1&#8243; text_height=\u00bb\u00bb separator=\u00bbyes\u00bb separator_color=\u00bbyes\u00bb sub_lead=\u00bbyes\u00bb sub_reduced=\u00bbyes\u00bb css_animation=\u00bbalpha-anim\u00bb animation_speed=\u00bb200&#8243; text_align=\u00bbtext-center\u00bb subheading=\u00bbLa Residencia y Centro de D\u00eda El cel de Rub\u00ed abri\u00f3 sus puertas a finales de 1993 y es gestionada por El Cel de Rub\u00ed S.L. empresa del grupo Rub\u00ed Social. Est\u00e1 ubicada en el centro del municipio de Rub\u00ed, justo frente al parque de ca n&#8217;Oriol. Esta ubicaci\u00f3n nos permite combinar las ventajas de estar a cinco minutos del centro, con una buena combinaci\u00f3n de transporte p\u00fablico y f\u00e1cil acceso caminando, con la tranquilidad del entorno del parque y la facilidad de aparcamiento de la zona.\u00bb]El cel de Rub\u00ed[\/vc_custom_heading][\/vc_column][\/vc_row][vc_row unlock_row_content=\u00bbyes\u00bb row_height_percent=\u00bb0&#8243; override_padding=\u00bbyes\u00bb h_padding=\u00bb4&#8243; top_padding=\u00bb0&#8243; bottom_padding=\u00bb0&#8243; overlay_alpha=\u00bb100&#8243; gutter_size=\u00bb100&#8243; column_width_percent=\u00bb100&#8243; shift_y=\u00bb0&#8243; z_index=\u00bb0&#8243; style=\u00bbinherited\u00bb][vc_column width=\u00bb1\/1&#8243;][vc_separator sep_color=\u00bb,Default\u00bb][\/vc_column][\/vc_row][vc_row row_height_percent=\u00bb0&#8243; override_padding=\u00bbyes\u00bb h_padding=\u00bb2&#8243; top_padding=\u00bb4&#8243; bottom_padding=\u00bb3&#8243; overlay_alpha=\u00bb100&#8243; gutter_size=\u00bb100&#8243; column_width_percent=\u00bb100&#8243; shift_y=\u00bb0&#8243; z_index=\u00bb0&#8243; style=\u00bbinherited\u00bb row_height_pixel=\u00bbel-cel-header\u00bb el_class=\u00bbel-cel-header\u00bb][vc_column column_width_percent=\u00bb100&#8243; position_vertical=\u00bbmiddle\u00bb align_horizontal=\u00bbalign_center\u00bb gutter_size=\u00bb3&#8243; overlay_alpha=\u00bb100&#8243; shift_x=\u00bb0&#8243; shift_y=\u00bb0&#8243; shift_y_down=\u00bb0&#8243; z_index=\u00bb0&#8243; medium_width=\u00bb0&#8243; mobile_width=\u00bb0&#8243; zoom_width=\u00bb0&#8243; zoom_height=\u00bb0&#8243; width=\u00bb1\/1&#8243;][vc_custom_heading text_font=\u00bbfont-177627&#8243; text_size=\u00bbh1&#8243; text_height=\u00bb\u00bb separator=\u00bbyes\u00bb separator_color=\u00bbyes\u00bb sub_lead=\u00bbyes\u00bb sub_reduced=\u00bbyes\u00bb css_animation=\u00bbalpha-anim\u00bb animation_speed=\u00bb200&#8243; text_align=\u00bbtext-center\u00bb subheading=\u00bbNuestro personal vela por el bienestar del usuario durante toda su estancia en el centro y desde las diversas disciplinas: auxiliares de enfermer\u00eda y geriatr\u00eda, m\u00e9dicos, servicios de enfermer\u00eda, terapeutas ocupacionales, psic\u00f3logos, educadores y trabajadores sociales, fisioterapeutas, as\u00ed como servicios de lavander\u00eda, peluquer\u00eda, podolog\u00eda, transporte adaptado, acompa\u00f1amiento, atenci\u00f3n y limpieza domiciliaria y cocina propia.\u00bb]Servicios espec\u00edficos[\/vc_custom_heading][\/vc_column][\/vc_row][vc_row row_height_percent=\u00bb0&#8243; override_padding=\u00bbyes\u00bb h_padding=\u00bb2&#8243; top_padding=\u00bb3&#8243; bottom_padding=\u00bb2&#8243; back_color=\u00bbcolor-117188&#8243; overlay_alpha=\u00bb100&#8243; equal_height=\u00bbyes\u00bb gutter_size=\u00bb2&#8243; column_width_percent=\u00bb100&#8243; shift_y=\u00bb0&#8243; z_index=\u00bb0&#8243; enable_top_divider=\u00bbdefault\u00bb top_divider=\u00bbswoosh-opacity\u00bb shape_top_h_use_pixel=\u00bb\u00bb shape_top_height=\u00bb150&#8243; shape_top_color=\u00bbcolor-xsdn\u00bb shape_top_opacity=\u00bb100&#8243; shape_top_index=\u00bb0&#8243; style=\u00bbinherited\u00bb][vc_column column_width_percent=\u00bb100&#8243; position_horizontal=\u00bbleft\u00bb gutter_size=\u00bb3&#8243; back_color=\u00bbcolor-xsdn\u00bb overlay_alpha=\u00bb100&#8243; shift_x=\u00bb0&#8243; shift_y=\u00bb0&#8243; shift_y_down=\u00bb0&#8243; z_index=\u00bb0&#8243; medium_width=\u00bb0&#8243; mobile_width=\u00bb0&#8243; css_animation=\u00bbbottom-t-top\u00bb radius=\u00bbsm\u00bb shadow=\u00bbsm\u00bb zoom_width=\u00bb0&#8243; zoom_height=\u00bb0&#8243; width=\u00bb1\/3&#8243;][vc_column_text]<\/p>\n<h5>\u00c1rea sanitaria<\/h5>\n<p>Consulta m\u00e9dica y de enfermer\u00eda donde se realizan las visitas y cuidados necesarios. Servicio de botiqu\u00edn y de preparaci\u00f3n y administraci\u00f3n de medicamento.[\/vc_column_text][\/vc_column][vc_column column_width_percent=\u00bb100&#8243; position_horizontal=\u00bbleft\u00bb gutter_size=\u00bb3&#8243; back_color=\u00bbcolor-xsdn\u00bb overlay_alpha=\u00bb100&#8243; shift_x=\u00bb0&#8243; shift_y=\u00bb0&#8243; shift_y_down=\u00bb0&#8243; z_index=\u00bb0&#8243; medium_width=\u00bb0&#8243; mobile_width=\u00bb0&#8243; css_animation=\u00bbbottom-t-top\u00bb animation_delay=\u00bb100&#8243; radius=\u00bbsm\u00bb shadow=\u00bbsm\u00bb zoom_width=\u00bb0&#8243; zoom_height=\u00bb0&#8243; width=\u00bb1\/3&#8243;][vc_column_text]<\/p>\n<h5>\u00c1rea social<\/h5>\n<p>Realizaci\u00f3n de actividades terap\u00e9uticas, l\u00fadicas y de ocio: gimnasia grupal, ejercicios de psicomotricidad, bingo, estimulaci\u00f3n cognitiva, musicoterapia, taller de cocina, salidas a la comunidad, taller de costura, taller de cine, celebraci\u00f3n de fiestas populares, .. .[\/vc_column_text][\/vc_column][vc_column column_width_percent=\u00bb100&#8243; position_horizontal=\u00bbleft\u00bb gutter_size=\u00bb3&#8243; back_color=\u00bbcolor-xsdn\u00bb overlay_alpha=\u00bb100&#8243; shift_x=\u00bb0&#8243; shift_y=\u00bb0&#8243; shift_y_down=\u00bb-5&#8243; z_index=\u00bb0&#8243; medium_width=\u00bb0&#8243; mobile_width=\u00bb0&#8243; css_animation=\u00bbbottom-t-top\u00bb animation_delay=\u00bb200&#8243; radius=\u00bbsm\u00bb shadow=\u00bbsm\u00bb zoom_width=\u00bb0&#8243; zoom_height=\u00bb0&#8243; width=\u00bb1\/3&#8243;][vc_column_text]<\/p>\n<h5>\u00c1rea funcional<\/h5>\n<p>Gesti\u00f3n de t\u00e9cnicas espec\u00edficas de movilizaci\u00f3n y transferencias para personas con dificultades de movimiento; as\u00ed como, programaci\u00f3n de pautas posturales por quien corresponda. Tambi\u00e9n contamos con ba\u00f1os adaptados a las necesidades de los usuarios.[\/vc_column_text][\/vc_column][\/vc_row][vc_row row_height_percent=\u00bb0&#8243; override_padding=\u00bbyes\u00bb h_padding=\u00bb2&#8243; top_padding=\u00bb1&#8243; bottom_padding=\u00bb1&#8243; back_color=\u00bbcolor-117188&#8243; overlay_alpha=\u00bb100&#8243; equal_height=\u00bbyes\u00bb gutter_size=\u00bb2&#8243; column_width_percent=\u00bb100&#8243; shift_y=\u00bb0&#8243; z_index=\u00bb0&#8243; style=\u00bbinherited\u00bb][vc_column column_width_percent=\u00bb100&#8243; position_horizontal=\u00bbleft\u00bb gutter_size=\u00bb3&#8243; back_color=\u00bbcolor-xsdn\u00bb overlay_alpha=\u00bb100&#8243; shift_x=\u00bb0&#8243; shift_y=\u00bb0&#8243; shift_y_down=\u00bb0&#8243; z_index=\u00bb0&#8243; medium_width=\u00bb0&#8243; mobile_width=\u00bb0&#8243; css_animation=\u00bbbottom-t-top\u00bb radius=\u00bbsm\u00bb shadow=\u00bbsm\u00bb zoom_width=\u00bb0&#8243; zoom_height=\u00bb0&#8243; width=\u00bb1\/3&#8243;][vc_column_text]<\/p>\n<h5>Restauraci\u00f3n<\/h5>\n<p>Cocina propia con men\u00fas modificados semanalmente, ajustado a las kilocalor\u00edas y nutrientes exigidos seg\u00fan la normativa. Respetando siempre los gustos, deseos, alergias e intolerancias de los usuarios y proponiendo un men\u00fa alternativo en cada comida.[\/vc_column_text][\/vc_column][vc_column column_width_percent=\u00bb100&#8243; position_horizontal=\u00bbleft\u00bb gutter_size=\u00bb3&#8243; back_color=\u00bbcolor-xsdn\u00bb overlay_alpha=\u00bb100&#8243; shift_x=\u00bb0&#8243; shift_y=\u00bb0&#8243; shift_y_down=\u00bb0&#8243; z_index=\u00bb0&#8243; medium_width=\u00bb0&#8243; mobile_width=\u00bb0&#8243; css_animation=\u00bbbottom-t-top\u00bb animation_delay=\u00bb100&#8243; radius=\u00bbsm\u00bb shadow=\u00bbsm\u00bb zoom_width=\u00bb0&#8243; zoom_height=\u00bb0&#8243; width=\u00bb1\/3&#8243;][vc_column_text]<\/p>\n<h5>Comunicaci\u00f3n emocional<\/h5>\n<p>Se realizan sesiones formativas y monogr\u00e1ficos orientativos a familiares e interesados sobre tem\u00e1ticas de inter\u00e9s y bajo demanda de las mismas familias. Tambi\u00e9n se realizan grupos de acogida para dar la bienvenida y realizar apoyo emocional durante la llegada al centro.[\/vc_column_text][\/vc_column][vc_column column_width_percent=\u00bb100&#8243; position_horizontal=\u00bbleft\u00bb gutter_size=\u00bb3&#8243; back_color=\u00bbcolor-xsdn\u00bb overlay_alpha=\u00bb100&#8243; shift_x=\u00bb0&#8243; shift_y=\u00bb0&#8243; shift_y_down=\u00bb-5&#8243; z_index=\u00bb0&#8243; medium_width=\u00bb0&#8243; mobile_width=\u00bb0&#8243; css_animation=\u00bbbottom-t-top\u00bb animation_delay=\u00bb200&#8243; radius=\u00bbsm\u00bb shadow=\u00bbsm\u00bb zoom_width=\u00bb0&#8243; zoom_height=\u00bb0&#8243; width=\u00bb1\/3&#8243;][vc_column_text]<\/p>\n<h5>Atenci\u00f3n individualizada<\/h5>\n<p>Realizaci\u00f3n del Programa Interdisciplinario de Atenci\u00f3n Individualizada de forma semanal donde se desarrollan planes de actuaci\u00f3n espec\u00edfico de forma consensuada entre todo el equipo para generar la mejor calidad de vida para nuestros residentes.[\/vc_column_text][\/vc_column][\/vc_row][vc_row row_height_percent=\u00bb0&#8243; override_padding=\u00bbyes\u00bb h_padding=\u00bb2&#8243; top_padding=\u00bb2&#8243; bottom_padding=\u00bb3&#8243; back_color=\u00bbcolor-117188&#8243; overlay_alpha=\u00bb100&#8243; equal_height=\u00bbyes\u00bb gutter_size=\u00bb2&#8243; column_width_percent=\u00bb100&#8243; shift_y=\u00bb0&#8243; z_index=\u00bb0&#8243; enable_bottom_divider=\u00bbdefault\u00bb bottom_divider=\u00bbswoosh-opacity\u00bb shape_bottom_flip=\u00bbyes\u00bb shape_bottom_h_use_pixel=\u00bb\u00bb shape_bottom_height=\u00bb150&#8243; shape_bottom_color=\u00bbcolor-xsdn\u00bb shape_bottom_opacity=\u00bb100&#8243; shape_bottom_index=\u00bb0&#8243; style=\u00bbinherited\u00bb][vc_column column_width_percent=\u00bb100&#8243; position_horizontal=\u00bbleft\u00bb gutter_size=\u00bb3&#8243; back_color=\u00bbcolor-xsdn\u00bb overlay_alpha=\u00bb100&#8243; shift_x=\u00bb0&#8243; shift_y=\u00bb0&#8243; shift_y_down=\u00bb0&#8243; z_index=\u00bb0&#8243; medium_width=\u00bb0&#8243; mobile_width=\u00bb0&#8243; css_animation=\u00bbbottom-t-top\u00bb radius=\u00bbsm\u00bb shadow=\u00bbsm\u00bb zoom_width=\u00bb0&#8243; zoom_height=\u00bb0&#8243; width=\u00bb1\/3&#8243;][vc_column_text]<\/p>\n<h5>Sala multisensorial<\/h5>\n<p>Disponemos de una sala multisensorial \u00abSnoezelen\u00bb donde realizamos intervenciones con los usuarios para proporcionar a las personas est\u00edmulos sensoriales que faciliten una sensaci\u00f3n de bienestar a partir de la estimulaci\u00f3n o relajaci\u00f3n, seg\u00fan los objetivos de cada individuo.[\/vc_column_text][\/vc_column][vc_column column_width_percent=\u00bb100&#8243; position_horizontal=\u00bbleft\u00bb gutter_size=\u00bb3&#8243; back_color=\u00bbcolor-xsdn\u00bb overlay_alpha=\u00bb100&#8243; shift_x=\u00bb0&#8243; shift_y=\u00bb0&#8243; shift_y_down=\u00bb0&#8243; z_index=\u00bb0&#8243; medium_width=\u00bb0&#8243; mobile_width=\u00bb0&#8243; css_animation=\u00bbbottom-t-top\u00bb animation_delay=\u00bb100&#8243; radius=\u00bbsm\u00bb shadow=\u00bbsm\u00bb zoom_width=\u00bb0&#8243; zoom_height=\u00bb0&#8243; width=\u00bb1\/3&#8243;][vc_column_text]<\/p>\n<h5>Fisioterapia y rehabilitaci\u00f3n<\/h5>\n<p>Estamos dotados de una sala especializada en fisioterapia que permite realizar un tratamiento y rehabilitaci\u00f3n cuidadoso e individualidad a trav\u00e9s de todos los instrumentos necesarios para el desarrollo[\/vc_column_text][\/vc_column][vc_column column_width_percent=\u00bb100&#8243; position_horizontal=\u00bbleft\u00bb gutter_size=\u00bb3&#8243; back_color=\u00bbcolor-xsdn\u00bb overlay_alpha=\u00bb100&#8243; shift_x=\u00bb0&#8243; shift_y=\u00bb0&#8243; shift_y_down=\u00bb-5&#8243; z_index=\u00bb0&#8243; medium_width=\u00bb0&#8243; mobile_width=\u00bb0&#8243; css_animation=\u00bbbottom-t-top\u00bb animation_delay=\u00bb200&#8243; radius=\u00bbsm\u00bb shadow=\u00bbsm\u00bb zoom_width=\u00bb0&#8243; zoom_height=\u00bb0&#8243; width=\u00bb1\/3&#8243;][vc_column_text]<\/p>\n<h5>Asistencia y supervisi\u00f3n<\/h5>\n<p>Asistencia y supervisi\u00f3n en las comidas y en las transferencia. Apoyo en los levantamientos y encamados respetando en todo momento los h\u00e1bitos y miedos de las personas que atendemos siguiendo el modelo de Atenci\u00f3n Centrada en la Persona.[\/vc_column_text][\/vc_column][\/vc_row][vc_row unlock_row_content=\u00bbyes\u00bb row_height_percent=\u00bb0&#8243; override_padding=\u00bbyes\u00bb h_padding=\u00bb4&#8243; top_padding=\u00bb4&#8243; bottom_padding=\u00bb0&#8243; overlay_alpha=\u00bb100&#8243; gutter_size=\u00bb100&#8243; column_width_percent=\u00bb100&#8243; shift_y=\u00bb0&#8243; z_index=\u00bb0&#8243; style=\u00bbinherited\u00bb][vc_column width=\u00bb1\/1&#8243;][vc_separator sep_color=\u00bb,Default\u00bb][\/vc_column][\/vc_row][vc_row row_height_percent=\u00bb0&#8243; override_padding=\u00bbyes\u00bb h_padding=\u00bb2&#8243; top_padding=\u00bb4&#8243; bottom_padding=\u00bb3&#8243; overlay_alpha=\u00bb100&#8243; gutter_size=\u00bb100&#8243; column_width_percent=\u00bb100&#8243; shift_y=\u00bb0&#8243; z_index=\u00bb0&#8243; style=\u00bbinherited\u00bb row_height_pixel=\u00bbel-cel-header\u00bb el_class=\u00bbel-cel-header\u00bb][vc_column column_width_percent=\u00bb100&#8243; position_vertical=\u00bbmiddle\u00bb align_horizontal=\u00bbalign_center\u00bb gutter_size=\u00bb3&#8243; overlay_alpha=\u00bb100&#8243; shift_x=\u00bb0&#8243; shift_y=\u00bb0&#8243; shift_y_down=\u00bb0&#8243; z_index=\u00bb0&#8243; medium_width=\u00bb0&#8243; mobile_width=\u00bb0&#8243; zoom_width=\u00bb0&#8243; zoom_height=\u00bb0&#8243; width=\u00bb1\/1&#8243;][vc_custom_heading text_font=\u00bbfont-177627&#8243; text_size=\u00bbh1&#8243; text_height=\u00bb\u00bb separator=\u00bbyes\u00bb separator_color=\u00bbyes\u00bb sub_lead=\u00bbyes\u00bb sub_reduced=\u00bbyes\u00bb text_align=\u00bbtext-center\u00bb subheading=\u00bbEl centro est\u00e1 ubicado en la planta baja del edificio, y consta de dos grandes salas de estar dotadas de sillones reclinables y televisiones de \u00faltima tecnolog\u00eda. Grandes mesas donde poder realizar actividades de todo tipo de forma confortable. Cocina y Comedor, sala de visitas, sala multisensorial, sala de fisioterapia, enfermer\u00eda, peluquer\u00eda, lavander\u00eda habitaciones y ba\u00f1os geri\u00e1tricos.\u00bb]Instalaciones[\/vc_custom_heading][\/vc_column][\/vc_row][vc_row unlock_row=\u00bb\u00bb row_height_percent=\u00bb0&#8243; override_padding=\u00bbyes\u00bb h_padding=\u00bb2&#8243; top_padding=\u00bb1&#8243; bottom_padding=\u00bb1&#8243; overlay_alpha=\u00bb100&#8243; gutter_size=\u00bb100&#8243; column_width_percent=\u00bb100&#8243; shift_y=\u00bb0&#8243; z_index=\u00bb0&#8243; style=\u00bbinherited\u00bb el_class=\u00bbel-cel-facilities\u00bb][vc_column width=\u00bb1\/3&#8243;][vc_icon position=\u00bbleft\u00bb icon_image=\u00bb906&#8243; icon_color=\u00bbaccent\u00bb text_size=\u00bbh5&#8243; text_height=\u00bb\u00bb css_animation=\u00bbbottom-t-top\u00bb animation_delay=\u00bb200&#8243; align=\u00bbleft\u00bb no_hover=\u00bb\u00bb title=\u00bbHabitaciones individuales o dobles con ba\u00f1o adaptado\u00bb][\/vc_icon][vc_icon position=\u00bbleft\u00bb icon_image=\u00bb912&#8243; icon_color=\u00bbaccent\u00bb text_size=\u00bbh5&#8243; text_height=\u00bb\u00bb css_animation=\u00bbbottom-t-top\u00bb animation_delay=\u00bb200&#8243; align=\u00bbleft\u00bb no_hover=\u00bb\u00bb title=\u00bbConsultorio m\u00e9dico y de enfermer\u00eda\u00bb][\/vc_icon][vc_icon position=\u00bbleft\u00bb icon_image=\u00bb924&#8243; icon_color=\u00bbaccent\u00bb text_size=\u00bbh5&#8243; text_height=\u00bb\u00bb css_animation=\u00bbbottom-t-top\u00bb animation_delay=\u00bb200&#8243; align=\u00bbleft\u00bb no_hover=\u00bb\u00bb title=\u00bbSala de visitas\u00bb][\/vc_icon][vc_icon position=\u00bbleft\u00bb icon_image=\u00bb921&#8243; icon_color=\u00bbaccent\u00bb text_size=\u00bbh5&#8243; text_height=\u00bb\u00bb css_animation=\u00bbbottom-t-top\u00bb animation_delay=\u00bb200&#8243; align=\u00bbleft\u00bb no_hover=\u00bb\u00bb title=\u00bbSala de fisioterapia\u00bb][\/vc_icon][\/vc_column][vc_column width=\u00bb1\/3&#8243;][vc_icon position=\u00bbleft\u00bb icon_image=\u00bb909&#8243; icon_color=\u00bbaccent\u00bb text_size=\u00bbh5&#8243; text_height=\u00bb\u00bb css_animation=\u00bbbottom-t-top\u00bb animation_delay=\u00bb200&#8243; align=\u00bbleft\u00bb no_hover=\u00bb\u00bb title=\u00bbSistema de climatizaci\u00f3n y renovaci\u00f3n de aire\u00bb][\/vc_icon][vc_icon position=\u00bbleft\u00bb icon_image=\u00bb915&#8243; icon_color=\u00bbaccent\u00bb text_size=\u00bbh5&#8243; text_height=\u00bb\u00bb css_animation=\u00bbbottom-t-top\u00bb animation_delay=\u00bb200&#8243; align=\u00bbleft\u00bb no_hover=\u00bb\u00bb title=\u00bbCocina propia\u00bb][\/vc_icon][vc_icon position=\u00bbleft\u00bb icon=\u00bbfa fa-sun-o\u00bb icon_color=\u00bbcolor-blue\u00bb size=\u00bbfa-3x\u00bb text_size=\u00bbh5&#8243; text_height=\u00bb\u00bb css_animation=\u00bbbottom-t-top\u00bb animation_delay=\u00bb200&#8243; align=\u00bbleft\u00bb no_hover=\u00bb\u00bb title=\u00bbTerraza exterior\u00bb][\/vc_icon][vc_icon position=\u00bbleft\u00bb icon_image=\u00bb927&#8243; icon_color=\u00bbaccent\u00bb text_size=\u00bbh5&#8243; text_height=\u00bb\u00bb css_animation=\u00bbbottom-t-top\u00bb animation_delay=\u00bb200&#8243; align=\u00bbleft\u00bb no_hover=\u00bb\u00bb title=\u00bbPeluquer\u00eda\u00bb][\/vc_icon][\/vc_column][vc_column width=\u00bb1\/3&#8243;][vc_icon position=\u00bbleft\u00bb icon_image=\u00bb933&#8243; icon_color=\u00bbaccent\u00bb text_size=\u00bbh5&#8243; text_height=\u00bb\u00bb css_animation=\u00bbbottom-t-top\u00bb animation_delay=\u00bb200&#8243; align=\u00bbleft\u00bb no_hover=\u00bb\u00bb title=\u00bbRecepci\u00f3n y punto de atenci\u00f3n al residente y familiares\u00bb][\/vc_icon][vc_icon position=\u00bbleft\u00bb icon_image=\u00bb930&#8243; icon_color=\u00bbaccent\u00bb text_size=\u00bbh5&#8243; text_height=\u00bb\u00bb css_animation=\u00bbbottom-t-top\u00bb animation_delay=\u00bb200&#8243; align=\u00bbleft\u00bb no_hover=\u00bb\u00bb title=\u00bbSalones sociales adaptado para realizar actividades\u00bb][\/vc_icon][vc_icon position=\u00bbleft\u00bb icon=\u00bbfa fa-podcast\u00bb icon_color=\u00bbcolor-blue\u00bb size=\u00bbfa-2x\u00bb text_size=\u00bbh5&#8243; css_animation=\u00bbbottom-t-top\u00bb animation_delay=\u00bb200&#8243; align=\u00bbleft\u00bb no_hover=\u00bb\u00bb title=\u00bbSala Multisensorial \u201cSnoezelen\u201d\u00bb][\/vc_icon][vc_icon position=\u00bbleft\u00bb icon_image=\u00bb918&#8243; icon_color=\u00bbaccent\u00bb text_size=\u00bbh5&#8243; text_height=\u00bb\u00bb css_animation=\u00bbbottom-t-top\u00bb animation_delay=\u00bb200&#8243; align=\u00bbleft\u00bb no_hover=\u00bb\u00bb title=\u00bbLavander\u00eda\u00bb][\/vc_icon][\/vc_column][\/vc_row][vc_row unlock_row_content=\u00bbyes\u00bb row_height_percent=\u00bb0&#8243; override_padding=\u00bbyes\u00bb h_padding=\u00bb4&#8243; top_padding=\u00bb4&#8243; bottom_padding=\u00bb0&#8243; overlay_alpha=\u00bb100&#8243; gutter_size=\u00bb100&#8243; column_width_percent=\u00bb100&#8243; shift_y=\u00bb0&#8243; z_index=\u00bb0&#8243; style=\u00bbinherited\u00bb][vc_column width=\u00bb1\/1&#8243;][vc_separator sep_color=\u00bb,Default\u00bb][\/vc_column][\/vc_row][vc_row row_height_percent=\u00bb0&#8243; override_padding=\u00bbyes\u00bb h_padding=\u00bb2&#8243; top_padding=\u00bb3&#8243; bottom_padding=\u00bb3&#8243; overlay_alpha=\u00bb100&#8243; gutter_size=\u00bb100&#8243; column_width_percent=\u00bb100&#8243; shift_y=\u00bb0&#8243; z_index=\u00bb0&#8243; style=\u00bbinherited\u00bb row_height_pixel=\u00bbel-cel-header\u00bb el_class=\u00bbel-cel-header\u00bb][vc_column column_width_percent=\u00bb100&#8243; position_vertical=\u00bbmiddle\u00bb align_horizontal=\u00bbalign_center\u00bb gutter_size=\u00bb3&#8243; overlay_alpha=\u00bb100&#8243; shift_x=\u00bb0&#8243; shift_y=\u00bb0&#8243; shift_y_down=\u00bb0&#8243; z_index=\u00bb0&#8243; medium_width=\u00bb0&#8243; mobile_width=\u00bb0&#8243; zoom_width=\u00bb0&#8243; zoom_height=\u00bb0&#8243; width=\u00bb1\/1&#8243;][vc_custom_heading text_font=\u00bbfont-177627&#8243; text_size=\u00bbh1&#8243; text_height=\u00bb\u00bb separator=\u00bbyes\u00bb separator_color=\u00bbyes\u00bb sub_lead=\u00bbyes\u00bb sub_reduced=\u00bbyes\u00bb text_align=\u00bbtext-center\u00bb]Ubicaci\u00f3n y horarios[\/vc_custom_heading][\/vc_column][\/vc_row][vc_row unlock_row=\u00bb\u00bb row_height_percent=\u00bb0&#8243; override_padding=\u00bbyes\u00bb h_padding=\u00bb2&#8243; top_padding=\u00bb0&#8243; bottom_padding=\u00bb3&#8243; overlay_alpha=\u00bb100&#8243; equal_height=\u00bbyes\u00bb gutter_size=\u00bb2&#8243; column_width_percent=\u00bb100&#8243; shift_y=\u00bb0&#8243; z_index=\u00bb0&#8243; style=\u00bbinherited\u00bb el_class=\u00bbel-cel-header\u00bb][vc_column column_width_percent=\u00bb100&#8243; position_horizontal=\u00bbleft\u00bb gutter_size=\u00bb3&#8243; back_color=\u00bbcolor-xsdn\u00bb overlay_alpha=\u00bb100&#8243; shift_x=\u00bb0&#8243; shift_y=\u00bb0&#8243; shift_y_down=\u00bb0&#8243; z_index=\u00bb0&#8243; medium_width=\u00bb0&#8243; mobile_width=\u00bb0&#8243; css_animation=\u00bbzoom-in\u00bb radius=\u00bbxs\u00bb shadow=\u00bbsm\u00bb zoom_width=\u00bb0&#8243; zoom_height=\u00bb0&#8243; width=\u00bb1\/2&#8243;][vc_custom_heading text_color=\u00bbcolor-prif\u00bb heading_semantic=\u00bbp\u00bb text_font=\u00bbfont-177627&#8243; text_size=\u00bbh5&#8243; text_weight=\u00bb700&#8243; text_height=\u00bb\u00bb separator=\u00bbyes\u00bb separator_color=\u00bbyes\u00bb]Horarios[\/vc_custom_heading][uncode_list icon=\u00bbfa fa-clock2&#8243; icon_color=\u00bbcolor-nhtu\u00bb]<\/p>\n<ul>\n<li>Ofrecemos nuestros servicios a nivel residencial las 24 horas del d\u00eda y 365 d\u00edas al a\u00f1o.<\/li>\n<li>El servicio de centro de d\u00eda se ofrece entre las 8h y las 20h, de lunes a domingo.<\/li>\n<li>El horario de visitas para los familiares es de 10 a 20 horas. Por motivos de organizaci\u00f3n del servicio, entre las 13:30 y las 15:30 el acceso al comedor est\u00e1 limitado a usuarios del servicio.<\/li>\n<li>El Servicio de atenci\u00f3n a domicilio en caso de urgencia se puede dar de alta en menos de 24h y se adapta a las necesidades del usuario.<\/li>\n<\/ul>\n<p>[\/uncode_list][\/vc_column][vc_column column_width_percent=\u00bb100&#8243; position_horizontal=\u00bbleft\u00bb gutter_size=\u00bb3&#8243; back_color=\u00bbcolor-xsdn\u00bb overlay_alpha=\u00bb100&#8243; shift_x=\u00bb0&#8243; shift_y=\u00bb0&#8243; shift_y_down=\u00bb0&#8243; z_index=\u00bb0&#8243; medium_width=\u00bb0&#8243; mobile_width=\u00bb0&#8243; css_animation=\u00bbzoom-in\u00bb animation_delay=\u00bb200&#8243; shadow=\u00bbsm\u00bb zoom_width=\u00bb0&#8243; zoom_height=\u00bb0&#8243; width=\u00bb1\/2&#8243;][vc_custom_heading text_color=\u00bbcolor-prif\u00bb heading_semantic=\u00bbp\u00bb text_font=\u00bbfont-177627&#8243; text_size=\u00bbh5&#8243; text_weight=\u00bb700&#8243; text_height=\u00bb\u00bb separator=\u00bbyes\u00bb separator_color=\u00bbyes\u00bb]C\u00f3mo llegar[\/vc_custom_heading][uncode_list icon=\u00bbfa fa-location2&#8243; icon_color=\u00bbcolor-nhtu\u00bb]<\/p>\n<ul>\n<li><strong>En coche desde Sant Cugat:<\/strong> Direcci\u00f3n Carretera de Rub\u00ed, todo recto hacia la avenida del Estatuto. Una vez pasado el parque de Can Oriol a mano izquierda.<\/li>\n<li><strong>En coche desde Terrassa:<\/strong> En la rotonda de entrada a Rub\u00ed direcci\u00f3n Carretera de Rub\u00ed, todo recto, justo antes del parque de Can Oriol a mano derecha.<\/li>\n<li><strong>En transporte p\u00fablico:<\/strong>\u00a0autobuses urbanos l\u00edneas 2, 4 y 5 (ver recorridos a <a href=\"http:\/\/www.rubibus.com\">http:\/\/www.rubibus.com<\/a>).<\/li>\n<\/ul>\n<p>[\/uncode_list][\/vc_column][\/vc_row][vc_row unlock_row_content=\u00bbyes\u00bb row_height_percent=\u00bb55&#8243; override_padding=\u00bbyes\u00bb h_padding=\u00bb0&#8243; top_padding=\u00bb2&#8243; bottom_padding=\u00bb0&#8243; overlay_alpha=\u00bb50&#8243; equal_height=\u00bbyes\u00bb gutter_size=\u00bb0&#8243; column_width_percent=\u00bb100&#8243; shift_y=\u00bb0&#8243; z_index=\u00bb0&#8243;][vc_column column_width_percent=\u00bb100&#8243; position_vertical=\u00bbmiddle\u00bb align_horizontal=\u00bbalign_center\u00bb gutter_size=\u00bb3&#8243; override_padding=\u00bbyes\u00bb column_padding=\u00bb4&#8243; style=\u00bbdark\u00bb font_family=\u00bbfont-177627&#8243; back_color=\u00bbcolor-blue\u00bb back_image=\u00bb604&#8243; overlay_color=\u00bbcolor-blue\u00bb overlay_alpha=\u00bb85&#8243; shift_x=\u00bb0&#8243; shift_y=\u00bb0&#8243; shift_y_down=\u00bb0&#8243; z_index=\u00bb0&#8243; medium_width=\u00bb0&#8243; mobile_width=\u00bb0&#8243; width=\u00bb1\/3&#8243; el_class=\u00bb.el-cel-seprator-white\u00bb][vc_custom_heading heading_semantic=\u00bbh3&#8243; text_size=\u00bbh1&#8243; text_height=\u00bb\u00bb separator=\u00bbyes\u00bb separator_color=\u00bbyes\u00bb]RESIDENCIA \u00abEl CEL DE RUB\u00cd\u00bb[\/vc_custom_heading][vc_column_text text_lead=\u00bbyes\u00bb]Av. de l&#8217;Estatut, 119,<br \/>\n08191 Rub\u00ed, Barcelona<br \/>\nTel: <a href=\"tel:\/\/935 88 20 24\">935 88 20 24<\/a>[\/vc_column_text][\/vc_column][vc_column column_width_percent=\u00bb100&#8243; gutter_size=\u00bb3&#8243; override_padding=\u00bbyes\u00bb column_padding=\u00bb0&#8243; style=\u00bbdark\u00bb font_family=\u00bbfont-762333&#8243; back_color=\u00bbcolor-rgdb\u00bb overlay_alpha=\u00bb50&#8243; shift_x=\u00bb0&#8243; shift_y=\u00bb0&#8243; shift_y_down=\u00bb0&#8243; z_index=\u00bb0&#8243; medium_width=\u00bb0&#8243; mobile_width=\u00bb0&#8243; width=\u00bb2\/3&#8243; mobile_height=\u00bb360&#8243; uncode_shortcode_id=\u00bb202793&#8243; back_color_type=\u00bbuncode-palette\u00bb][vc_gmaps latlon=\u00bb41.4944912,2.0361578&#8243; size=\u00bb\u00bb map_color=\u00bbaccent\u00bb ui_color=\u00bbcolor-wayh\u00bb zoom=\u00bb13&#8243; map_saturation=\u00bb-100&#8243; map_brightness=\u00bb0&#8243; mobile_no_drag=\u00bbyes\u00bb uncode_shortcode_id=\u00bb156544&#8243; map_color_type=\u00bbuncode-palette\u00bb ui_color_type=\u00bbuncode-palette\u00bb][\/vc_column][\/vc_row][vc_row row_height_percent=\u00bb0&#8243; override_padding=\u00bbyes\u00bb h_padding=\u00bb2&#8243; top_padding=\u00bb4&#8243; bottom_padding=\u00bb3&#8243; overlay_alpha=\u00bb100&#8243; gutter_size=\u00bb100&#8243; column_width_percent=\u00bb100&#8243; shift_y=\u00bb0&#8243; z_index=\u00bb0&#8243; style=\u00bbinherited\u00bb row_height_pixel=\u00bbel-cel-header\u00bb el_class=\u00bbel-cel-header\u00bb][vc_column column_width_percent=\u00bb100&#8243; position_vertical=\u00bbmiddle\u00bb align_horizontal=\u00bbalign_center\u00bb gutter_size=\u00bb3&#8243; overlay_alpha=\u00bb100&#8243; shift_x=\u00bb0&#8243; shift_y=\u00bb0&#8243; shift_y_down=\u00bb0&#8243; z_index=\u00bb0&#8243; medium_width=\u00bb0&#8243; mobile_width=\u00bb0&#8243; zoom_width=\u00bb0&#8243; zoom_height=\u00bb0&#8243; width=\u00bb1\/1&#8243;][vc_custom_heading text_font=\u00bbfont-177627&#8243; text_size=\u00bbh1&#8243; text_height=\u00bb\u00bb separator=\u00bbyes\u00bb separator_color=\u00bbyes\u00bb sub_lead=\u00bbyes\u00bb sub_reduced=\u00bbyes\u00bb text_align=\u00bbtext-center\u00bb subheading=\u00bbLa Residencia y centro de d\u00eda El cel de Rub\u00ed es un centro colaborador con la Generalitat de Catalu\u00f1a. Disponemos de 17 plazas en r\u00e9gimen de colaboraci\u00f3n a las que pueden acceder aquellos usuarios que tengan tramitada la Ley de dependencia. Por otra parte tambi\u00e9n acoge usuarios en r\u00e9gimen privado que cumplan los requisitos necesarios para recibir una prestaci\u00f3n vinculada a residencia.<\/p>\n<p>Aquellos usuarios que no tengan tramitado ninguna ayuda podr\u00e1n pedir orientaci\u00f3n a la trabajadora social del centro que les informar\u00e1 de las subvenciones disponibles y los asesorar\u00e1 en los tr\u00e1mites a realizar.\u00bb]M\u00e1s informaci\u00f3n y ayuda[\/vc_custom_heading][vc_button button_color=\u00bbcolor-blue\u00bb radius=\u00bbbtn-round\u00bb hover_fx=\u00bboutlined\u00bb shadow=\u00bbyes\u00bb custom_typo=\u00bbyes\u00bb font_family=\u00bbfont-177627&#8243; font_weight=\u00bb700&#8243; text_transform=\u00bbuppercase\u00bb border_width=\u00bb0&#8243; css_animation=\u00bbzoom-in\u00bb link=\u00bburl:https%3A%2F%2Frubisocial.bcnapps.es%2Fes%2Fcontacto%2F|title:contacte||\u00bb]Solicitar m\u00e1s informaci\u00f3n[\/vc_button][\/vc_column][\/vc_row][vc_row unlock_row_content=\u00bbyes\u00bb row_height_percent=\u00bb0&#8243; override_padding=\u00bbyes\u00bb h_padding=\u00bb0&#8243; top_padding=\u00bb2&#8243; bottom_padding=\u00bb2&#8243; overlay_alpha=\u00bb50&#8243; gutter_size=\u00bb3&#8243; column_width_percent=\u00bb100&#8243; shift_y=\u00bb0&#8243; z_index=\u00bb0&#8243;][vc_column width=\u00bb1\/1&#8243;][vc_gallery el_id=\u00bbgallery-301649&#8243; type=\u00bbcarousel\u00bb medias=\u00bb957,951,959,949,60,953,955,695,888&#8243; carousel_lg=\u00bb3&#8243; carousel_md=\u00bb3&#8243; carousel_sm=\u00bb1&#8243; gutter_size=\u00bb1&#8243; carousel_interval=\u00bb3000&#8243; carousel_navspeed=\u00bb400&#8243; carousel_nav=\u00bbyes\u00bb carousel_nav_mobile=\u00bbyes\u00bb carousel_dots=\u00bbyes\u00bb stage_padding=\u00bb0&#8243; single_overlay_opacity=\u00bb50&#8243; single_padding=\u00bb2&#8243; single_title_dimension=\u00bb\u00bb single_title_height=\u00bb\u00bb][\/vc_column][\/vc_row]<\/p>\n<\/section>","protected":false},"excerpt":{"rendered":"<p>[vc_row row_height_percent=\u00bb0&#8243; override_padding=\u00bbyes\u00bb h_padding=\u00bb2&#8243; top_padding=\u00bb4&#8243; bottom_padding=\u00bb3&#8243; overlay_alpha=\u00bb100&#8243; gutter_size=\u00bb100&#8243; column_width_percent=\u00bb100&#8243; shift_y=\u00bb0&#8243; z_index=\u00bb0&#8243; style=\u00bbinherited\u00bb row_height_pixel=\u00bbel-cel-header\u00bb el_class=\u00bbel-cel-header\u00bb][vc_column column_width_percent=\u00bb100&#8243; position_vertical=\u00bbmiddle\u00bb align_horizontal=\u00bbalign_center\u00bb gutter_size=\u00bb3&#8243; overlay_alpha=\u00bb100&#8243; shift_x=\u00bb0&#8243; [&hellip;]<\/p>\n","protected":false},"author":1,"featured_media":0,"parent":0,"menu_order":0,"comment_status":"closed","ping_status":"closed","template":"","meta":{"_exactmetrics_skip_tracking":false,"_exactmetrics_sitenote_active":false,"_exactmetrics_sitenote_note":"","_exactmetrics_sitenote_category":0,"footnotes":""},"class_list":["post-1349","page","type-page","status-publish","hentry"],"_links":{"self":[{"href":"https:\/\/rubisocial.bcnapps.es\/es\/wp-json\/wp\/v2\/pages\/1349","targetHints":{"allow":["GET"]}}],"collection":[{"href":"https:\/\/rubisocial.bcnapps.es\/es\/wp-json\/wp\/v2\/pages"}],"about":[{"href":"https:\/\/rubisocial.bcnapps.es\/es\/wp-json\/wp\/v2\/types\/page"}],"author":[{"embeddable":true,"href":"https:\/\/rubisocial.bcnapps.es\/es\/wp-json\/wp\/v2\/users\/1"}],"replies":[{"embeddable":true,"href":"https:\/\/rubisocial.bcnapps.es\/es\/wp-json\/wp\/v2\/comments?post=1349"}],"version-history":[{"count":8,"href":"https:\/\/rubisocial.bcnapps.es\/es\/wp-json\/wp\/v2\/pages\/1349\/revisions"}],"predecessor-version":[{"id":1930,"href":"https:\/\/rubisocial.bcnapps.es\/es\/wp-json\/wp\/v2\/pages\/1349\/revisions\/1930"}],"wp:attachment":[{"href":"https:\/\/rubisocial.bcnapps.es\/es\/wp-json\/wp\/v2\/media?parent=1349"}],"curies":[{"name":"wp","href":"https:\/\/api.w.org\/{rel}","templated":true}]}}